{"id":60799,"date":"2024-09-09T15:30:36","date_gmt":"2024-09-09T15:30:36","guid":{"rendered":"https:\/\/www.uta.cl\/?page_id=60799"},"modified":"2025-01-28T14:12:32","modified_gmt":"2025-01-28T14:12:32","slug":"centro-educar-noticias","status":"publish","type":"page","link":"https:\/\/www.uta.cl\/index.php\/centro-educar-noticias\/","title":{"rendered":"Centro Educar &#8211; Noticias"},"content":{"rendered":"\t\t<div data-elementor-type=\"wp-post\" data-elementor-id=\"60799\" class=\"elementor elementor-60799\" data-elementor-settings=\"[]\">\n\t\t\t\t\t\t<div class=\"elementor-inner\">\n\t\t\t\t\t\t\t<div class=\"elementor-section-wrap\">\n\t\t\t\t\t\t\t<section class=\"elementor-section elementor-top-section elementor-element elementor-element-658dc92 elementor-section-full_width elementor-section-height-default elementor-section-height-default\" data-id=\"658dc92\" data-element_type=\"section\">\n\t\t\t\t\t\t<div class=\"elementor-container elementor-column-gap-default\">\n\t\t\t\t\t\t\t<div class=\"elementor-row\">\n\t\t\t\t\t<div class=\"elementor-column elementor-col-100 elementor-top-column elementor-element elementor-element-ae74f01\" data-id=\"ae74f01\" data-element_type=\"column\">\n\t\t\t<div class=\"elementor-column-wrap elementor-element-populated\">\n\t\t\t\t\t\t\t<div class=\"elementor-widget-wrap\">\n\t\t\t\t\t\t<section class=\"elementor-section elementor-inner-section elementor-element elementor-element-3ac001cc elementor-section-boxed elementor-section-height-default elementor-section-height-default\" data-id=\"3ac001cc\" data-element_type=\"section\">\n\t\t\t\t\t\t<div class=\"elementor-container elementor-column-gap-default\">\n\t\t\t\t\t\t\t<div class=\"elementor-row\">\n\t\t\t\t\t<div class=\"elementor-column elementor-col-100 elementor-inner-column elementor-element elementor-element-3d1390f9\" data-id=\"3d1390f9\" data-element_type=\"column\">\n\t\t\t<div class=\"elementor-column-wrap elementor-element-populated\">\n\t\t\t\t\t\t\t<div class=\"elementor-widget-wrap\">\n\t\t\t\t\t\t<div class=\"elementor-element elementor-element-441cb89d elementor-nav-menu__align-right elementor-nav-menu--dropdown-mobile elementor-nav-menu--stretch elementor-nav-menu__text-align-center elementor-nav-menu--indicator-classic elementor-nav-menu--toggle elementor-nav-menu--burger elementor-widget elementor-widget-nav-menu\" data-id=\"441cb89d\" data-element_type=\"widget\" data-settings=\"{&quot;full_width&quot;:&quot;stretch&quot;,&quot;layout&quot;:&quot;horizontal&quot;,&quot;toggle&quot;:&quot;burger&quot;}\" data-widget_type=\"nav-menu.default\">\n\t\t\t\t<div class=\"elementor-widget-container\">\n\t\t\t\t\t\t<nav role=\"navigation\" class=\"elementor-nav-menu--main elementor-nav-menu__container elementor-nav-menu--layout-horizontal e--pointer-background e--animation-grow\"><ul id=\"menu-1-441cb89d\" class=\"elementor-nav-menu\"><li class=\"menu-item menu-item-type-post_type menu-item-object-page menu-item-60847\"><a href=\"https:\/\/www.uta.cl\/index.php\/centro-educar\/\" class=\"elementor-item\">Inicio<\/a><\/li>\n<li class=\"menu-item menu-item-type-post_type menu-item-object-page menu-item-60846\"><a href=\"https:\/\/www.uta.cl\/index.php\/centro-educar-quienes-somos\/\" class=\"elementor-item\">Qui\u00e9nes Somos<\/a><\/li>\n<li class=\"menu-item menu-item-type-post_type menu-item-object-page menu-item-60845\"><a href=\"https:\/\/www.uta.cl\/index.php\/centro-educar-red-escolar-yatichana\/\" class=\"elementor-item\">Red Escolar Yaticha\u00f1a<\/a><\/li>\n<li class=\"menu-item menu-item-type-post_type menu-item-object-page menu-item-60844\"><a href=\"https:\/\/www.uta.cl\/index.php\/centro-educar-innovacion-e-investigacion-docente\/\" class=\"elementor-item\">Innovaci\u00f3n e Investigaci\u00f3n<\/a><\/li>\n<li class=\"menu-item menu-item-type-post_type menu-item-object-page menu-item-60842\"><a href=\"https:\/\/www.uta.cl\/index.php\/centro-educar-noticias\/\" class=\"elementor-item\">Noticias<\/a><\/li>\n<li class=\"menu-item menu-item-type-post_type menu-item-object-page menu-item-60912\"><a href=\"https:\/\/www.uta.cl\/index.php\/centro-educar-coleccion-educar\/\" class=\"elementor-item\">Colecci\u00f3n<\/a><\/li>\n<\/ul><\/nav>\n\t\t\t\t\t<div class=\"elementor-menu-toggle\" role=\"button\" tabindex=\"0\" aria-label=\"Alternar men\u00fa\" aria-expanded=\"false\">\n\t\t\t<i class=\"eicon-menu-bar\" aria-hidden=\"true\"><\/i>\n\t\t\t<span class=\"elementor-screen-only\">Men\u00fa<\/span>\n\t\t<\/div>\n\t\t\t<nav class=\"elementor-nav-menu--dropdown elementor-nav-menu__container\" role=\"navigation\" aria-hidden=\"true\"><ul id=\"menu-2-441cb89d\" class=\"elementor-nav-menu\"><li class=\"menu-item menu-item-type-post_type menu-item-object-page menu-item-60847\"><a href=\"https:\/\/www.uta.cl\/index.php\/centro-educar\/\" class=\"elementor-item\">Inicio<\/a><\/li>\n<li class=\"menu-item menu-item-type-post_type menu-item-object-page menu-item-60846\"><a href=\"https:\/\/www.uta.cl\/index.php\/centro-educar-quienes-somos\/\" class=\"elementor-item\">Qui\u00e9nes Somos<\/a><\/li>\n<li class=\"menu-item menu-item-type-post_type menu-item-object-page menu-item-60845\"><a href=\"https:\/\/www.uta.cl\/index.php\/centro-educar-red-escolar-yatichana\/\" class=\"elementor-item\">Red Escolar Yaticha\u00f1a<\/a><\/li>\n<li class=\"menu-item menu-item-type-post_type menu-item-object-page menu-item-60844\"><a href=\"https:\/\/www.uta.cl\/index.php\/centro-educar-innovacion-e-investigacion-docente\/\" class=\"elementor-item\">Innovaci\u00f3n e Investigaci\u00f3n<\/a><\/li>\n<li class=\"menu-item menu-item-type-post_type menu-item-object-page menu-item-60842\"><a href=\"https:\/\/www.uta.cl\/index.php\/centro-educar-noticias\/\" class=\"elementor-item\">Noticias<\/a><\/li>\n<li class=\"menu-item menu-item-type-post_type menu-item-object-page menu-item-60912\"><a href=\"https:\/\/www.uta.cl\/index.php\/centro-educar-coleccion-educar\/\" class=\"elementor-item\">Colecci\u00f3n<\/a><\/li>\n<\/ul><\/nav>\n\t\t\t\t<\/div>\n\t\t\t\t<\/div>\n\t\t\t\t\t\t<\/div>\n\t\t\t\t\t<\/div>\n\t\t<\/div>\n\t\t\t\t\t\t\t\t<\/div>\n\t\t\t\t\t<\/div>\n\t\t<\/section>\n\t\t\t\t<div class=\"elementor-element elementor-element-255ce96a elementor--h-position-center elementor--v-position-middle elementor-arrows-position-inside elementor-pagination-position-inside elementor-widget elementor-widget-slides\" data-id=\"255ce96a\" data-element_type=\"widget\" data-settings=\"{&quot;navigation&quot;:&quot;both&quot;,&quot;autoplay&quot;:&quot;yes&quot;,&quot;autoplay_speed&quot;:5000,&quot;infinite&quot;:&quot;yes&quot;,&quot;transition&quot;:&quot;slide&quot;,&quot;transition_speed&quot;:500}\" data-widget_type=\"slides.default\">\n\t\t\t\t<div class=\"elementor-widget-container\">\n\t\t\t\t\t<div class=\"elementor-swiper\">\n\t\t\t<div class=\"elementor-slides-wrapper elementor-main-swiper swiper-container\" dir=\"ltr\" data-animation=\"fadeInRight\">\n\t\t\t\t<div class=\"swiper-wrapper elementor-slides\">\n\t\t\t\t\t<div class=\"elementor-repeater-item-2673023 swiper-slide\"><div class=\"swiper-slide-bg elementor-ken-burns elementor-ken-burns--out\"><\/div><div class=\"elementor-background-overlay\"><\/div><div class=\"swiper-slide-inner\" ><div class=\"swiper-slide-contents\"><\/div><\/div><\/div>\t\t\t\t<\/div>\n\t\t\t\t\t\t\t<\/div>\n\t\t<\/div>\n\t\t\t\t<\/div>\n\t\t\t\t<\/div>\n\t\t\t\t\t\t<\/div>\n\t\t\t\t\t<\/div>\n\t\t<\/div>\n\t\t\t\t\t\t\t\t<\/div>\n\t\t\t\t\t<\/div>\n\t\t<\/section>\n\t\t\t\t<section class=\"elementor-section elementor-top-section elementor-element elementor-element-1973a89 elementor-section-boxed elementor-section-height-default elementor-section-height-default\" data-id=\"1973a89\" data-element_type=\"section\" data-settings=\"{&quot;background_background&quot;:&quot;classic&quot;,&quot;background_image&quot;:{&quot;url&quot;:&quot;&quot;,&quot;id&quot;:&quot;&quot;},&quot;background_image_tablet&quot;:{&quot;url&quot;:&quot;&quot;,&quot;id&quot;:&quot;&quot;},&quot;background_image_mobile&quot;:{&quot;url&quot;:&quot;&quot;,&quot;id&quot;:&quot;&quot;}}\">\n\t\t\t\t\t\t<div class=\"elementor-container elementor-column-gap-default\">\n\t\t\t\t\t\t\t<div class=\"elementor-row\">\n\t\t\t\t\t<div class=\"elementor-column elementor-col-100 elementor-top-column elementor-element elementor-element-e83c4de\" data-id=\"e83c4de\" data-element_type=\"column\">\n\t\t\t<div class=\"elementor-column-wrap elementor-element-populated\">\n\t\t\t\t\t\t\t<div class=\"elementor-widget-wrap\">\n\t\t\t\t\t\t<div class=\"elementor-element elementor-element-9f2b5f6 elementor-widget elementor-widget-heading\" data-id=\"9f2b5f6\" data-element_type=\"widget\" data-widget_type=\"heading.default\">\n\t\t\t\t<div class=\"elementor-widget-container\">\n\t\t\t<h2 class=\"elementor-heading-title elementor-size-default\">Noticias Centro Educar<\/h2>\t\t<\/div>\n\t\t\t\t<\/div>\n\t\t\t\t<div class=\"elementor-element elementor-element-1fb8191 elementor-widget-divider--view-line elementor-widget elementor-widget-divider\" data-id=\"1fb8191\" data-element_type=\"widget\" data-widget_type=\"divider.default\">\n\t\t\t\t<div class=\"elementor-widget-container\">\n\t\t\t\t\t<div class=\"elementor-divider\">\n\t\t\t<span class=\"elementor-divider-separator\">\n\t\t\t\t\t\t<\/span>\n\t\t<\/div>\n\t\t\t\t<\/div>\n\t\t\t\t<\/div>\n\t\t\t\t<section class=\"elementor-section elementor-inner-section elementor-element elementor-element-243924f elementor-section-boxed elementor-section-height-default elementor-section-height-default\" data-id=\"243924f\" data-element_type=\"section\">\n\t\t\t\t\t\t<div class=\"elementor-container elementor-column-gap-default\">\n\t\t\t\t\t\t\t<div class=\"elementor-row\">\n\t\t\t\t\t<div class=\"elementor-column elementor-col-100 elementor-inner-column elementor-element elementor-element-981a45d\" data-id=\"981a45d\" data-element_type=\"column\">\n\t\t\t<div class=\"elementor-column-wrap elementor-element-populated\">\n\t\t\t\t\t\t\t<div class=\"elementor-widget-wrap\">\n\t\t\t\t\t\t<div class=\"elementor-element elementor-element-a76786d elementor-widget elementor-widget-text-editor\" data-id=\"a76786d\" data-element_type=\"widget\" data-widget_type=\"text-editor.default\">\n\t\t\t\t<div class=\"elementor-widget-container\">\n\t\t\t\t\t<div class=\"elementor-text-editor elementor-clearfix\"><p>En esta secci\u00f3n se encuentran las actividades realizadas por el Centro EDUCAR para el perfeccionamiento docente en la regi\u00f3n de Arica y Parinacota. Aqu\u00ed se recopilan las iniciativas y eventos dise\u00f1ados para apoyar a los educadores en su desarrollo profesional, como talleres, capacitaciones, charlas y colaboraciones con instituciones destacadas a nivel nacional e internacional.<br \/><br \/>El compromiso del Centro Educar es seguir promoviendo la calidad educativa a trav\u00e9s de la formaci\u00f3n continua y el fortalecimiento de las competencias pedag\u00f3gicas y de investigaci\u00f3n de los docentes, con el objetivo de mejorar la ense\u00f1anza y aprendizaje en nuestra regi\u00f3n.<\/p><\/div>\n\t\t\t\t<\/div>\n\t\t\t\t<\/div>\n\t\t\t\t\t\t<\/div>\n\t\t\t\t\t<\/div>\n\t\t<\/div>\n\t\t\t\t\t\t\t\t<\/div>\n\t\t\t\t\t<\/div>\n\t\t<\/section>\n\t\t\t\t<section class=\"elementor-section elementor-inner-section elementor-element elementor-element-9dc3497 elementor-section-boxed elementor-section-height-default elementor-section-height-default\" data-id=\"9dc3497\" data-element_type=\"section\">\n\t\t\t\t\t\t\t<div class=\"elementor-background-overlay\"><\/div>\n\t\t\t\t\t\t\t<div class=\"elementor-container elementor-column-gap-default\">\n\t\t\t\t\t\t\t<div class=\"elementor-row\">\n\t\t\t\t\t<div class=\"elementor-column elementor-col-100 elementor-inner-column elementor-element elementor-element-fed3da9\" data-id=\"fed3da9\" data-element_type=\"column\">\n\t\t\t<div class=\"elementor-column-wrap elementor-element-populated\">\n\t\t\t\t\t\t\t<div class=\"elementor-widget-wrap\">\n\t\t\t\t\t\t<div class=\"elementor-element elementor-element-98968e1 elementor-position-left elementor-vertical-align-top elementor-widget elementor-widget-image-box\" data-id=\"98968e1\" data-element_type=\"widget\" data-widget_type=\"image-box.default\">\n\t\t\t\t<div class=\"elementor-widget-container\">\n\t\t\t<div class=\"elementor-image-box-wrapper\"><figure class=\"elementor-image-box-img\"><a href=\"https:\/\/www.uta.cl\/index.php\/centro-educar-semillero-de-investigacion\/\"><img width=\"768\" height=\"270\" src=\"https:\/\/www.uta.cl\/wp-content\/uploads\/2024\/09\/Fotografia-n\u00b04.-Semillero-de-investigacion-2-corte-1080x380-1-768x270.jpg\" class=\"attachment-medium_large size-medium_large\" alt=\"\" loading=\"lazy\" srcset=\"https:\/\/www.uta.cl\/wp-content\/uploads\/2024\/09\/Fotografia-n\u00b04.-Semillero-de-investigacion-2-corte-1080x380-1-768x270.jpg 768w, https:\/\/www.uta.cl\/wp-content\/uploads\/2024\/09\/Fotografia-n\u00b04.-Semillero-de-investigacion-2-corte-1080x380-1-300x106.jpg 300w, https:\/\/www.uta.cl\/wp-content\/uploads\/2024\/09\/Fotografia-n\u00b04.-Semillero-de-investigacion-2-corte-1080x380-1-1024x360.jpg 1024w, https:\/\/www.uta.cl\/wp-content\/uploads\/2024\/09\/Fotografia-n\u00b04.-Semillero-de-investigacion-2-corte-1080x380-1.jpg 1080w\" sizes=\"(max-width: 768px) 100vw, 768px\" \/><\/a><\/figure><div class=\"elementor-image-box-content\"><h3 class=\"elementor-image-box-title\"><a href=\"https:\/\/www.uta.cl\/index.php\/centro-educar-semillero-de-investigacion\/\">Semillero de investigaci\u00f3n<\/a><\/h3><p class=\"elementor-image-box-description\">Los semilleros de investigaci\u00f3n en la Universidad de Tarapac\u00e1, fueron espacios dise\u00f1ados para fomentar la investigaci\u00f3n y el desarrollo de competencias cient\u00edficas entre estudiantes y acad\u00e9micos. A trav\u00e9s de proyectos colaborativos, como el Programa de Investigaci\u00f3n UTA-Escuela y un semillero abierto a todos los estudiantes de pregrado, se promovi\u00f3 el pensamiento cr\u00edtico y la generaci\u00f3n de conocimiento en diversas \u00e1reas. <br>\n\nAdem\u00e1s, la UTA forma parte de la Red Universitaria Estatal de Formaci\u00f3n Inicial Pedag\u00f3gica (RUEFIP), lo que permiti\u00f3 a los estudiantes participar en encuentros acad\u00e9micos regionales, fortaleciendo as\u00ed su formaci\u00f3n investigativa.<\/p><\/div><\/div>\t\t<\/div>\n\t\t\t\t<\/div>\n\t\t\t\t\t\t<\/div>\n\t\t\t\t\t<\/div>\n\t\t<\/div>\n\t\t\t\t\t\t\t\t<\/div>\n\t\t\t\t\t<\/div>\n\t\t<\/section>\n\t\t\t\t<div class=\"elementor-element elementor-element-4b3369b elementor-widget elementor-widget-heading\" data-id=\"4b3369b\" data-element_type=\"widget\" data-widget_type=\"heading.default\">\n\t\t\t\t<div class=\"elementor-widget-container\">\n\t\t\t<h2 class=\"elementor-heading-title elementor-size-default\">Actividades 2020<\/h2>\t\t<\/div>\n\t\t\t\t<\/div>\n\t\t\t\t<section class=\"elementor-section elementor-inner-section elementor-element elementor-element-bdf8671 elementor-section-boxed elementor-section-height-default elementor-section-height-default\" data-id=\"bdf8671\" data-element_type=\"section\">\n\t\t\t\t\t\t\t<div class=\"elementor-background-overlay\"><\/div>\n\t\t\t\t\t\t\t<div class=\"elementor-container elementor-column-gap-default\">\n\t\t\t\t\t\t\t<div class=\"elementor-row\">\n\t\t\t\t\t<div class=\"elementor-column elementor-col-50 elementor-inner-column elementor-element elementor-element-083f8ea\" data-id=\"083f8ea\" data-element_type=\"column\">\n\t\t\t<div class=\"elementor-column-wrap elementor-element-populated\">\n\t\t\t\t\t\t\t<div class=\"elementor-widget-wrap\">\n\t\t\t\t\t\t<div class=\"elementor-element elementor-element-40bff5e elementor-position-left elementor-vertical-align-top elementor-widget elementor-widget-image-box\" data-id=\"40bff5e\" data-element_type=\"widget\" data-widget_type=\"image-box.default\">\n\t\t\t\t<div class=\"elementor-widget-container\">\n\t\t\t<div class=\"elementor-image-box-wrapper\"><figure class=\"elementor-image-box-img\"><img width=\"768\" height=\"1157\" src=\"https:\/\/www.uta.cl\/wp-content\/uploads\/2024\/09\/1-14.01.-768x1157.png\" class=\"attachment-medium_large size-medium_large\" alt=\"\" loading=\"lazy\" srcset=\"https:\/\/www.uta.cl\/wp-content\/uploads\/2024\/09\/1-14.01.-768x1157.png 768w, https:\/\/www.uta.cl\/wp-content\/uploads\/2024\/09\/1-14.01.-199x300.png 199w, https:\/\/www.uta.cl\/wp-content\/uploads\/2024\/09\/1-14.01.-680x1024.png 680w, https:\/\/www.uta.cl\/wp-content\/uploads\/2024\/09\/1-14.01.-1020x1536.png 1020w, https:\/\/www.uta.cl\/wp-content\/uploads\/2024\/09\/1-14.01.-1360x2048.png 1360w\" sizes=\"(max-width: 768px) 100vw, 768px\" \/><\/figure><div class=\"elementor-image-box-content\"><h3 class=\"elementor-image-box-title\">Taller \u201cTransici\u00f3n a la Educaci\u00f3n Superior: Potenciando el rol de las comunidades escolares\u201d<\/h3><p class=\"elementor-image-box-description\">El N\u00facleo Milenio de Educaci\u00f3n Superior (NMEDSUP) de la Pontificia Universidad Cat\u00f3lica de Chile, junto al apoyo del Centro EDUCAR de la Universidad de Tarapac\u00e1, realizaron el Taller \u201cTransici\u00f3n a la Educaci\u00f3n Superior: Potenciando el rol de las comunidades escolares\u201d, dirigido a docentes, orientadores y miembros de las comunidades escolares.\n\n<\/p><\/div><\/div>\t\t<\/div>\n\t\t\t\t<\/div>\n\t\t\t\t\t\t<\/div>\n\t\t\t\t\t<\/div>\n\t\t<\/div>\n\t\t\t\t<div class=\"elementor-column elementor-col-50 elementor-inner-column elementor-element elementor-element-ae05a5c\" data-id=\"ae05a5c\" data-element_type=\"column\">\n\t\t\t<div class=\"elementor-column-wrap elementor-element-populated\">\n\t\t\t\t\t\t\t<div class=\"elementor-widget-wrap\">\n\t\t\t\t\t\t<div class=\"elementor-element elementor-element-05dd3bd elementor-position-left elementor-vertical-align-top elementor-widget elementor-widget-image-box\" data-id=\"05dd3bd\" data-element_type=\"widget\" data-widget_type=\"image-box.default\">\n\t\t\t\t<div class=\"elementor-widget-container\">\n\t\t\t<div class=\"elementor-image-box-wrapper\"><figure class=\"elementor-image-box-img\"><img width=\"768\" height=\"1037\" src=\"https:\/\/www.uta.cl\/wp-content\/uploads\/2024\/09\/2-28.01.-768x1037.jpg\" class=\"attachment-medium_large size-medium_large\" alt=\"\" loading=\"lazy\" srcset=\"https:\/\/www.uta.cl\/wp-content\/uploads\/2024\/09\/2-28.01.-768x1037.jpg 768w, https:\/\/www.uta.cl\/wp-content\/uploads\/2024\/09\/2-28.01.-222x300.jpg 222w, https:\/\/www.uta.cl\/wp-content\/uploads\/2024\/09\/2-28.01.-758x1024.jpg 758w, https:\/\/www.uta.cl\/wp-content\/uploads\/2024\/09\/2-28.01.-1137x1536.jpg 1137w, https:\/\/www.uta.cl\/wp-content\/uploads\/2024\/09\/2-28.01.-1517x2048.jpg 1517w, https:\/\/www.uta.cl\/wp-content\/uploads\/2024\/09\/2-28.01..jpg 1587w\" sizes=\"(max-width: 768px) 100vw, 768px\" \/><\/figure><div class=\"elementor-image-box-content\"><h3 class=\"elementor-image-box-title\">Curso de perfeccionamiento \u201cPlataforma educativa e-Learn\u201d<\/h3><p class=\"elementor-image-box-description\">El Coordinador del \u00c1rea de Recursos Pedag\u00f3gicos y TICs de la Universidad de Tarapac\u00e1, Mg. Mario Due\u00f1as Zorrilla, imparti\u00f3 el curso \u201cPlataforma educativa e-Learn\u201d, dirigido a acad\u00e9micos, docentes y profesionales de la Facultad de Ciencias y Facultad de Educaci\u00f3n y Humanidades.\n\n<\/p><\/div><\/div>\t\t<\/div>\n\t\t\t\t<\/div>\n\t\t\t\t\t\t<\/div>\n\t\t\t\t\t<\/div>\n\t\t<\/div>\n\t\t\t\t\t\t\t\t<\/div>\n\t\t\t\t\t<\/div>\n\t\t<\/section>\n\t\t\t\t<section class=\"elementor-section elementor-inner-section elementor-element elementor-element-670952e elementor-section-boxed elementor-section-height-default elementor-section-height-default\" data-id=\"670952e\" data-element_type=\"section\">\n\t\t\t\t\t\t\t<div class=\"elementor-background-overlay\"><\/div>\n\t\t\t\t\t\t\t<div class=\"elementor-container elementor-column-gap-default\">\n\t\t\t\t\t\t\t<div class=\"elementor-row\">\n\t\t\t\t\t<div class=\"elementor-column elementor-col-50 elementor-inner-column elementor-element elementor-element-f22b45b\" data-id=\"f22b45b\" data-element_type=\"column\">\n\t\t\t<div class=\"elementor-column-wrap elementor-element-populated\">\n\t\t\t\t\t\t\t<div class=\"elementor-widget-wrap\">\n\t\t\t\t\t\t<div class=\"elementor-element elementor-element-c24ec6a elementor-position-left elementor-vertical-align-top elementor-widget elementor-widget-image-box\" data-id=\"c24ec6a\" data-element_type=\"widget\" data-widget_type=\"image-box.default\">\n\t\t\t\t<div class=\"elementor-widget-container\">\n\t\t\t<div class=\"elementor-image-box-wrapper\"><figure class=\"elementor-image-box-img\"><img width=\"768\" height=\"1086\" src=\"https:\/\/www.uta.cl\/wp-content\/uploads\/2024\/09\/3-04.03.-768x1086.jpg\" class=\"attachment-medium_large size-medium_large\" alt=\"\" loading=\"lazy\" srcset=\"https:\/\/www.uta.cl\/wp-content\/uploads\/2024\/09\/3-04.03.-768x1086.jpg 768w, https:\/\/www.uta.cl\/wp-content\/uploads\/2024\/09\/3-04.03.-212x300.jpg 212w, https:\/\/www.uta.cl\/wp-content\/uploads\/2024\/09\/3-04.03.-724x1024.jpg 724w, https:\/\/www.uta.cl\/wp-content\/uploads\/2024\/09\/3-04.03.-1086x1536.jpg 1086w, https:\/\/www.uta.cl\/wp-content\/uploads\/2024\/09\/3-04.03.-1448x2048.jpg 1448w, https:\/\/www.uta.cl\/wp-content\/uploads\/2024\/09\/3-04.03..jpg 1587w\" sizes=\"(max-width: 768px) 100vw, 768px\" \/><\/figure><div class=\"elementor-image-box-content\"><h3 class=\"elementor-image-box-title\">Taller \u201cEvaluaci\u00f3n conceptual: desaf\u00edos para la labor docente\u201d<\/h3><p class=\"elementor-image-box-description\">El acad\u00e9mico de la Universidad del B\u00edo-B\u00edo, Dr. Pedro Sandoval Rubilar, dict\u00f3 el taller de capacitaci\u00f3n titulado \u201cEvaluaci\u00f3n conceptual: desaf\u00edos para la labor docente\u201d, dirigido a acad\u00e9micos de la Universidad de Tarapac\u00e1 y a docentes de la red escolar regional.\n\n<\/p><\/div><\/div>\t\t<\/div>\n\t\t\t\t<\/div>\n\t\t\t\t\t\t<\/div>\n\t\t\t\t\t<\/div>\n\t\t<\/div>\n\t\t\t\t<div class=\"elementor-column elementor-col-50 elementor-inner-column elementor-element elementor-element-a143e52\" data-id=\"a143e52\" data-element_type=\"column\">\n\t\t\t<div class=\"elementor-column-wrap elementor-element-populated\">\n\t\t\t\t\t\t\t<div class=\"elementor-widget-wrap\">\n\t\t\t\t\t\t<div class=\"elementor-element elementor-element-db8fc37 elementor-position-left elementor-vertical-align-top elementor-widget elementor-widget-image-box\" data-id=\"db8fc37\" data-element_type=\"widget\" data-widget_type=\"image-box.default\">\n\t\t\t\t<div class=\"elementor-widget-container\">\n\t\t\t<div class=\"elementor-image-box-wrapper\"><figure class=\"elementor-image-box-img\"><img width=\"768\" height=\"1076\" src=\"https:\/\/www.uta.cl\/wp-content\/uploads\/2024\/09\/4-07.08.-768x1076.png\" class=\"attachment-medium_large size-medium_large\" alt=\"\" loading=\"lazy\" srcset=\"https:\/\/www.uta.cl\/wp-content\/uploads\/2024\/09\/4-07.08.-768x1076.png 768w, https:\/\/www.uta.cl\/wp-content\/uploads\/2024\/09\/4-07.08.-214x300.png 214w, https:\/\/www.uta.cl\/wp-content\/uploads\/2024\/09\/4-07.08.-731x1024.png 731w, https:\/\/www.uta.cl\/wp-content\/uploads\/2024\/09\/4-07.08.-1097x1536.png 1097w, https:\/\/www.uta.cl\/wp-content\/uploads\/2024\/09\/4-07.08..png 1428w\" sizes=\"(max-width: 768px) 100vw, 768px\" \/><\/figure><div class=\"elementor-image-box-content\"><h3 class=\"elementor-image-box-title\">Curso \u201cCreaci\u00f3n de actividades did\u00e1cticas del patrimonio cultural regional\u201d<\/h3><p class=\"elementor-image-box-description\">El docente en Historia y especialista en patrimonio regional, Mg. Jos\u00e9 Barraza Llerena, dict\u00f3 el curso titulado \u201cCreaci\u00f3n de actividades did\u00e1cticas del patrimonio cultural regional\u201d, dirigido a estudiantes, docentes y acad\u00e9micos pertenecientes a la Facultad de Ciencias y Facultad de Educaci\u00f3n y Humanidades.\n\n<\/p><\/div><\/div>\t\t<\/div>\n\t\t\t\t<\/div>\n\t\t\t\t\t\t<\/div>\n\t\t\t\t\t<\/div>\n\t\t<\/div>\n\t\t\t\t\t\t\t\t<\/div>\n\t\t\t\t\t<\/div>\n\t\t<\/section>\n\t\t\t\t<section class=\"elementor-section elementor-inner-section elementor-element elementor-element-b97b3ff elementor-section-boxed elementor-section-height-default elementor-section-height-default\" data-id=\"b97b3ff\" data-element_type=\"section\">\n\t\t\t\t\t\t\t<div class=\"elementor-background-overlay\"><\/div>\n\t\t\t\t\t\t\t<div class=\"elementor-container elementor-column-gap-default\">\n\t\t\t\t\t\t\t<div class=\"elementor-row\">\n\t\t\t\t\t<div class=\"elementor-column elementor-col-50 elementor-inner-column elementor-element elementor-element-b137463\" data-id=\"b137463\" data-element_type=\"column\">\n\t\t\t<div class=\"elementor-column-wrap elementor-element-populated\">\n\t\t\t\t\t\t\t<div class=\"elementor-widget-wrap\">\n\t\t\t\t\t\t<div class=\"elementor-element elementor-element-7a6e2ae elementor-position-left elementor-vertical-align-top elementor-widget elementor-widget-image-box\" data-id=\"7a6e2ae\" data-element_type=\"widget\" data-widget_type=\"image-box.default\">\n\t\t\t\t<div class=\"elementor-widget-container\">\n\t\t\t<div class=\"elementor-image-box-wrapper\"><figure class=\"elementor-image-box-img\"><img width=\"768\" height=\"1127\" src=\"https:\/\/www.uta.cl\/wp-content\/uploads\/2024\/09\/4-26.06.-768x1127.jpg\" class=\"attachment-medium_large size-medium_large\" alt=\"\" loading=\"lazy\" srcset=\"https:\/\/www.uta.cl\/wp-content\/uploads\/2024\/09\/4-26.06.-768x1127.jpg 768w, https:\/\/www.uta.cl\/wp-content\/uploads\/2024\/09\/4-26.06.-204x300.jpg 204w, https:\/\/www.uta.cl\/wp-content\/uploads\/2024\/09\/4-26.06.-698x1024.jpg 698w, https:\/\/www.uta.cl\/wp-content\/uploads\/2024\/09\/4-26.06.-1047x1536.jpg 1047w, https:\/\/www.uta.cl\/wp-content\/uploads\/2024\/09\/4-26.06..jpg 1275w\" sizes=\"(max-width: 768px) 100vw, 768px\" \/><\/figure><div class=\"elementor-image-box-content\"><h3 class=\"elementor-image-box-title\">Ciclo de conversatorios \u201cReflexiones en torno al ser profesor: experiencias de la regi\u00f3n de Arica y Parinacota y regi\u00f3n de Tarapac\u00e1\u201d<\/h3><p class=\"elementor-image-box-description\">El programa Proped\u00e9utico Pedag\u00f3gico de la Universidad de Tarapac\u00e1, realiz\u00f3 el ciclo de conversatorios \u201cReflexiones en torno al ser profesor: experiencias de la regi\u00f3n de Arica y Parinacota y regi\u00f3n de Tarapac\u00e1\u201d, dirigido a estudiantes de ense\u00f1anza media, pertenecientes al programa, e interesados en estudiar una carrera de pedagog\u00eda.\n\n<\/p><\/div><\/div>\t\t<\/div>\n\t\t\t\t<\/div>\n\t\t\t\t\t\t<\/div>\n\t\t\t\t\t<\/div>\n\t\t<\/div>\n\t\t\t\t<div class=\"elementor-column elementor-col-50 elementor-inner-column elementor-element elementor-element-89bf928\" data-id=\"89bf928\" data-element_type=\"column\">\n\t\t\t<div class=\"elementor-column-wrap elementor-element-populated\">\n\t\t\t\t\t\t\t<div class=\"elementor-widget-wrap\">\n\t\t\t\t\t\t<div class=\"elementor-element elementor-element-0da7d5f elementor-position-left elementor-vertical-align-top elementor-widget elementor-widget-image-box\" data-id=\"0da7d5f\" data-element_type=\"widget\" data-widget_type=\"image-box.default\">\n\t\t\t\t<div class=\"elementor-widget-container\">\n\t\t\t<div class=\"elementor-image-box-wrapper\"><figure class=\"elementor-image-box-img\"><img width=\"768\" height=\"1127\" src=\"https:\/\/www.uta.cl\/wp-content\/uploads\/2024\/09\/6-13.08.20.-768x1127.jpg\" class=\"attachment-medium_large size-medium_large\" alt=\"\" loading=\"lazy\" srcset=\"https:\/\/www.uta.cl\/wp-content\/uploads\/2024\/09\/6-13.08.20.-768x1127.jpg 768w, https:\/\/www.uta.cl\/wp-content\/uploads\/2024\/09\/6-13.08.20.-204x300.jpg 204w, https:\/\/www.uta.cl\/wp-content\/uploads\/2024\/09\/6-13.08.20.-698x1024.jpg 698w, https:\/\/www.uta.cl\/wp-content\/uploads\/2024\/09\/6-13.08.20.-1047x1536.jpg 1047w, https:\/\/www.uta.cl\/wp-content\/uploads\/2024\/09\/6-13.08.20..jpg 1275w\" sizes=\"(max-width: 768px) 100vw, 768px\" \/><\/figure><div class=\"elementor-image-box-content\"><h3 class=\"elementor-image-box-title\">Seminario \u201cRepresentaciones sobre la profesi\u00f3n docente en estudiantes que inician su FID en Universidades del Estado de Chile\u201d<\/h3><p class=\"elementor-image-box-description\">En el marco del proyecto FONIDE N\u00b0181800090, se realiz\u00f3 el seminario \u201cRepresentaciones sobre la profesi\u00f3n docente en estudiantes que inician su FID en Universidades del Estado de Chile\u201d, en el cual expusieron los acad\u00e9micos Dr. Ra\u00fal Bustos Gonz\u00e1lez y Dr. \u00c1lvaro Gonz\u00e1lez Sanzana, junto al Director de Proyectos, Christian S\u00e1nchez Ponce.\n\n<\/p><\/div><\/div>\t\t<\/div>\n\t\t\t\t<\/div>\n\t\t\t\t\t\t<\/div>\n\t\t\t\t\t<\/div>\n\t\t<\/div>\n\t\t\t\t\t\t\t\t<\/div>\n\t\t\t\t\t<\/div>\n\t\t<\/section>\n\t\t\t\t<section class=\"elementor-section elementor-inner-section elementor-element elementor-element-ca1cfe1 elementor-section-boxed elementor-section-height-default elementor-section-height-default\" data-id=\"ca1cfe1\" data-element_type=\"section\">\n\t\t\t\t\t\t\t<div class=\"elementor-background-overlay\"><\/div>\n\t\t\t\t\t\t\t<div class=\"elementor-container elementor-column-gap-default\">\n\t\t\t\t\t\t\t<div class=\"elementor-row\">\n\t\t\t\t\t<div class=\"elementor-column elementor-col-50 elementor-inner-column elementor-element elementor-element-c6c67aa\" data-id=\"c6c67aa\" data-element_type=\"column\">\n\t\t\t<div class=\"elementor-column-wrap elementor-element-populated\">\n\t\t\t\t\t\t\t<div class=\"elementor-widget-wrap\">\n\t\t\t\t\t\t<div class=\"elementor-element elementor-element-dcd509a elementor-position-left elementor-vertical-align-top elementor-widget elementor-widget-image-box\" data-id=\"dcd509a\" data-element_type=\"widget\" data-widget_type=\"image-box.default\">\n\t\t\t\t<div class=\"elementor-widget-container\">\n\t\t\t<div class=\"elementor-image-box-wrapper\"><figure class=\"elementor-image-box-img\"><img width=\"768\" height=\"1087\" src=\"https:\/\/www.uta.cl\/wp-content\/uploads\/2024\/09\/7-30.09.-768x1087.jpg\" class=\"attachment-medium_large size-medium_large\" alt=\"\" loading=\"lazy\" srcset=\"https:\/\/www.uta.cl\/wp-content\/uploads\/2024\/09\/7-30.09.-768x1087.jpg 768w, https:\/\/www.uta.cl\/wp-content\/uploads\/2024\/09\/7-30.09.-212x300.jpg 212w, https:\/\/www.uta.cl\/wp-content\/uploads\/2024\/09\/7-30.09.-723x1024.jpg 723w, https:\/\/www.uta.cl\/wp-content\/uploads\/2024\/09\/7-30.09..jpg 904w\" sizes=\"(max-width: 768px) 100vw, 768px\" \/><\/figure><div class=\"elementor-image-box-content\"><h3 class=\"elementor-image-box-title\">Charla \u201cLos derechos de los ni\u00f1os y ni\u00f1as en el marco internacional y nacional desde el enfoque de interculturalidad\u201d<\/h3><p class=\"elementor-image-box-description\">En el marco del programa de capacitaci\u00f3n dirigido a Educadores de Lengua y Culta Ind\u00edgena (ELCIS) de la regi\u00f3n de Arica y Parinacota, regi\u00f3n de Tarapac\u00e1 y regi\u00f3n de Antofagasta, la presidenta del Comit\u00e9 Nacional Chileno de la Organizaci\u00f3n Mundial para la Educaci\u00f3n Preescolar (OMEP), Dra. Selma Simonstein Fuentes, dict\u00f3 la charla magistral titulada \u201cLos derechos de los ni\u00f1os y ni\u00f1as en el marco internacional y nacional desde el enfoque de interculturalidad\u201d.\n\n<\/p><\/div><\/div>\t\t<\/div>\n\t\t\t\t<\/div>\n\t\t\t\t\t\t<\/div>\n\t\t\t\t\t<\/div>\n\t\t<\/div>\n\t\t\t\t<div class=\"elementor-column elementor-col-50 elementor-inner-column elementor-element elementor-element-44beeeb\" data-id=\"44beeeb\" data-element_type=\"column\">\n\t\t\t<div class=\"elementor-column-wrap elementor-element-populated\">\n\t\t\t\t\t\t\t<div class=\"elementor-widget-wrap\">\n\t\t\t\t\t\t<div class=\"elementor-element elementor-element-3f79e34 elementor-position-left elementor-vertical-align-top elementor-widget elementor-widget-image-box\" data-id=\"3f79e34\" data-element_type=\"widget\" data-widget_type=\"image-box.default\">\n\t\t\t\t<div class=\"elementor-widget-container\">\n\t\t\t<div class=\"elementor-image-box-wrapper\"><figure class=\"elementor-image-box-img\"><img width=\"768\" height=\"1127\" src=\"https:\/\/www.uta.cl\/wp-content\/uploads\/2024\/09\/8-21.10.-768x1127.jpg\" class=\"attachment-medium_large size-medium_large\" alt=\"\" loading=\"lazy\" srcset=\"https:\/\/www.uta.cl\/wp-content\/uploads\/2024\/09\/8-21.10.-768x1127.jpg 768w, https:\/\/www.uta.cl\/wp-content\/uploads\/2024\/09\/8-21.10.-204x300.jpg 204w, https:\/\/www.uta.cl\/wp-content\/uploads\/2024\/09\/8-21.10.-698x1024.jpg 698w, https:\/\/www.uta.cl\/wp-content\/uploads\/2024\/09\/8-21.10.-1047x1536.jpg 1047w, https:\/\/www.uta.cl\/wp-content\/uploads\/2024\/09\/8-21.10..jpg 1275w\" sizes=\"(max-width: 768px) 100vw, 768px\" \/><\/figure><div class=\"elementor-image-box-content\"><h3 class=\"elementor-image-box-title\">Socializaci\u00f3n Proyecto UTA-Escuela<\/h3><p class=\"elementor-image-box-description\">En el marco del Programa de Investigaci\u00f3n UTA-Escuela, se desarroll\u00f3 la primera jornada de socializaci\u00f3n, correspondiente al proyecto titulado \u201cJuegos did\u00e1cticos para la estimulaci\u00f3n temprana del razonamiento l\u00f3gico matem\u00e1tico en p\u00e1rvulo NT1 y NT2\u201d, adjudicado por la acad\u00e9mica del Departamento de Educaci\u00f3n de la Universidad de Tarapac\u00e1, Mg. Carolina Ar\u00e9valo Lancellotti, junto a la Jefa de Unidad T\u00e9cnico-Pedag\u00f3gica del Jard\u00edn Infantil Padre Luis Gallardo, Mg. Teresa Corrales Mart\u00ednez, y la estudiante del Semillero de Investigaci\u00f3n de la carrera de Pedagog\u00eda en Educaci\u00f3n Diferencial, Sheilan Sobarzo Taucare.\n\n<\/p><\/div><\/div>\t\t<\/div>\n\t\t\t\t<\/div>\n\t\t\t\t\t\t<\/div>\n\t\t\t\t\t<\/div>\n\t\t<\/div>\n\t\t\t\t\t\t\t\t<\/div>\n\t\t\t\t\t<\/div>\n\t\t<\/section>\n\t\t\t\t<section class=\"elementor-section elementor-inner-section elementor-element elementor-element-6411af5 elementor-section-boxed elementor-section-height-default elementor-section-height-default\" data-id=\"6411af5\" data-element_type=\"section\">\n\t\t\t\t\t\t\t<div class=\"elementor-background-overlay\"><\/div>\n\t\t\t\t\t\t\t<div class=\"elementor-container elementor-column-gap-default\">\n\t\t\t\t\t\t\t<div class=\"elementor-row\">\n\t\t\t\t\t<div class=\"elementor-column elementor-col-50 elementor-inner-column elementor-element elementor-element-0a2c463\" data-id=\"0a2c463\" data-element_type=\"column\">\n\t\t\t<div class=\"elementor-column-wrap elementor-element-populated\">\n\t\t\t\t\t\t\t<div class=\"elementor-widget-wrap\">\n\t\t\t\t\t\t<div class=\"elementor-element elementor-element-5f9b706 elementor-position-left elementor-vertical-align-top elementor-widget elementor-widget-image-box\" data-id=\"5f9b706\" data-element_type=\"widget\" data-widget_type=\"image-box.default\">\n\t\t\t\t<div class=\"elementor-widget-container\">\n\t\t\t<div class=\"elementor-image-box-wrapper\"><figure class=\"elementor-image-box-img\"><img width=\"768\" height=\"1202\" src=\"https:\/\/www.uta.cl\/wp-content\/uploads\/2024\/09\/10-09.11.-768x1202.jpg\" class=\"attachment-medium_large size-medium_large\" alt=\"\" loading=\"lazy\" srcset=\"https:\/\/www.uta.cl\/wp-content\/uploads\/2024\/09\/10-09.11.-768x1202.jpg 768w, https:\/\/www.uta.cl\/wp-content\/uploads\/2024\/09\/10-09.11.-192x300.jpg 192w, https:\/\/www.uta.cl\/wp-content\/uploads\/2024\/09\/10-09.11.-654x1024.jpg 654w, https:\/\/www.uta.cl\/wp-content\/uploads\/2024\/09\/10-09.11..jpg 800w\" sizes=\"(max-width: 768px) 100vw, 768px\" \/><\/figure><div class=\"elementor-image-box-content\"><h3 class=\"elementor-image-box-title\">Socializaci\u00f3n Proyecto UTA-Escuela<\/h3><p class=\"elementor-image-box-description\">En el marco del Programa de Investigaci\u00f3n UTA-Escuela, se desarroll\u00f3 la segunda jornada de socializaci\u00f3n, correspondiente al proyecto titulado \u201cAplicaci\u00f3n del m\u00e9todo Cornell como herramienta para el desarrollo de la habilidad de s\u00edntesis e interpretaci\u00f3n, mediante el trabajo remoto con estudiantes de segundo a\u00f1o de ense\u00f1anza media\u201d, adjudicado por la docente del Liceo Bicentenario Pablo Neruda, Lic. Paulina Galaz Ortega, junto a la acad\u00e9mica del Departamento de Espa\u00f1ol de la Universidad de Tarapac\u00e1, Mg. Ana Mar\u00eda Soza Romero.\n\n<\/p><\/div><\/div>\t\t<\/div>\n\t\t\t\t<\/div>\n\t\t\t\t\t\t<\/div>\n\t\t\t\t\t<\/div>\n\t\t<\/div>\n\t\t\t\t<div class=\"elementor-column elementor-col-50 elementor-inner-column elementor-element elementor-element-b496e9c\" data-id=\"b496e9c\" data-element_type=\"column\">\n\t\t\t<div class=\"elementor-column-wrap elementor-element-populated\">\n\t\t\t\t\t\t\t<div class=\"elementor-widget-wrap\">\n\t\t\t\t\t\t<div class=\"elementor-element elementor-element-8b5fa8c elementor-position-left elementor-vertical-align-top elementor-widget elementor-widget-image-box\" data-id=\"8b5fa8c\" data-element_type=\"widget\" data-widget_type=\"image-box.default\">\n\t\t\t\t<div class=\"elementor-widget-container\">\n\t\t\t<div class=\"elementor-image-box-wrapper\"><figure class=\"elementor-image-box-img\"><img width=\"768\" height=\"1194\" src=\"https:\/\/www.uta.cl\/wp-content\/uploads\/2024\/09\/11-12.11.-768x1194.jpg\" class=\"attachment-medium_large size-medium_large\" alt=\"\" loading=\"lazy\" srcset=\"https:\/\/www.uta.cl\/wp-content\/uploads\/2024\/09\/11-12.11.-768x1194.jpg 768w, https:\/\/www.uta.cl\/wp-content\/uploads\/2024\/09\/11-12.11.-193x300.jpg 193w, https:\/\/www.uta.cl\/wp-content\/uploads\/2024\/09\/11-12.11.-659x1024.jpg 659w, https:\/\/www.uta.cl\/wp-content\/uploads\/2024\/09\/11-12.11..jpg 800w\" sizes=\"(max-width: 768px) 100vw, 768px\" \/><\/figure><div class=\"elementor-image-box-content\"><h3 class=\"elementor-image-box-title\">Socializaci\u00f3n Proyecto UTA-Escuela<\/h3><p class=\"elementor-image-box-description\">En el marco del Programa de Investigaci\u00f3n UTA-Escuela, se desarroll\u00f3 la tercera jornada de socializaci\u00f3n, correspondiente al proyecto titulado \u201cLeamos con gusto: Una propuesta did\u00e1ctica para el fomento lector en estudiantes de tercero b\u00e1sico\u201d, adjudicado por la docente del Colegio Leonardo Da Vinci de Arica, Lic. Danisa Varela Castillo, junto a la acad\u00e9mica del Departamento de Educaci\u00f3n y Jefa de Carrera de Pedagog\u00eda en Educaci\u00f3n B\u00e1sica de la Universidad de Tarapac\u00e1, Mg. Inelia Villalobos Iturriaga.\n\n<\/p><\/div><\/div>\t\t<\/div>\n\t\t\t\t<\/div>\n\t\t\t\t\t\t<\/div>\n\t\t\t\t\t<\/div>\n\t\t<\/div>\n\t\t\t\t\t\t\t\t<\/div>\n\t\t\t\t\t<\/div>\n\t\t<\/section>\n\t\t\t\t<section class=\"elementor-section elementor-inner-section elementor-element elementor-element-19d0883 elementor-section-boxed elementor-section-height-default elementor-section-height-default\" data-id=\"19d0883\" data-element_type=\"section\">\n\t\t\t\t\t\t\t<div class=\"elementor-background-overlay\"><\/div>\n\t\t\t\t\t\t\t<div class=\"elementor-container elementor-column-gap-default\">\n\t\t\t\t\t\t\t<div class=\"elementor-row\">\n\t\t\t\t\t<div class=\"elementor-column elementor-col-50 elementor-inner-column elementor-element elementor-element-d312f68\" data-id=\"d312f68\" data-element_type=\"column\">\n\t\t\t<div class=\"elementor-column-wrap elementor-element-populated\">\n\t\t\t\t\t\t\t<div class=\"elementor-widget-wrap\">\n\t\t\t\t\t\t<div class=\"elementor-element elementor-element-4925911 elementor-position-left elementor-vertical-align-top elementor-widget elementor-widget-image-box\" data-id=\"4925911\" data-element_type=\"widget\" data-widget_type=\"image-box.default\">\n\t\t\t\t<div class=\"elementor-widget-container\">\n\t\t\t<div class=\"elementor-image-box-wrapper\"><figure class=\"elementor-image-box-img\"><img width=\"768\" height=\"1127\" src=\"https:\/\/www.uta.cl\/wp-content\/uploads\/2024\/09\/12-18.11.-768x1127.jpg\" class=\"attachment-medium_large size-medium_large\" alt=\"\" loading=\"lazy\" srcset=\"https:\/\/www.uta.cl\/wp-content\/uploads\/2024\/09\/12-18.11.-768x1127.jpg 768w, https:\/\/www.uta.cl\/wp-content\/uploads\/2024\/09\/12-18.11.-204x300.jpg 204w, https:\/\/www.uta.cl\/wp-content\/uploads\/2024\/09\/12-18.11.-698x1024.jpg 698w, https:\/\/www.uta.cl\/wp-content\/uploads\/2024\/09\/12-18.11.-1047x1536.jpg 1047w, https:\/\/www.uta.cl\/wp-content\/uploads\/2024\/09\/12-18.11..jpg 1275w\" sizes=\"(max-width: 768px) 100vw, 768px\" \/><\/figure><div class=\"elementor-image-box-content\"><h3 class=\"elementor-image-box-title\">Conversatorio \u201cPr\u00e1cticas Tempranas: Experiencias exitosas en docencia a distancia contexto de COVID-19\u201d<\/h3><p class=\"elementor-image-box-description\">La carrera de Pedagog\u00eda en Educaci\u00f3n B\u00e1sica de la Universidad de Tarapac\u00e1, junto al apoyo del Centro EDUCAR, realizaron el conversatorio titulado \u201cPr\u00e1cticas Tempranas: Experiencias exitosas en docencia a distancia contexto de COVID-19\u201d, el cual cont\u00f3 con la participaci\u00f3n de diversos actores educativos del sistema escolar regional; y estuvo dirigido a estudiantes de pedagog\u00eda en proceso de pr\u00e1ctica pedag\u00f3gica\n\n<\/p><\/div><\/div>\t\t<\/div>\n\t\t\t\t<\/div>\n\t\t\t\t\t\t<\/div>\n\t\t\t\t\t<\/div>\n\t\t<\/div>\n\t\t\t\t<div class=\"elementor-column elementor-col-50 elementor-inner-column elementor-element elementor-element-b6162ff\" data-id=\"b6162ff\" data-element_type=\"column\">\n\t\t\t<div class=\"elementor-column-wrap elementor-element-populated\">\n\t\t\t\t\t\t\t<div class=\"elementor-widget-wrap\">\n\t\t\t\t\t\t<div class=\"elementor-element elementor-element-45761f7 elementor-position-left elementor-vertical-align-top elementor-widget elementor-widget-image-box\" data-id=\"45761f7\" data-element_type=\"widget\" data-widget_type=\"image-box.default\">\n\t\t\t\t<div class=\"elementor-widget-container\">\n\t\t\t<div class=\"elementor-image-box-wrapper\"><figure class=\"elementor-image-box-img\"><img width=\"768\" height=\"1127\" src=\"https:\/\/www.uta.cl\/wp-content\/uploads\/2024\/09\/13-25.11.-768x1127.jpg\" class=\"attachment-medium_large size-medium_large\" alt=\"\" loading=\"lazy\" srcset=\"https:\/\/www.uta.cl\/wp-content\/uploads\/2024\/09\/13-25.11.-768x1127.jpg 768w, https:\/\/www.uta.cl\/wp-content\/uploads\/2024\/09\/13-25.11.-204x300.jpg 204w, https:\/\/www.uta.cl\/wp-content\/uploads\/2024\/09\/13-25.11.-698x1024.jpg 698w, https:\/\/www.uta.cl\/wp-content\/uploads\/2024\/09\/13-25.11.-1047x1536.jpg 1047w, https:\/\/www.uta.cl\/wp-content\/uploads\/2024\/09\/13-25.11..jpg 1275w\" sizes=\"(max-width: 768px) 100vw, 768px\" \/><\/figure><div class=\"elementor-image-box-content\"><h3 class=\"elementor-image-box-title\">Conversatorio \u201cPlanificaci\u00f3n de Aprendizaje Basado en Problema (ABP)\u201d<\/h3><p class=\"elementor-image-box-description\">El Centro de Pr\u00e1cticas Pedag\u00f3gicas de la Universidad de Tarapac\u00e1, junto al apoyo del Centro EDUCAR, realizaron el conversatorio titulado \u201cPlanificaci\u00f3n de Aprendizaje Basado en Problema\u201d, dictado por la acad\u00e9mica del Departamento de Educaci\u00f3n y Jefa de Carrera de Educaci\u00f3n Parvularia, Mg. Marcela Petruzzi Capetillo.\n\n<\/p><\/div><\/div>\t\t<\/div>\n\t\t\t\t<\/div>\n\t\t\t\t\t\t<\/div>\n\t\t\t\t\t<\/div>\n\t\t<\/div>\n\t\t\t\t\t\t\t\t<\/div>\n\t\t\t\t\t<\/div>\n\t\t<\/section>\n\t\t\t\t<div class=\"elementor-element elementor-element-23917a0 elementor-widget elementor-widget-heading\" data-id=\"23917a0\" data-element_type=\"widget\" data-widget_type=\"heading.default\">\n\t\t\t\t<div class=\"elementor-widget-container\">\n\t\t\t<h2 class=\"elementor-heading-title elementor-size-default\">Actividades 2019<\/h2>\t\t<\/div>\n\t\t\t\t<\/div>\n\t\t\t\t<section class=\"elementor-section elementor-inner-section elementor-element elementor-element-0ce07d8 elementor-section-boxed elementor-section-height-default elementor-section-height-default\" data-id=\"0ce07d8\" data-element_type=\"section\">\n\t\t\t\t\t\t\t<div class=\"elementor-background-overlay\"><\/div>\n\t\t\t\t\t\t\t<div class=\"elementor-container elementor-column-gap-default\">\n\t\t\t\t\t\t\t<div class=\"elementor-row\">\n\t\t\t\t\t<div class=\"elementor-column elementor-col-50 elementor-inner-column elementor-element elementor-element-463741a\" data-id=\"463741a\" data-element_type=\"column\">\n\t\t\t<div class=\"elementor-column-wrap elementor-element-populated\">\n\t\t\t\t\t\t\t<div class=\"elementor-widget-wrap\">\n\t\t\t\t\t\t<div class=\"elementor-element elementor-element-66d6745 elementor-position-left elementor-vertical-align-top elementor-widget elementor-widget-image-box\" data-id=\"66d6745\" data-element_type=\"widget\" data-widget_type=\"image-box.default\">\n\t\t\t\t<div class=\"elementor-widget-container\">\n\t\t\t<div class=\"elementor-image-box-wrapper\"><figure class=\"elementor-image-box-img\"><img width=\"660\" height=\"960\" src=\"https:\/\/www.uta.cl\/wp-content\/uploads\/2024\/09\/1-06.01..jpg\" class=\"attachment-medium_large size-medium_large\" alt=\"\" loading=\"lazy\" srcset=\"https:\/\/www.uta.cl\/wp-content\/uploads\/2024\/09\/1-06.01..jpg 660w, https:\/\/www.uta.cl\/wp-content\/uploads\/2024\/09\/1-06.01.-206x300.jpg 206w\" sizes=\"(max-width: 660px) 100vw, 660px\" \/><\/figure><div class=\"elementor-image-box-content\"><h3 class=\"elementor-image-box-title\">Jornada \u201cIndagaci\u00f3n cient\u00edfica y desaf\u00edos para su implementaci\u00f3n en aula\u201d<\/h3><p class=\"elementor-image-box-description\">El acad\u00e9mico de la Universidad de Vigo-Espa\u00f1a, Dr. Pedro Membiela Iglesia, realiz\u00f3 charlas dirigidas a estudiantes, docentes y acad\u00e9micos del \u00e1rea de ciencias de la regi\u00f3n de Arica y Parinacota, en el marco la Jornada de Reflexi\u00f3n y mesas de discusi\u00f3n sobre ense\u00f1anza de las ciencias naturales, organizada por el Programa de Indagaci\u00f3n en Educaci\u00f3n Cient\u00edfica en Ciencias ICEC, junto al apoyo del Centro EDUCAR de la Universidad de Tarapac\u00e1.\n\n<\/p><\/div><\/div>\t\t<\/div>\n\t\t\t\t<\/div>\n\t\t\t\t\t\t<\/div>\n\t\t\t\t\t<\/div>\n\t\t<\/div>\n\t\t\t\t<div class=\"elementor-column elementor-col-50 elementor-inner-column elementor-element elementor-element-ebfbbd9\" data-id=\"ebfbbd9\" data-element_type=\"column\">\n\t\t\t<div class=\"elementor-column-wrap elementor-element-populated\">\n\t\t\t\t\t\t\t<div class=\"elementor-widget-wrap\">\n\t\t\t\t\t\t<div class=\"elementor-element elementor-element-269b555 elementor-position-left elementor-vertical-align-top elementor-widget elementor-widget-image-box\" data-id=\"269b555\" data-element_type=\"widget\" data-widget_type=\"image-box.default\">\n\t\t\t\t<div class=\"elementor-widget-container\">\n\t\t\t<div class=\"elementor-image-box-wrapper\"><figure class=\"elementor-image-box-img\"><img width=\"768\" height=\"1086\" src=\"https:\/\/www.uta.cl\/wp-content\/uploads\/2024\/09\/2-20.03.-1448x2048-1-768x1086.jpg\" class=\"attachment-medium_large size-medium_large\" alt=\"\" loading=\"lazy\" srcset=\"https:\/\/www.uta.cl\/wp-content\/uploads\/2024\/09\/2-20.03.-1448x2048-1-768x1086.jpg 768w, https:\/\/www.uta.cl\/wp-content\/uploads\/2024\/09\/2-20.03.-1448x2048-1-212x300.jpg 212w, https:\/\/www.uta.cl\/wp-content\/uploads\/2024\/09\/2-20.03.-1448x2048-1-724x1024.jpg 724w, https:\/\/www.uta.cl\/wp-content\/uploads\/2024\/09\/2-20.03.-1448x2048-1-1086x1536.jpg 1086w, https:\/\/www.uta.cl\/wp-content\/uploads\/2024\/09\/2-20.03.-1448x2048-1.jpg 1448w\" sizes=\"(max-width: 768px) 100vw, 768px\" \/><\/figure><div class=\"elementor-image-box-content\"><h3 class=\"elementor-image-box-title\">Evaluaci\u00f3n Diagn\u00f3stica Nacional 2019<\/h3><p class=\"elementor-image-box-description\">Mediante la gesti\u00f3n del Centro EDUCAR junto a Jefaturas de Carrera, estudiantes de primer a\u00f1o de las carreras de pedagog\u00eda de la Universidad de Tarapac\u00e1, rindieron la Evaluaci\u00f3n Diagn\u00f3stica Nacional 2019, en el marco del Proyecto FONIDE \u201cRepresentaciones sobre la Profesi\u00f3n Docente que poseen estudiantes que ingresan a la Formaci\u00f3n Inicial Docente en Universidades del Estado\u201d (FON181800090).\n\n<\/p><\/div><\/div>\t\t<\/div>\n\t\t\t\t<\/div>\n\t\t\t\t\t\t<\/div>\n\t\t\t\t\t<\/div>\n\t\t<\/div>\n\t\t\t\t\t\t\t\t<\/div>\n\t\t\t\t\t<\/div>\n\t\t<\/section>\n\t\t\t\t<section class=\"elementor-section elementor-inner-section elementor-element elementor-element-f3ad4f2 elementor-section-boxed elementor-section-height-default elementor-section-height-default\" data-id=\"f3ad4f2\" data-element_type=\"section\">\n\t\t\t\t\t\t\t<div class=\"elementor-background-overlay\"><\/div>\n\t\t\t\t\t\t\t<div class=\"elementor-container elementor-column-gap-default\">\n\t\t\t\t\t\t\t<div class=\"elementor-row\">\n\t\t\t\t\t<div class=\"elementor-column elementor-col-50 elementor-inner-column elementor-element elementor-element-ebb13f2\" data-id=\"ebb13f2\" data-element_type=\"column\">\n\t\t\t<div class=\"elementor-column-wrap elementor-element-populated\">\n\t\t\t\t\t\t\t<div class=\"elementor-widget-wrap\">\n\t\t\t\t\t\t<div class=\"elementor-element elementor-element-fe4205c elementor-position-left elementor-vertical-align-top elementor-widget elementor-widget-image-box\" data-id=\"fe4205c\" data-element_type=\"widget\" data-widget_type=\"image-box.default\">\n\t\t\t\t<div class=\"elementor-widget-container\">\n\t\t\t<div class=\"elementor-image-box-wrapper\"><figure class=\"elementor-image-box-img\"><img width=\"768\" height=\"1128\" src=\"https:\/\/www.uta.cl\/wp-content\/uploads\/2024\/09\/3-26.04.-768x1128.jpg\" class=\"attachment-medium_large size-medium_large\" alt=\"\" loading=\"lazy\" srcset=\"https:\/\/www.uta.cl\/wp-content\/uploads\/2024\/09\/3-26.04.-768x1128.jpg 768w, https:\/\/www.uta.cl\/wp-content\/uploads\/2024\/09\/3-26.04.-204x300.jpg 204w, https:\/\/www.uta.cl\/wp-content\/uploads\/2024\/09\/3-26.04.-698x1024.jpg 698w, https:\/\/www.uta.cl\/wp-content\/uploads\/2024\/09\/3-26.04.-1046x1536.jpg 1046w, https:\/\/www.uta.cl\/wp-content\/uploads\/2024\/09\/3-26.04..jpg 1395w\" sizes=\"(max-width: 768px) 100vw, 768px\" \/><\/figure><div class=\"elementor-image-box-content\"><h3 class=\"elementor-image-box-title\">Lanzamiento de libro e inicio de curso en \u201cFormaci\u00f3n de Liderazgo Educativo\u201d CEDLE-UTA<\/h3><p class=\"elementor-image-box-description\">Desde una vinculaci\u00f3n efectiva entre el Centro EDUCAR de la Universidad de Tarapac\u00e1 y el Centro de Desarrollo de Liderazgo Educativo (CEDLE), se realiz\u00f3 el lanzamiento del libro \u201cC\u00f3mo cultivar el liderazgo educativo: Trece miradas\u201d e inicio del curso de perfeccionamiento \u201cFormaci\u00f3n de Liderazgo Educativo\u201d.\n\n<\/p><\/div><\/div>\t\t<\/div>\n\t\t\t\t<\/div>\n\t\t\t\t\t\t<\/div>\n\t\t\t\t\t<\/div>\n\t\t<\/div>\n\t\t\t\t<div class=\"elementor-column elementor-col-50 elementor-inner-column elementor-element elementor-element-41b264a\" data-id=\"41b264a\" data-element_type=\"column\">\n\t\t\t<div class=\"elementor-column-wrap\">\n\t\t\t\t\t\t\t<div class=\"elementor-widget-wrap\">\n\t\t\t\t\t\t\t\t<\/div>\n\t\t\t\t\t<\/div>\n\t\t<\/div>\n\t\t\t\t\t\t\t\t<\/div>\n\t\t\t\t\t<\/div>\n\t\t<\/section>\n\t\t\t\t<div class=\"elementor-element elementor-element-0977008 elementor-widget elementor-widget-heading\" data-id=\"0977008\" data-element_type=\"widget\" data-widget_type=\"heading.default\">\n\t\t\t\t<div class=\"elementor-widget-container\">\n\t\t\t<h2 class=\"elementor-heading-title elementor-size-default\">Actividades 2018<\/h2>\t\t<\/div>\n\t\t\t\t<\/div>\n\t\t\t\t<section class=\"elementor-section elementor-inner-section elementor-element elementor-element-8a2e896 elementor-section-boxed elementor-section-height-default elementor-section-height-default\" data-id=\"8a2e896\" data-element_type=\"section\">\n\t\t\t\t\t\t\t<div class=\"elementor-background-overlay\"><\/div>\n\t\t\t\t\t\t\t<div class=\"elementor-container elementor-column-gap-default\">\n\t\t\t\t\t\t\t<div class=\"elementor-row\">\n\t\t\t\t\t<div class=\"elementor-column elementor-col-50 elementor-inner-column elementor-element elementor-element-bffa395\" data-id=\"bffa395\" data-element_type=\"column\">\n\t\t\t<div class=\"elementor-column-wrap elementor-element-populated\">\n\t\t\t\t\t\t\t<div class=\"elementor-widget-wrap\">\n\t\t\t\t\t\t<div class=\"elementor-element elementor-element-aa2e2d3 elementor-position-left elementor-vertical-align-top elementor-widget elementor-widget-image-box\" data-id=\"aa2e2d3\" data-element_type=\"widget\" data-widget_type=\"image-box.default\">\n\t\t\t\t<div class=\"elementor-widget-container\">\n\t\t\t<div class=\"elementor-image-box-wrapper\"><figure class=\"elementor-image-box-img\"><img width=\"768\" height=\"1080\" src=\"https:\/\/www.uta.cl\/wp-content\/uploads\/2024\/09\/Curso-Dr.-Alberto-Moreno-1457x2048-1-768x1080.jpg\" class=\"attachment-medium_large size-medium_large\" alt=\"\" loading=\"lazy\" srcset=\"https:\/\/www.uta.cl\/wp-content\/uploads\/2024\/09\/Curso-Dr.-Alberto-Moreno-1457x2048-1-768x1080.jpg 768w, https:\/\/www.uta.cl\/wp-content\/uploads\/2024\/09\/Curso-Dr.-Alberto-Moreno-1457x2048-1-213x300.jpg 213w, https:\/\/www.uta.cl\/wp-content\/uploads\/2024\/09\/Curso-Dr.-Alberto-Moreno-1457x2048-1-729x1024.jpg 729w, https:\/\/www.uta.cl\/wp-content\/uploads\/2024\/09\/Curso-Dr.-Alberto-Moreno-1457x2048-1-1093x1536.jpg 1093w, https:\/\/www.uta.cl\/wp-content\/uploads\/2024\/09\/Curso-Dr.-Alberto-Moreno-1457x2048-1.jpg 1457w\" sizes=\"(max-width: 768px) 100vw, 768px\" \/><\/figure><div class=\"elementor-image-box-content\"><h3 class=\"elementor-image-box-title\">Curso de perfeccionamiento \"La pedagog\u00eda de la pregunta\", dictado por el acad\u00e9mico de la Universidad de Valpara\u00edso, Dr. Alberto Moreno Do\u00f1a.<\/h3><p class=\"elementor-image-box-description\">La visita del acad\u00e9mico especialista en educaci\u00f3n se desarroll\u00f3 en marzo y abril, y contempl\u00f3 la realizaci\u00f3n de conferencias y conversatorios dirigidos a estudiantes de pedagog\u00eda de la Universidad de Tarapac\u00e1. A su vez, dict\u00f3 el curso titulado \u00abLa pedagog\u00eda de la pregunta\u00bb, dirigido a acad\u00e9micos\/as UTA y docentes del sistema educativo regional.\n\n<\/p><\/div><\/div>\t\t<\/div>\n\t\t\t\t<\/div>\n\t\t\t\t\t\t<\/div>\n\t\t\t\t\t<\/div>\n\t\t<\/div>\n\t\t\t\t<div class=\"elementor-column elementor-col-50 elementor-inner-column elementor-element elementor-element-5f99f29\" data-id=\"5f99f29\" data-element_type=\"column\">\n\t\t\t<div class=\"elementor-column-wrap elementor-element-populated\">\n\t\t\t\t\t\t\t<div class=\"elementor-widget-wrap\">\n\t\t\t\t\t\t<div class=\"elementor-element elementor-element-7c4de91 elementor-position-left elementor-vertical-align-top elementor-widget elementor-widget-image-box\" data-id=\"7c4de91\" data-element_type=\"widget\" data-widget_type=\"image-box.default\">\n\t\t\t\t<div class=\"elementor-widget-container\">\n\t\t\t<div class=\"elementor-image-box-wrapper\"><figure class=\"elementor-image-box-img\"><img width=\"768\" height=\"1080\" src=\"https:\/\/www.uta.cl\/wp-content\/uploads\/2024\/09\/Curso-Dra.-Marcela-Gaete-1457x2048-1-768x1080.jpg\" class=\"attachment-medium_large size-medium_large\" alt=\"\" loading=\"lazy\" srcset=\"https:\/\/www.uta.cl\/wp-content\/uploads\/2024\/09\/Curso-Dra.-Marcela-Gaete-1457x2048-1-768x1080.jpg 768w, https:\/\/www.uta.cl\/wp-content\/uploads\/2024\/09\/Curso-Dra.-Marcela-Gaete-1457x2048-1-213x300.jpg 213w, https:\/\/www.uta.cl\/wp-content\/uploads\/2024\/09\/Curso-Dra.-Marcela-Gaete-1457x2048-1-729x1024.jpg 729w, https:\/\/www.uta.cl\/wp-content\/uploads\/2024\/09\/Curso-Dra.-Marcela-Gaete-1457x2048-1-1093x1536.jpg 1093w, https:\/\/www.uta.cl\/wp-content\/uploads\/2024\/09\/Curso-Dra.-Marcela-Gaete-1457x2048-1.jpg 1457w\" sizes=\"(max-width: 768px) 100vw, 768px\" \/><\/figure><div class=\"elementor-image-box-content\"><h3 class=\"elementor-image-box-title\">Curso de perfeccionamiento \"Educar en contextos de vulnerabilidad\", dictado por la acad\u00e9mica de la Universidad de Chile, Dra. Marcela Gaete Vergara.<\/h3><p class=\"elementor-image-box-description\">La visita de la acad\u00e9mica especialista en educaci\u00f3n, se desarroll\u00f3 durante los meses de abril, julio y septiembre. En estos periodos, dict\u00f3 el curso de perfeccionamiento titulado \u00abEducar en contextos de vulnerabilidad\u00bb, dirigido a acad\u00e9micos\/as UTA y docentes del sistema educativo regional. Asimismo, desarroll\u00f3 talleres, charlas y conversatorios dirigidos a estudiantes de pedagog\u00eda de la Universidad de Tarapac\u00e1.\n\n<\/p><\/div><\/div>\t\t<\/div>\n\t\t\t\t<\/div>\n\t\t\t\t\t\t<\/div>\n\t\t\t\t\t<\/div>\n\t\t<\/div>\n\t\t\t\t\t\t\t\t<\/div>\n\t\t\t\t\t<\/div>\n\t\t<\/section>\n\t\t\t\t<section class=\"elementor-section elementor-inner-section elementor-element elementor-element-35b1038 elementor-section-boxed elementor-section-height-default elementor-section-height-default\" data-id=\"35b1038\" data-element_type=\"section\">\n\t\t\t\t\t\t\t<div class=\"elementor-background-overlay\"><\/div>\n\t\t\t\t\t\t\t<div class=\"elementor-container elementor-column-gap-default\">\n\t\t\t\t\t\t\t<div class=\"elementor-row\">\n\t\t\t\t\t<div class=\"elementor-column elementor-col-50 elementor-inner-column elementor-element elementor-element-a4f0d90\" data-id=\"a4f0d90\" data-element_type=\"column\">\n\t\t\t<div class=\"elementor-column-wrap elementor-element-populated\">\n\t\t\t\t\t\t\t<div class=\"elementor-widget-wrap\">\n\t\t\t\t\t\t<div class=\"elementor-element elementor-element-2db1f17 elementor-position-left elementor-vertical-align-top elementor-widget elementor-widget-image-box\" data-id=\"2db1f17\" data-element_type=\"widget\" data-widget_type=\"image-box.default\">\n\t\t\t\t<div class=\"elementor-widget-container\">\n\t\t\t<div class=\"elementor-image-box-wrapper\"><figure class=\"elementor-image-box-img\"><img width=\"768\" height=\"1080\" src=\"https:\/\/www.uta.cl\/wp-content\/uploads\/2024\/09\/Curso-Dra.-Marcela-Lara-y-Dr.-Tito-Larrondo-768x1080.jpg\" class=\"attachment-medium_large size-medium_large\" alt=\"\" loading=\"lazy\" srcset=\"https:\/\/www.uta.cl\/wp-content\/uploads\/2024\/09\/Curso-Dra.-Marcela-Lara-y-Dr.-Tito-Larrondo-768x1080.jpg 768w, https:\/\/www.uta.cl\/wp-content\/uploads\/2024\/09\/Curso-Dra.-Marcela-Lara-y-Dr.-Tito-Larrondo-213x300.jpg 213w, https:\/\/www.uta.cl\/wp-content\/uploads\/2024\/09\/Curso-Dra.-Marcela-Lara-y-Dr.-Tito-Larrondo-728x1024.jpg 728w, https:\/\/www.uta.cl\/wp-content\/uploads\/2024\/09\/Curso-Dra.-Marcela-Lara-y-Dr.-Tito-Larrondo-1092x1536.jpg 1092w, https:\/\/www.uta.cl\/wp-content\/uploads\/2024\/09\/Curso-Dra.-Marcela-Lara-y-Dr.-Tito-Larrondo.jpg 1361w\" sizes=\"(max-width: 768px) 100vw, 768px\" \/><\/figure><div class=\"elementor-image-box-content\"><h3 class=\"elementor-image-box-title\">Curso de perfeccionamiento \"Los procesos evaluativos en los contextos universitarios y escolares\", dictado por los acad\u00e9micos de la Universidad de Playa Ancha, Dra. Marcela Lara Catal\u00e1n y Dr. Tito Larrondo Gonz\u00e1lez.<\/h3><p class=\"elementor-image-box-description\">La visita de los acad\u00e9micos especialistas en educaci\u00f3n se desarroll\u00f3 durante los meses de junio, agosto y octubre, periodos en los cuales dictaron el curso de perfeccionamiento titulado \u00abLos procesos evaluativos en los contextos universitarios y escolares\u00bb, dirigido a acad\u00e9micos\/as UTA y docentes del sistema educativo regional. Asimismo, dictaron una charla sobre evaluaci\u00f3n dirigida a estudiantes de pedagog\u00eda de la Universidad de Tarapac\u00e1.\n\n<\/p><\/div><\/div>\t\t<\/div>\n\t\t\t\t<\/div>\n\t\t\t\t\t\t<\/div>\n\t\t\t\t\t<\/div>\n\t\t<\/div>\n\t\t\t\t<div class=\"elementor-column elementor-col-50 elementor-inner-column elementor-element elementor-element-fd416ce\" data-id=\"fd416ce\" data-element_type=\"column\">\n\t\t\t<div class=\"elementor-column-wrap elementor-element-populated\">\n\t\t\t\t\t\t\t<div class=\"elementor-widget-wrap\">\n\t\t\t\t\t\t<div class=\"elementor-element elementor-element-601f67f elementor-position-left elementor-vertical-align-top elementor-widget elementor-widget-image-box\" data-id=\"601f67f\" data-element_type=\"widget\" data-widget_type=\"image-box.default\">\n\t\t\t\t<div class=\"elementor-widget-container\">\n\t\t\t<div class=\"elementor-image-box-wrapper\"><figure class=\"elementor-image-box-img\"><img width=\"654\" height=\"960\" src=\"https:\/\/www.uta.cl\/wp-content\/uploads\/2024\/09\/Curso-Dr.-Jonathan-Marshall.jpg\" class=\"attachment-medium_large size-medium_large\" alt=\"\" loading=\"lazy\" srcset=\"https:\/\/www.uta.cl\/wp-content\/uploads\/2024\/09\/Curso-Dr.-Jonathan-Marshall.jpg 654w, https:\/\/www.uta.cl\/wp-content\/uploads\/2024\/09\/Curso-Dr.-Jonathan-Marshall-204x300.jpg 204w\" sizes=\"(max-width: 654px) 100vw, 654px\" \/><\/figure><div class=\"elementor-image-box-content\"><h3 class=\"elementor-image-box-title\">Curso \"El multiculturalismo en las ciencias\", dictado por el acad\u00e9mico de Weber State University, Ph.D. Jonathan C. Marshall.<\/h3><p class=\"elementor-image-box-description\">La visita internacional del acad\u00e9mico especialista en ciencias, se desarroll\u00f3 durante el mes de noviembre, periodo en el cual dict\u00f3 el curso \u00abEl multiculturalismo en las ciencias y c\u00f3mo podemos apoyar a estudiantes de grupos bajo representados\u00bb, y particip\u00f3 en la VI Jornada Docente UTA y en el III Congreso regional del programa ICEC. Asimismo, dict\u00f3 una charla dirigida a estudiantes de pedagog\u00eda de la Universidad de Tarapac\u00e1.\n\n<\/p><\/div><\/div>\t\t<\/div>\n\t\t\t\t<\/div>\n\t\t\t\t\t\t<\/div>\n\t\t\t\t\t<\/div>\n\t\t<\/div>\n\t\t\t\t\t\t\t\t<\/div>\n\t\t\t\t\t<\/div>\n\t\t<\/section>\n\t\t\t\t<section class=\"elementor-section elementor-inner-section elementor-element elementor-element-1d8e3df elementor-section-boxed elementor-section-height-default elementor-section-height-default\" data-id=\"1d8e3df\" data-element_type=\"section\">\n\t\t\t\t\t\t\t<div class=\"elementor-background-overlay\"><\/div>\n\t\t\t\t\t\t\t<div class=\"elementor-container elementor-column-gap-default\">\n\t\t\t\t\t\t\t<div class=\"elementor-row\">\n\t\t\t\t\t<div class=\"elementor-column elementor-col-50 elementor-inner-column elementor-element elementor-element-f97708d\" data-id=\"f97708d\" data-element_type=\"column\">\n\t\t\t<div class=\"elementor-column-wrap elementor-element-populated\">\n\t\t\t\t\t\t\t<div class=\"elementor-widget-wrap\">\n\t\t\t\t\t\t<div class=\"elementor-element elementor-element-f1ee1a2 elementor-position-left elementor-vertical-align-top elementor-widget elementor-widget-image-box\" data-id=\"f1ee1a2\" data-element_type=\"widget\" data-widget_type=\"image-box.default\">\n\t\t\t\t<div class=\"elementor-widget-container\">\n\t\t\t<div class=\"elementor-image-box-wrapper\"><figure class=\"elementor-image-box-img\"><img width=\"654\" height=\"960\" src=\"https:\/\/www.uta.cl\/wp-content\/uploads\/2024\/09\/Curso-Dra.-Leticia-Alvarez.jpg\" class=\"attachment-medium_large size-medium_large\" alt=\"\" loading=\"lazy\" srcset=\"https:\/\/www.uta.cl\/wp-content\/uploads\/2024\/09\/Curso-Dra.-Leticia-Alvarez.jpg 654w, https:\/\/www.uta.cl\/wp-content\/uploads\/2024\/09\/Curso-Dra.-Leticia-Alvarez-204x300.jpg 204w\" sizes=\"(max-width: 654px) 100vw, 654px\" \/><\/figure><div class=\"elementor-image-box-content\"><h3 class=\"elementor-image-box-title\">Curso \"Inmigraci\u00f3n, compromiso c\u00edvico y beca acad\u00e9mica\", dictado por la acad\u00e9mica de la Universidad de Utah, Ph.D. Leticia \u00c1lvarez Guti\u00e9rrez.<\/h3><p class=\"elementor-image-box-description\">La visita internacional de la acad\u00e9mica especialista en educaci\u00f3n, se desarroll\u00f3 durante el mes de noviembre, periodo en el cual dict\u00f3 el curso \u00abInmigraci\u00f3n, compromiso c\u00edvico y beca acad\u00e9mica y activista\u00bb, dirigido a acad\u00e9micos\/as UTA y docentes del sistema educativo regional. dict\u00f3 una charla dirigida a estudiantes de pedagog\u00eda de la Universidad de Tarapac\u00e1.\n\n<\/p><\/div><\/div>\t\t<\/div>\n\t\t\t\t<\/div>\n\t\t\t\t\t\t<\/div>\n\t\t\t\t\t<\/div>\n\t\t<\/div>\n\t\t\t\t<div class=\"elementor-column elementor-col-50 elementor-inner-column elementor-element elementor-element-84e7011\" data-id=\"84e7011\" data-element_type=\"column\">\n\t\t\t<div class=\"elementor-column-wrap elementor-element-populated\">\n\t\t\t\t\t\t\t<div class=\"elementor-widget-wrap\">\n\t\t\t\t\t\t<div class=\"elementor-element elementor-element-29b06eb elementor-position-left elementor-vertical-align-top elementor-widget elementor-widget-image-box\" data-id=\"29b06eb\" data-element_type=\"widget\" data-widget_type=\"image-box.default\">\n\t\t\t\t<div class=\"elementor-widget-container\">\n\t\t\t<div class=\"elementor-image-box-wrapper\"><figure class=\"elementor-image-box-img\"><img width=\"654\" height=\"960\" src=\"https:\/\/www.uta.cl\/wp-content\/uploads\/2024\/09\/Curso-Dra.-Patricia-D.-Quijada.jpg\" class=\"attachment-medium_large size-medium_large\" alt=\"\" loading=\"lazy\" srcset=\"https:\/\/www.uta.cl\/wp-content\/uploads\/2024\/09\/Curso-Dra.-Patricia-D.-Quijada.jpg 654w, https:\/\/www.uta.cl\/wp-content\/uploads\/2024\/09\/Curso-Dra.-Patricia-D.-Quijada-204x300.jpg 204w\" sizes=\"(max-width: 654px) 100vw, 654px\" \/><\/figure><div class=\"elementor-image-box-content\"><h3 class=\"elementor-image-box-title\">Curso \"Recuperaci\u00f3n del conocimiento ind\u00edgena y autodeterminaci\u00f3n en educaci\u00f3n\", dictado por la acad\u00e9mica de la Universidad de California, Ph.D. Patricia D. Quijada Cerecer.<\/h3><p class=\"elementor-image-box-description\">La visita internacional de la acad\u00e9mica especialista en educaci\u00f3n, se desarroll\u00f3 durante el mes de noviembre, periodo en el cual dict\u00f3 el curso \u00abRecuperaci\u00f3n del conocimiento ind\u00edgena y autodeterminaci\u00f3n en educaci\u00f3n\u00bb, dirigido a acad\u00e9micos\/as UTA y docentes del sistema educativo regional. dict\u00f3 una charla dirigida a estudiantes de pedagog\u00eda de la Universidad de Tarapac\u00e1.\n\n<\/p><\/div><\/div>\t\t<\/div>\n\t\t\t\t<\/div>\n\t\t\t\t\t\t<\/div>\n\t\t\t\t\t<\/div>\n\t\t<\/div>\n\t\t\t\t\t\t\t\t<\/div>\n\t\t\t\t\t<\/div>\n\t\t<\/section>\n\t\t\t\t\t\t<\/div>\n\t\t\t\t\t<\/div>\n\t\t<\/div>\n\t\t\t\t\t\t\t\t<\/div>\n\t\t\t\t\t<\/div>\n\t\t<\/section>\n\t\t\t\t\t\t<\/div>\n\t\t\t\t\t\t<\/div>\n\t\t\t\t\t<\/div>\n\t\t","protected":false},"excerpt":{"rendered":"<p>Noticias Centro Educar En esta secci\u00f3n se encuentran las actividades realizadas por el Centro EDUCAR para el perfeccionamiento docente en la regi\u00f3n de Arica y Parinacota. Aqu\u00ed se recopilan las iniciativas y eventos dise\u00f1ados para apoyar a los educadores en su desarrollo profesional, como talleres, capacitaciones, charlas y colaboraciones con instituciones destacadas a nivel nacional [&hellip;]<\/p>\n","protected":false},"author":13,"featured_media":0,"parent":0,"menu_order":0,"comment_status":"closed","ping_status":"closed","template":"elementor_header_footer","meta":[],"_links":{"self":[{"href":"https:\/\/www.uta.cl\/index.php\/wp-json\/wp\/v2\/pages\/60799"}],"collection":[{"href":"https:\/\/www.uta.cl\/index.php\/wp-json\/wp\/v2\/pages"}],"about":[{"href":"https:\/\/www.uta.cl\/index.php\/wp-json\/wp\/v2\/types\/page"}],"author":[{"embeddable":true,"href":"https:\/\/www.uta.cl\/index.php\/wp-json\/wp\/v2\/users\/13"}],"replies":[{"embeddable":true,"href":"https:\/\/www.uta.cl\/index.php\/wp-json\/wp\/v2\/comments?post=60799"}],"version-history":[{"count":35,"href":"https:\/\/www.uta.cl\/index.php\/wp-json\/wp\/v2\/pages\/60799\/revisions"}],"predecessor-version":[{"id":65099,"href":"https:\/\/www.uta.cl\/index.php\/wp-json\/wp\/v2\/pages\/60799\/revisions\/65099"}],"wp:attachment":[{"href":"https:\/\/www.uta.cl\/index.php\/wp-json\/wp\/v2\/media?parent=60799"}],"curies":[{"name":"wp","href":"https:\/\/api.w.org\/{rel}","templated":true}]}}