{"id":60731,"date":"2024-09-09T13:16:53","date_gmt":"2024-09-09T13:16:53","guid":{"rendered":"https:\/\/www.uta.cl\/?page_id=60731"},"modified":"2025-01-28T13:40:46","modified_gmt":"2025-01-28T13:40:46","slug":"centro-educar","status":"publish","type":"page","link":"https:\/\/www.uta.cl\/index.php\/centro-educar\/","title":{"rendered":"Centro Educar &#8211; Inicio"},"content":{"rendered":"\t\t<div data-elementor-type=\"wp-post\" data-elementor-id=\"60731\" class=\"elementor elementor-60731\" data-elementor-settings=\"[]\">\n\t\t\t\t\t\t<div class=\"elementor-inner\">\n\t\t\t\t\t\t\t<div class=\"elementor-section-wrap\">\n\t\t\t\t\t\t\t<section class=\"elementor-section elementor-top-section elementor-element elementor-element-5aac37c elementor-section-full_width elementor-section-height-default elementor-section-height-default\" data-id=\"5aac37c\" data-element_type=\"section\">\n\t\t\t\t\t\t<div class=\"elementor-container elementor-column-gap-default\">\n\t\t\t\t\t\t\t<div class=\"elementor-row\">\n\t\t\t\t\t<div class=\"elementor-column elementor-col-100 elementor-top-column elementor-element elementor-element-6c65c3f\" data-id=\"6c65c3f\" data-element_type=\"column\">\n\t\t\t<div class=\"elementor-column-wrap elementor-element-populated\">\n\t\t\t\t\t\t\t<div class=\"elementor-widget-wrap\">\n\t\t\t\t\t\t<section class=\"elementor-section elementor-inner-section elementor-element elementor-element-000ca4d elementor-section-boxed elementor-section-height-default elementor-section-height-default\" data-id=\"000ca4d\" data-element_type=\"section\">\n\t\t\t\t\t\t<div class=\"elementor-container elementor-column-gap-default\">\n\t\t\t\t\t\t\t<div class=\"elementor-row\">\n\t\t\t\t\t<div class=\"elementor-column elementor-col-100 elementor-inner-column elementor-element elementor-element-db99d55\" data-id=\"db99d55\" data-element_type=\"column\">\n\t\t\t<div class=\"elementor-column-wrap elementor-element-populated\">\n\t\t\t\t\t\t\t<div class=\"elementor-widget-wrap\">\n\t\t\t\t\t\t<div class=\"elementor-element elementor-element-9020a4d elementor-nav-menu__align-right elementor-nav-menu--dropdown-mobile elementor-nav-menu--stretch elementor-nav-menu__text-align-center elementor-nav-menu--indicator-classic elementor-nav-menu--toggle elementor-nav-menu--burger elementor-widget elementor-widget-nav-menu\" data-id=\"9020a4d\" data-element_type=\"widget\" data-settings=\"{&quot;full_width&quot;:&quot;stretch&quot;,&quot;layout&quot;:&quot;horizontal&quot;,&quot;toggle&quot;:&quot;burger&quot;}\" data-widget_type=\"nav-menu.default\">\n\t\t\t\t<div class=\"elementor-widget-container\">\n\t\t\t\t\t\t<nav role=\"navigation\" class=\"elementor-nav-menu--main elementor-nav-menu__container elementor-nav-menu--layout-horizontal e--pointer-background e--animation-grow\"><ul id=\"menu-1-9020a4d\" class=\"elementor-nav-menu\"><li class=\"menu-item menu-item-type-post_type menu-item-object-page menu-item-60847\"><a href=\"https:\/\/www.uta.cl\/index.php\/centro-educar\/\" class=\"elementor-item\">Inicio<\/a><\/li>\n<li class=\"menu-item menu-item-type-post_type menu-item-object-page menu-item-60846\"><a href=\"https:\/\/www.uta.cl\/index.php\/centro-educar-quienes-somos\/\" class=\"elementor-item\">Qui\u00e9nes Somos<\/a><\/li>\n<li class=\"menu-item menu-item-type-post_type menu-item-object-page menu-item-60845\"><a href=\"https:\/\/www.uta.cl\/index.php\/centro-educar-red-escolar-yatichana\/\" class=\"elementor-item\">Red Escolar Yaticha\u00f1a<\/a><\/li>\n<li class=\"menu-item menu-item-type-post_type menu-item-object-page menu-item-60844\"><a href=\"https:\/\/www.uta.cl\/index.php\/centro-educar-innovacion-e-investigacion-docente\/\" class=\"elementor-item\">Innovaci\u00f3n e Investigaci\u00f3n<\/a><\/li>\n<li class=\"menu-item menu-item-type-post_type menu-item-object-page menu-item-60842\"><a href=\"https:\/\/www.uta.cl\/index.php\/centro-educar-noticias\/\" class=\"elementor-item\">Noticias<\/a><\/li>\n<li class=\"menu-item menu-item-type-post_type menu-item-object-page menu-item-60912\"><a href=\"https:\/\/www.uta.cl\/index.php\/centro-educar-coleccion-educar\/\" class=\"elementor-item\">Colecci\u00f3n<\/a><\/li>\n<\/ul><\/nav>\n\t\t\t\t\t<div class=\"elementor-menu-toggle\" role=\"button\" tabindex=\"0\" aria-label=\"Alternar men\u00fa\" aria-expanded=\"false\">\n\t\t\t<i class=\"eicon-menu-bar\" aria-hidden=\"true\"><\/i>\n\t\t\t<span class=\"elementor-screen-only\">Men\u00fa<\/span>\n\t\t<\/div>\n\t\t\t<nav class=\"elementor-nav-menu--dropdown elementor-nav-menu__container\" role=\"navigation\" aria-hidden=\"true\"><ul id=\"menu-2-9020a4d\" class=\"elementor-nav-menu\"><li class=\"menu-item menu-item-type-post_type menu-item-object-page menu-item-60847\"><a href=\"https:\/\/www.uta.cl\/index.php\/centro-educar\/\" class=\"elementor-item\">Inicio<\/a><\/li>\n<li class=\"menu-item menu-item-type-post_type menu-item-object-page menu-item-60846\"><a href=\"https:\/\/www.uta.cl\/index.php\/centro-educar-quienes-somos\/\" class=\"elementor-item\">Qui\u00e9nes Somos<\/a><\/li>\n<li class=\"menu-item menu-item-type-post_type menu-item-object-page menu-item-60845\"><a href=\"https:\/\/www.uta.cl\/index.php\/centro-educar-red-escolar-yatichana\/\" class=\"elementor-item\">Red Escolar Yaticha\u00f1a<\/a><\/li>\n<li class=\"menu-item menu-item-type-post_type menu-item-object-page menu-item-60844\"><a href=\"https:\/\/www.uta.cl\/index.php\/centro-educar-innovacion-e-investigacion-docente\/\" class=\"elementor-item\">Innovaci\u00f3n e Investigaci\u00f3n<\/a><\/li>\n<li class=\"menu-item menu-item-type-post_type menu-item-object-page menu-item-60842\"><a href=\"https:\/\/www.uta.cl\/index.php\/centro-educar-noticias\/\" class=\"elementor-item\">Noticias<\/a><\/li>\n<li class=\"menu-item menu-item-type-post_type menu-item-object-page menu-item-60912\"><a href=\"https:\/\/www.uta.cl\/index.php\/centro-educar-coleccion-educar\/\" class=\"elementor-item\">Colecci\u00f3n<\/a><\/li>\n<\/ul><\/nav>\n\t\t\t\t<\/div>\n\t\t\t\t<\/div>\n\t\t\t\t\t\t<\/div>\n\t\t\t\t\t<\/div>\n\t\t<\/div>\n\t\t\t\t\t\t\t\t<\/div>\n\t\t\t\t\t<\/div>\n\t\t<\/section>\n\t\t\t\t<div class=\"elementor-element elementor-element-1127d3b elementor--h-position-center elementor--v-position-middle elementor-arrows-position-inside elementor-pagination-position-inside elementor-widget elementor-widget-slides\" data-id=\"1127d3b\" data-element_type=\"widget\" data-settings=\"{&quot;navigation&quot;:&quot;both&quot;,&quot;autoplay&quot;:&quot;yes&quot;,&quot;autoplay_speed&quot;:5000,&quot;infinite&quot;:&quot;yes&quot;,&quot;transition&quot;:&quot;slide&quot;,&quot;transition_speed&quot;:500}\" data-widget_type=\"slides.default\">\n\t\t\t\t<div class=\"elementor-widget-container\">\n\t\t\t\t\t<div class=\"elementor-swiper\">\n\t\t\t<div class=\"elementor-slides-wrapper elementor-main-swiper swiper-container\" dir=\"ltr\" data-animation=\"fadeInRight\">\n\t\t\t\t<div class=\"swiper-wrapper elementor-slides\">\n\t\t\t\t\t<div class=\"elementor-repeater-item-2673023 swiper-slide\"><div class=\"swiper-slide-bg elementor-ken-burns elementor-ken-burns--out\"><\/div><div class=\"elementor-background-overlay\"><\/div><div class=\"swiper-slide-inner\" ><div class=\"swiper-slide-contents\"><\/div><\/div><\/div>\t\t\t\t<\/div>\n\t\t\t\t\t\t\t<\/div>\n\t\t<\/div>\n\t\t\t\t<\/div>\n\t\t\t\t<\/div>\n\t\t\t\t\t\t<\/div>\n\t\t\t\t\t<\/div>\n\t\t<\/div>\n\t\t\t\t\t\t\t\t<\/div>\n\t\t\t\t\t<\/div>\n\t\t<\/section>\n\t\t\t\t<section class=\"elementor-section elementor-top-section elementor-element elementor-element-d663fd6 elementor-section-boxed elementor-section-height-default elementor-section-height-default\" data-id=\"d663fd6\" data-element_type=\"section\" data-settings=\"{&quot;background_background&quot;:&quot;classic&quot;,&quot;background_image&quot;:{&quot;url&quot;:&quot;&quot;,&quot;id&quot;:&quot;&quot;},&quot;background_image_tablet&quot;:{&quot;url&quot;:&quot;&quot;,&quot;id&quot;:&quot;&quot;},&quot;background_image_mobile&quot;:{&quot;url&quot;:&quot;&quot;,&quot;id&quot;:&quot;&quot;}}\">\n\t\t\t\t\t\t<div class=\"elementor-container elementor-column-gap-default\">\n\t\t\t\t\t\t\t<div class=\"elementor-row\">\n\t\t\t\t\t<div class=\"elementor-column elementor-col-100 elementor-top-column elementor-element elementor-element-b74581e\" data-id=\"b74581e\" data-element_type=\"column\">\n\t\t\t<div class=\"elementor-column-wrap elementor-element-populated\">\n\t\t\t\t\t\t\t<div class=\"elementor-widget-wrap\">\n\t\t\t\t\t\t<div class=\"elementor-element elementor-element-cb1f252 elementor-widget elementor-widget-heading\" data-id=\"cb1f252\" data-element_type=\"widget\" data-widget_type=\"heading.default\">\n\t\t\t\t<div class=\"elementor-widget-container\">\n\t\t\t<h2 class=\"elementor-heading-title elementor-size-default\">Centro de Vinculaci\u00f3n, Innovaci\u00f3n e Investigaci\u00f3n en Educaci\u00f3n (EDUCAR)<\/h2>\t\t<\/div>\n\t\t\t\t<\/div>\n\t\t\t\t<div class=\"elementor-element elementor-element-80be825 elementor-widget-divider--view-line elementor-widget elementor-widget-divider\" data-id=\"80be825\" data-element_type=\"widget\" data-widget_type=\"divider.default\">\n\t\t\t\t<div class=\"elementor-widget-container\">\n\t\t\t\t\t<div class=\"elementor-divider\">\n\t\t\t<span class=\"elementor-divider-separator\">\n\t\t\t\t\t\t<\/span>\n\t\t<\/div>\n\t\t\t\t<\/div>\n\t\t\t\t<\/div>\n\t\t\t\t<div class=\"elementor-element elementor-element-54a9969 elementor-widget elementor-widget-spacer\" data-id=\"54a9969\" data-element_type=\"widget\" data-widget_type=\"spacer.default\">\n\t\t\t\t<div class=\"elementor-widget-container\">\n\t\t\t\t\t<div class=\"elementor-spacer\">\n\t\t\t<div class=\"elementor-spacer-inner\"><\/div>\n\t\t<\/div>\n\t\t\t\t<\/div>\n\t\t\t\t<\/div>\n\t\t\t\t<section class=\"elementor-section elementor-inner-section elementor-element elementor-element-8b4e1fc elementor-section-boxed elementor-section-height-default elementor-section-height-default\" data-id=\"8b4e1fc\" data-element_type=\"section\">\n\t\t\t\t\t\t<div class=\"elementor-container elementor-column-gap-default\">\n\t\t\t\t\t\t\t<div class=\"elementor-row\">\n\t\t\t\t\t<div class=\"elementor-column elementor-col-100 elementor-inner-column elementor-element elementor-element-612404e\" data-id=\"612404e\" data-element_type=\"column\">\n\t\t\t<div class=\"elementor-column-wrap elementor-element-populated\">\n\t\t\t\t\t\t\t<div class=\"elementor-widget-wrap\">\n\t\t\t\t\t\t<div class=\"elementor-element elementor-element-22e651b elementor-widget elementor-widget-text-editor\" data-id=\"22e651b\" data-element_type=\"widget\" data-widget_type=\"text-editor.default\">\n\t\t\t\t<div class=\"elementor-widget-container\">\n\t\t\t\t\t<div class=\"elementor-text-editor elementor-clearfix\"><p><img loading=\"lazy\" class=\"size-medium wp-image-60883 alignleft\" src=\"https:\/\/www.uta.cl\/wp-content\/uploads\/2024\/09\/centro-educar-web-300x175.png\" alt=\"\" width=\"300\" height=\"175\" srcset=\"https:\/\/www.uta.cl\/wp-content\/uploads\/2024\/09\/centro-educar-web-300x175.png 300w, https:\/\/www.uta.cl\/wp-content\/uploads\/2024\/09\/centro-educar-web-1024x597.png 1024w, https:\/\/www.uta.cl\/wp-content\/uploads\/2024\/09\/centro-educar-web-768x448.png 768w, https:\/\/www.uta.cl\/wp-content\/uploads\/2024\/09\/centro-educar-web-1536x895.png 1536w, https:\/\/www.uta.cl\/wp-content\/uploads\/2024\/09\/centro-educar-web.png 1838w\" sizes=\"(max-width: 300px) 100vw, 300px\" \/><\/p><p>El Centro de Vinculaci\u00f3n, Innovaci\u00f3n e Investigaci\u00f3n en Educaci\u00f3n (EDUCAR) de la Universidad de Tarapac\u00e1, es el organismo encargado de articular el sistema escolar regional con la universidad y con las tareas que esta desarrolla en el \u00e1mbito de la formaci\u00f3n de profesores. Entendi\u00e9ndose por articulaci\u00f3n o vinculaci\u00f3n el desarrollo de acciones diversas, de car\u00e1cter sim\u00e9trico y bidireccional, y con fines de cooperaci\u00f3n y beneficio mutuos, que tienen como objetivo hacer coherentes el trabajo acad\u00e9mico e investigativo que se realiza en la universidad para formar a los mejores profesionales docentes que el sistema requiere y las acciones que lleva a cabo la escuela para garantizar el aprendizaje de sus alumnos.<\/p><p>El punto de partida para la consecuci\u00f3n de los prop\u00f3sitos del Centro es que la pr\u00e1ctica docente es la base desde y sobre la cual deben ser construidos los procesos de formaci\u00f3n inicial docente con foco en los aprendizajes de los estudiantes (Ball y Cohen, 1999<a href=\"https:\/\/educacionymigracion.cl\/centro-educar\/#_ftn1\" name=\"_ftnref1\">[1]<\/a>; Lampert, 2003<a href=\"https:\/\/educacionymigracion.cl\/centro-educar\/#_ftn2\" name=\"_ftnref2\">[2]<\/a>). Esta decisi\u00f3n se fundamenta en que, hasta ahora, la formaci\u00f3n y actualizaci\u00f3n de los profesores ha estado basada en una visi\u00f3n curricular de los aprendizajes, sin considerar ni las necesidades ni los problemas de los profesores cuando est\u00e1n ense\u00f1ando en aula, y en total desconexi\u00f3n con la complejidad que revisten estudiantes y contextos diversos. Por otra parte, el aprendizaje para una formaci\u00f3n docente desde la pr\u00e1ctica permite desarraigar la idea de que la ense\u00f1anza proviene m\u00e1s del ejercicio del sentido com\u00fan que de un aprendizaje profesional de car\u00e1cter continuo (Ball y Cohen, 1999; Shulman, 1986<a href=\"https:\/\/educacionymigracion.cl\/centro-educar\/#_ftn1\" name=\"_ftnref1\">[1]<\/a>; 1987<a href=\"https:\/\/educacionymigracion.cl\/centro-educar\/#_ftn2\" name=\"_ftnref2\">[2]<\/a>).<\/p><p>El foco del Centro EDUCAR en la pr\u00e1ctica permite, por una parte, el desarrollo de una investigaci\u00f3n que ampl\u00ede el conocimiento para la formaci\u00f3n docente y, por otra, la generaci\u00f3n de conocimientos para que los profesores en el aula puedan hacer m\u00e1s eficaces sus pr\u00e1cticas y mejorar los aprendizajes de sus alumnos.<\/p><\/div>\n\t\t\t\t<\/div>\n\t\t\t\t<\/div>\n\t\t\t\t<div class=\"elementor-element elementor-element-b681af8 elementor-widget elementor-widget-image\" data-id=\"b681af8\" data-element_type=\"widget\" data-widget_type=\"image.default\">\n\t\t\t\t<div class=\"elementor-widget-container\">\n\t\t\t\t\t<div class=\"elementor-image\">\n\t\t\t\t\t\t\t\t\t\t<img width=\"1024\" height=\"575\" src=\"https:\/\/www.uta.cl\/wp-content\/uploads\/2025\/01\/1731339434278-1024x575.jpg\" class=\"attachment-large size-large\" alt=\"\" loading=\"lazy\" srcset=\"https:\/\/www.uta.cl\/wp-content\/uploads\/2025\/01\/1731339434278-1024x575.jpg 1024w, https:\/\/www.uta.cl\/wp-content\/uploads\/2025\/01\/1731339434278-300x168.jpg 300w, https:\/\/www.uta.cl\/wp-content\/uploads\/2025\/01\/1731339434278-768x431.jpg 768w, https:\/\/www.uta.cl\/wp-content\/uploads\/2025\/01\/1731339434278-1536x862.jpg 1536w, https:\/\/www.uta.cl\/wp-content\/uploads\/2025\/01\/1731339434278-2048x1150.jpg 2048w\" sizes=\"(max-width: 1024px) 100vw, 1024px\" \/>\t\t\t\t\t\t\t\t\t\t\t<\/div>\n\t\t\t\t<\/div>\n\t\t\t\t<\/div>\n\t\t\t\t<div class=\"elementor-element elementor-element-e905104 elementor-widget elementor-widget-text-editor\" data-id=\"e905104\" data-element_type=\"widget\" data-widget_type=\"text-editor.default\">\n\t\t\t\t<div class=\"elementor-widget-container\">\n\t\t\t\t\t<div class=\"elementor-text-editor elementor-clearfix\"><p><strong>Misi\u00f3n<\/strong><\/p><p>De lo anterior, se desprende como aspecto esencial para el Centro, la siguiente declaraci\u00f3n de misi\u00f3n:<\/p><p>\u201cEl Centro de Vinculaci\u00f3n, Innovaci\u00f3n e Investigaci\u00f3n en Educaci\u00f3n tiene como prop\u00f3sito fundamental apoyar al mejoramiento de la eficacia del sistema educativo escolar de la regi\u00f3n de Arica y Parinacota y de la regi\u00f3n de Tarapac\u00e1; as\u00ed como los rendimientos acad\u00e9micos y aprendizajes de sus estudiantes\u201d.<\/p><\/div>\n\t\t\t\t<\/div>\n\t\t\t\t<\/div>\n\t\t\t\t<div class=\"elementor-element elementor-element-8fe5ae1 elementor-widget elementor-widget-spacer\" data-id=\"8fe5ae1\" data-element_type=\"widget\" data-widget_type=\"spacer.default\">\n\t\t\t\t<div class=\"elementor-widget-container\">\n\t\t\t\t\t<div class=\"elementor-spacer\">\n\t\t\t<div class=\"elementor-spacer-inner\"><\/div>\n\t\t<\/div>\n\t\t\t\t<\/div>\n\t\t\t\t<\/div>\n\t\t\t\t<div class=\"elementor-element elementor-element-81a627b elementor-widget elementor-widget-heading\" data-id=\"81a627b\" data-element_type=\"widget\" data-widget_type=\"heading.default\">\n\t\t\t\t<div class=\"elementor-widget-container\">\n\t\t\t<h2 class=\"elementor-heading-title elementor-size-default\">Noticias del Centro Educar<\/h2>\t\t<\/div>\n\t\t\t\t<\/div>\n\t\t\t\t<div class=\"elementor-element elementor-element-0676e0d elementor-grid-3 elementor-grid-tablet-2 elementor-grid-mobile-1 elementor-posts--thumbnail-top elementor-widget elementor-widget-posts\" data-id=\"0676e0d\" data-element_type=\"widget\" data-settings=\"{&quot;classic_columns&quot;:&quot;3&quot;,&quot;classic_columns_tablet&quot;:&quot;2&quot;,&quot;classic_columns_mobile&quot;:&quot;1&quot;,&quot;classic_row_gap&quot;:{&quot;unit&quot;:&quot;px&quot;,&quot;size&quot;:35,&quot;sizes&quot;:[]}}\" data-widget_type=\"posts.classic\">\n\t\t\t\t<div class=\"elementor-widget-container\">\n\t\t\t\t\t<div class=\"elementor-posts-container elementor-posts elementor-posts--skin-classic elementor-grid\">\n\t\t\t\t<article class=\"elementor-post elementor-grid-item post-65155 post type-post status-publish format-standard has-post-thumbnail hentry category-centro-educar entry has-media\">\n\t\t\t\t<a class=\"elementor-post__thumbnail__link\" href=\"https:\/\/www.uta.cl\/index.php\/2025\/01\/28\/talleres-para-lideres-intermedios-de-la-region-de-arica-y-parinacota\/\" >\n\t\t\t<div class=\"elementor-post__thumbnail\"><img width=\"300\" height=\"225\" src=\"https:\/\/www.uta.cl\/wp-content\/uploads\/2025\/01\/unnamed-12-300x225.jpg\" class=\"attachment-medium size-medium\" alt=\"\" loading=\"lazy\" srcset=\"https:\/\/www.uta.cl\/wp-content\/uploads\/2025\/01\/unnamed-12-300x225.jpg 300w, https:\/\/www.uta.cl\/wp-content\/uploads\/2025\/01\/unnamed-12-768x576.jpg 768w, https:\/\/www.uta.cl\/wp-content\/uploads\/2025\/01\/unnamed-12.jpg 1024w\" sizes=\"(max-width: 300px) 100vw, 300px\" \/><\/div>\n\t\t<\/a>\n\t\t\t\t<div class=\"elementor-post__text\">\n\t\t\t\t<h3 class=\"elementor-post__title\">\n\t\t\t<a href=\"https:\/\/www.uta.cl\/index.php\/2025\/01\/28\/talleres-para-lideres-intermedios-de-la-region-de-arica-y-parinacota\/\" >\n\t\t\t\tTalleres para L\u00edderes Intermedios de la Regi\u00f3n de Arica y Parinacota\t\t\t<\/a>\n\t\t<\/h3>\n\t\t\t\t<div class=\"elementor-post__excerpt\">\n\t\t\t<p>Importantes personalidades del sistema educativo arique\u00f1o participaron de un ciclo de talleres organizados por el Centro de Innovaci\u00f3n de Liderazgo Educativo (CILED) en conjunto con la Facultad de Educaci\u00f3n y Humanidades (FEH) de la Universidad de Tarapac\u00e1 (UTA).<\/p>\n\t\t<\/div>\n\t\t\t\t<\/div>\n\t\t\t\t<\/article>\n\t\t\t\t<article class=\"elementor-post elementor-grid-item post-65151 post type-post status-publish format-standard has-post-thumbnail hentry category-centro-educar entry has-media\">\n\t\t\t\t<a class=\"elementor-post__thumbnail__link\" href=\"https:\/\/www.uta.cl\/index.php\/2025\/01\/28\/seminario-de-educacion-diagnostico-y-perspectivas-de-desarrollo-en-la-educacion-del-norte-de-chile\/\" >\n\t\t\t<div class=\"elementor-post__thumbnail\"><img width=\"300\" height=\"169\" src=\"https:\/\/www.uta.cl\/wp-content\/uploads\/2025\/01\/unnamed-1-6-300x169.jpg\" class=\"attachment-medium size-medium\" alt=\"\" loading=\"lazy\" srcset=\"https:\/\/www.uta.cl\/wp-content\/uploads\/2025\/01\/unnamed-1-6-300x169.jpg 300w, https:\/\/www.uta.cl\/wp-content\/uploads\/2025\/01\/unnamed-1-6-1024x576.jpg 1024w, https:\/\/www.uta.cl\/wp-content\/uploads\/2025\/01\/unnamed-1-6-768x432.jpg 768w, https:\/\/www.uta.cl\/wp-content\/uploads\/2025\/01\/unnamed-1-6-1536x864.jpg 1536w, https:\/\/www.uta.cl\/wp-content\/uploads\/2025\/01\/unnamed-1-6.jpg 1599w\" sizes=\"(max-width: 300px) 100vw, 300px\" \/><\/div>\n\t\t<\/a>\n\t\t\t\t<div class=\"elementor-post__text\">\n\t\t\t\t<h3 class=\"elementor-post__title\">\n\t\t\t<a href=\"https:\/\/www.uta.cl\/index.php\/2025\/01\/28\/seminario-de-educacion-diagnostico-y-perspectivas-de-desarrollo-en-la-educacion-del-norte-de-chile\/\" >\n\t\t\t\tSeminario de Educaci\u00f3n: \u201cDiagn\u00f3stico y perspectivas de desarrollo en la educaci\u00f3n del norte de Chile\u201d\t\t\t<\/a>\n\t\t<\/h3>\n\t\t\t\t<div class=\"elementor-post__excerpt\">\n\t\t\t<p>Con una alta convocatoria se vivi\u00f3 el Seminario de Educaci\u00f3n organizado por la Universidad de Tarapac\u00e1 (UTA) Sede Iquique en colaboraci\u00f3n con el Centro de Innovaci\u00f3n y Liderazgo Educativo (CILED).<\/p>\n\t\t<\/div>\n\t\t\t\t<\/div>\n\t\t\t\t<\/article>\n\t\t\t\t<article class=\"elementor-post elementor-grid-item post-65148 post type-post status-publish format-standard has-post-thumbnail hentry category-centro-educar entry has-media\">\n\t\t\t\t<a class=\"elementor-post__thumbnail__link\" href=\"https:\/\/www.uta.cl\/index.php\/2025\/01\/28\/programa-para-el-desarrollo-del-liderazgo-y-competencias-directivas-de-las-escuelas-del-servicio-local-taller-tp-liderazgo-eficaz-para-la-toma-de-decisiones\/\" >\n\t\t\t<div class=\"elementor-post__thumbnail\"><img width=\"300\" height=\"225\" src=\"https:\/\/www.uta.cl\/wp-content\/uploads\/2025\/01\/unnamed-11-300x225.jpg\" class=\"attachment-medium size-medium\" alt=\"\" loading=\"lazy\" srcset=\"https:\/\/www.uta.cl\/wp-content\/uploads\/2025\/01\/unnamed-11-300x225.jpg 300w, https:\/\/www.uta.cl\/wp-content\/uploads\/2025\/01\/unnamed-11-1024x768.jpg 1024w, https:\/\/www.uta.cl\/wp-content\/uploads\/2025\/01\/unnamed-11-768x576.jpg 768w, https:\/\/www.uta.cl\/wp-content\/uploads\/2025\/01\/unnamed-11-1536x1152.jpg 1536w, https:\/\/www.uta.cl\/wp-content\/uploads\/2025\/01\/unnamed-11.jpg 1600w\" sizes=\"(max-width: 300px) 100vw, 300px\" \/><\/div>\n\t\t<\/a>\n\t\t\t\t<div class=\"elementor-post__text\">\n\t\t\t\t<h3 class=\"elementor-post__title\">\n\t\t\t<a href=\"https:\/\/www.uta.cl\/index.php\/2025\/01\/28\/programa-para-el-desarrollo-del-liderazgo-y-competencias-directivas-de-las-escuelas-del-servicio-local-taller-tp-liderazgo-eficaz-para-la-toma-de-decisiones\/\" >\n\t\t\t\tPrograma para el Desarrollo del Liderazgo y Competencias Directivas de las Escuelas del Servicio Local: Taller TP \u201cLiderazgo eficaz para la toma de decisiones\u201d\t\t\t<\/a>\n\t\t<\/h3>\n\t\t\t\t<div class=\"elementor-post__excerpt\">\n\t\t\t<p>En el marco del programa de liderazgo, elaborado para el Servicio de Educaci\u00f3n P\u00fablica Chinchorro (SLEPCH), el Centro de Innovaci\u00f3n en Liderazgo Educativo (CILED) realiz\u00f3 un taller para los directores de los establecimientos de Educaci\u00f3n Media T\u00e9cnico Profesional (EMTP) de la ciudad de Arica en la Universidad de Tarapac\u00e1 (UTA).<\/p>\n\t\t<\/div>\n\t\t\t\t<\/div>\n\t\t\t\t<\/article>\n\t\t\t\t<article class=\"elementor-post elementor-grid-item post-65145 post type-post status-publish format-standard has-post-thumbnail hentry category-centro-educar entry has-media\">\n\t\t\t\t<a class=\"elementor-post__thumbnail__link\" href=\"https:\/\/www.uta.cl\/index.php\/2025\/01\/28\/charla-magistral-neurodiversidad-en-positivo-como-garantizar-la-participacion-de-estudiantes-neurodivergentes\/\" >\n\t\t\t<div class=\"elementor-post__thumbnail\"><img width=\"300\" height=\"225\" src=\"https:\/\/www.uta.cl\/wp-content\/uploads\/2025\/01\/unnamed-10-300x225.jpg\" class=\"attachment-medium size-medium\" alt=\"\" loading=\"lazy\" srcset=\"https:\/\/www.uta.cl\/wp-content\/uploads\/2025\/01\/unnamed-10-300x225.jpg 300w, https:\/\/www.uta.cl\/wp-content\/uploads\/2025\/01\/unnamed-10-1024x768.jpg 1024w, https:\/\/www.uta.cl\/wp-content\/uploads\/2025\/01\/unnamed-10-768x576.jpg 768w, https:\/\/www.uta.cl\/wp-content\/uploads\/2025\/01\/unnamed-10-1536x1152.jpg 1536w, https:\/\/www.uta.cl\/wp-content\/uploads\/2025\/01\/unnamed-10.jpg 1600w\" sizes=\"(max-width: 300px) 100vw, 300px\" \/><\/div>\n\t\t<\/a>\n\t\t\t\t<div class=\"elementor-post__text\">\n\t\t\t\t<h3 class=\"elementor-post__title\">\n\t\t\t<a href=\"https:\/\/www.uta.cl\/index.php\/2025\/01\/28\/charla-magistral-neurodiversidad-en-positivo-como-garantizar-la-participacion-de-estudiantes-neurodivergentes\/\" >\n\t\t\t\tCharla Magistral: \u201cNeurodiversidad en Positivo: \u00bfC\u00f3mo garantizar la participaci\u00f3n de estudiantes neurodivergentes?\u201d\t\t\t<\/a>\n\t\t<\/h3>\n\t\t\t\t<div class=\"elementor-post__excerpt\">\n\t\t\t<p>La Universidad de Tarapac\u00e1 (UTA) junto a la Universidad del Desarrollo (UDD) e Integratepie reuni\u00f3 a 300 asistentes en el evento \u201cNeurodiversidad en Positivo: \u00bfC\u00f3mo garantizar la participaci\u00f3n de estudiantes neurodivergentes?\u201d impartido por la especialista en autismo y neurodiversidad Tatiana Luis.<\/p>\n\t\t<\/div>\n\t\t\t\t<\/div>\n\t\t\t\t<\/article>\n\t\t\t\t<article class=\"elementor-post elementor-grid-item post-65142 post type-post status-publish format-standard has-post-thumbnail hentry category-centro-educar entry has-media\">\n\t\t\t\t<a class=\"elementor-post__thumbnail__link\" href=\"https:\/\/www.uta.cl\/index.php\/2025\/01\/28\/pilotaje-evaluacion-de-medio-termino-emt-para-las-carreras-de-pedagogia-de-la-universidad-de-tarapaca\/\" >\n\t\t\t<div class=\"elementor-post__thumbnail\"><img width=\"300\" height=\"225\" src=\"https:\/\/www.uta.cl\/wp-content\/uploads\/2025\/01\/unnamed-1-5-300x225.jpg\" class=\"attachment-medium size-medium\" alt=\"\" loading=\"lazy\" srcset=\"https:\/\/www.uta.cl\/wp-content\/uploads\/2025\/01\/unnamed-1-5-300x225.jpg 300w, https:\/\/www.uta.cl\/wp-content\/uploads\/2025\/01\/unnamed-1-5-1024x768.jpg 1024w, https:\/\/www.uta.cl\/wp-content\/uploads\/2025\/01\/unnamed-1-5-768x576.jpg 768w, https:\/\/www.uta.cl\/wp-content\/uploads\/2025\/01\/unnamed-1-5-1536x1152.jpg 1536w, https:\/\/www.uta.cl\/wp-content\/uploads\/2025\/01\/unnamed-1-5.jpg 1600w\" sizes=\"(max-width: 300px) 100vw, 300px\" \/><\/div>\n\t\t<\/a>\n\t\t\t\t<div class=\"elementor-post__text\">\n\t\t\t\t<h3 class=\"elementor-post__title\">\n\t\t\t<a href=\"https:\/\/www.uta.cl\/index.php\/2025\/01\/28\/pilotaje-evaluacion-de-medio-termino-emt-para-las-carreras-de-pedagogia-de-la-universidad-de-tarapaca\/\" >\n\t\t\t\t\u201cPilotaje: Evaluaci\u00f3n de Medio T\u00e9rmino (EMT) para las carreras de pedagog\u00eda de la Universidad de Tarapac\u00e1\u201d\t\t\t<\/a>\n\t\t<\/h3>\n\t\t\t\t<div class=\"elementor-post__excerpt\">\n\t\t\t<p>El Centro Educar aplic\u00f3 el pilotaje para la EMT 2024 con el objeto de comprobar la pertinencia del instrumento elaborado en conjunto de una comisi\u00f3n de expertos del Departamento de Educaci\u00f3n.<\/p>\n\t\t<\/div>\n\t\t\t\t<\/div>\n\t\t\t\t<\/article>\n\t\t\t\t<article class=\"elementor-post elementor-grid-item post-65139 post type-post status-publish format-standard has-post-thumbnail hentry category-centro-educar entry has-media\">\n\t\t\t\t<a class=\"elementor-post__thumbnail__link\" href=\"https:\/\/www.uta.cl\/index.php\/2025\/01\/28\/seminario-internacional-2024-de-la-comision-nacional-de-acreditacion-expresiones-sobre-cultura-de-calidad-en-las-instituciones-de-educacion-superior\/\" >\n\t\t\t<div class=\"elementor-post__thumbnail\"><img width=\"300\" height=\"225\" src=\"https:\/\/www.uta.cl\/wp-content\/uploads\/2025\/01\/unnamed-9-300x225.jpg\" class=\"attachment-medium size-medium\" alt=\"\" loading=\"lazy\" srcset=\"https:\/\/www.uta.cl\/wp-content\/uploads\/2025\/01\/unnamed-9-300x225.jpg 300w, https:\/\/www.uta.cl\/wp-content\/uploads\/2025\/01\/unnamed-9-1024x768.jpg 1024w, https:\/\/www.uta.cl\/wp-content\/uploads\/2025\/01\/unnamed-9-768x576.jpg 768w, https:\/\/www.uta.cl\/wp-content\/uploads\/2025\/01\/unnamed-9-1536x1152.jpg 1536w, https:\/\/www.uta.cl\/wp-content\/uploads\/2025\/01\/unnamed-9.jpg 1600w\" sizes=\"(max-width: 300px) 100vw, 300px\" \/><\/div>\n\t\t<\/a>\n\t\t\t\t<div class=\"elementor-post__text\">\n\t\t\t\t<h3 class=\"elementor-post__title\">\n\t\t\t<a href=\"https:\/\/www.uta.cl\/index.php\/2025\/01\/28\/seminario-internacional-2024-de-la-comision-nacional-de-acreditacion-expresiones-sobre-cultura-de-calidad-en-las-instituciones-de-educacion-superior\/\" >\n\t\t\t\tSeminario Internacional 2024 de la Comisi\u00f3n Nacional de Acreditaci\u00f3n: \u201cExpresiones sobre cultura de calidad en las instituciones de educaci\u00f3n superior\u201d\t\t\t<\/a>\n\t\t<\/h3>\n\t\t\t\t<div class=\"elementor-post__excerpt\">\n\t\t\t<p>La Comisi\u00f3n Nacional de Acreditaci\u00f3n (CNA) convoc\u00f3 a la Regi\u00f3n Metropolitana a las y los representantes de las casas de estudio a nivel nacional para ser part\u00edcipes de un seminario internacional sobre Educaci\u00f3n Superior.<\/p>\n\t\t<\/div>\n\t\t\t\t<\/div>\n\t\t\t\t<\/article>\n\t\t\t\t<\/div>\n\t\t\t\t<nav class=\"elementor-pagination\" role=\"navigation\" aria-label=\"Paginaci\u00f3n\">\n\t\t\t<span class=\"page-numbers prev\">&laquo; Anterior<\/span>\n<span aria-current=\"page\" class=\"page-numbers current\"><span class=\"elementor-screen-only\">P\u00e1gina<\/span>1<\/span>\n<a class=\"page-numbers\" href=\"https:\/\/www.uta.cl\/index.php\/wp-json\/wp\/v2\/pages\/60731\/page\/2\/\"><span class=\"elementor-screen-only\">P\u00e1gina<\/span>2<\/a>\n<a class=\"page-numbers\" href=\"https:\/\/www.uta.cl\/index.php\/wp-json\/wp\/v2\/pages\/60731\/page\/3\/\"><span class=\"elementor-screen-only\">P\u00e1gina<\/span>3<\/a>\n<a class=\"page-numbers\" href=\"https:\/\/www.uta.cl\/index.php\/wp-json\/wp\/v2\/pages\/60731\/page\/4\/\"><span class=\"elementor-screen-only\">P\u00e1gina<\/span>4<\/a>\n<a class=\"page-numbers\" href=\"https:\/\/www.uta.cl\/index.php\/wp-json\/wp\/v2\/pages\/60731\/page\/5\/\"><span class=\"elementor-screen-only\">P\u00e1gina<\/span>5<\/a>\n<a class=\"page-numbers next\" href=\"https:\/\/www.uta.cl\/index.php\/wp-json\/wp\/v2\/pages\/60731\/page\/2\/\">Siguiente &raquo;<\/a>\t\t<\/nav>\n\t\t\t\t<\/div>\n\t\t\t\t<\/div>\n\t\t\t\t\t\t<\/div>\n\t\t\t\t\t<\/div>\n\t\t<\/div>\n\t\t\t\t\t\t\t\t<\/div>\n\t\t\t\t\t<\/div>\n\t\t<\/section>\n\t\t\t\t<div class=\"elementor-element elementor-element-d45e4f7 elementor-widget elementor-widget-spacer\" data-id=\"d45e4f7\" data-element_type=\"widget\" data-widget_type=\"spacer.default\">\n\t\t\t\t<div class=\"elementor-widget-container\">\n\t\t\t\t\t<div class=\"elementor-spacer\">\n\t\t\t<div class=\"elementor-spacer-inner\"><\/div>\n\t\t<\/div>\n\t\t\t\t<\/div>\n\t\t\t\t<\/div>\n\t\t\t\t<div class=\"elementor-element elementor-element-9b9d387 elementor-widget elementor-widget-text-editor\" data-id=\"9b9d387\" data-element_type=\"widget\" data-widget_type=\"text-editor.default\">\n\t\t\t\t<div class=\"elementor-widget-container\">\n\t\t\t\t\t<div class=\"elementor-text-editor elementor-clearfix\"><p><strong>Referencias:<\/strong><\/p><p>[1] Ball, D. L. y Cohen, D. K. (1999). Developing practice, developing practitioners: Towards a practice-based theory of professional education. En L. Darling-Hammond y G. Sykes (Eds.), Teaching as the learning profession: Handbook of policy and practice (pp. 3-32). San Francisco: Jossey-Bass.<\/p><p>[2] Lampert, E. (2003). Educaci\u00f3n: visi\u00f3n panor\u00e1mica mundial y perspectivas para el siglo XXI. Perfiles Educativos, Vol. XXV, N\u00ba 101, pp. 7-22. Universidad Nacional Aut\u00f3noma de M\u00e9xico. M\u00e9xico, D.F.<\/p><p>[3] Shulman, L. (1986). Those who understand: Knowledge growth in teaching. Educ. Res. 15: 4-14.<\/p><p>[4] Shulman, L. (1987). Knowledge and teaching: foundations of the newreform. Harv. Educ. Rev. 57: 1-22.<\/p><\/div>\n\t\t\t\t<\/div>\n\t\t\t\t<\/div>\n\t\t\t\t\t\t<\/div>\n\t\t\t\t\t<\/div>\n\t\t<\/div>\n\t\t\t\t\t\t\t\t<\/div>\n\t\t\t\t\t<\/div>\n\t\t<\/section>\n\t\t\t\t\t\t<\/div>\n\t\t\t\t\t\t<\/div>\n\t\t\t\t\t<\/div>\n\t\t","protected":false},"excerpt":{"rendered":"<p>Centro de Vinculaci\u00f3n, Innovaci\u00f3n e Investigaci\u00f3n en Educaci\u00f3n (EDUCAR) El Centro de Vinculaci\u00f3n, Innovaci\u00f3n e Investigaci\u00f3n en Educaci\u00f3n (EDUCAR) de la Universidad de Tarapac\u00e1, es el organismo encargado de articular el sistema escolar regional con la universidad y con las tareas que esta desarrolla en el \u00e1mbito de la formaci\u00f3n de profesores. Entendi\u00e9ndose por articulaci\u00f3n [&hellip;]<\/p>\n","protected":false},"author":13,"featured_media":0,"parent":0,"menu_order":0,"comment_status":"closed","ping_status":"closed","template":"elementor_header_footer","meta":[],"_links":{"self":[{"href":"https:\/\/www.uta.cl\/index.php\/wp-json\/wp\/v2\/pages\/60731"}],"collection":[{"href":"https:\/\/www.uta.cl\/index.php\/wp-json\/wp\/v2\/pages"}],"about":[{"href":"https:\/\/www.uta.cl\/index.php\/wp-json\/wp\/v2\/types\/page"}],"author":[{"embeddable":true,"href":"https:\/\/www.uta.cl\/index.php\/wp-json\/wp\/v2\/users\/13"}],"replies":[{"embeddable":true,"href":"https:\/\/www.uta.cl\/index.php\/wp-json\/wp\/v2\/comments?post=60731"}],"version-history":[{"count":53,"href":"https:\/\/www.uta.cl\/index.php\/wp-json\/wp\/v2\/pages\/60731\/revisions"}],"predecessor-version":[{"id":65087,"href":"https:\/\/www.uta.cl\/index.php\/wp-json\/wp\/v2\/pages\/60731\/revisions\/65087"}],"wp:attachment":[{"href":"https:\/\/www.uta.cl\/index.php\/wp-json\/wp\/v2\/media?parent=60731"}],"curies":[{"name":"wp","href":"https:\/\/api.w.org\/{rel}","templated":true}]}}