{"id":47394,"date":"2023-09-04T14:19:59","date_gmt":"2023-09-04T14:19:59","guid":{"rendered":"https:\/\/www.uta.cl\/?page_id=47394"},"modified":"2023-09-26T16:12:52","modified_gmt":"2023-09-26T16:12:52","slug":"utarapaca-en-imagenes","status":"publish","type":"page","link":"https:\/\/www.uta.cl\/index.php\/utarapaca-en-imagenes\/","title":{"rendered":"UTarapac\u00e1 en Im\u00e1genes"},"content":{"rendered":"\t\t<div data-elementor-type=\"wp-page\" data-elementor-id=\"47394\" class=\"elementor elementor-47394\" data-elementor-settings=\"[]\">\n\t\t\t\t\t\t<div class=\"elementor-inner\">\n\t\t\t\t\t\t\t<div class=\"elementor-section-wrap\">\n\t\t\t\t\t\t\t<section class=\"elementor-section elementor-top-section elementor-element elementor-element-365c6980 elementor-section-full_width elementor-section-height-default elementor-section-height-default\" data-id=\"365c6980\" data-element_type=\"section\" data-settings=\"{&quot;background_image&quot;:{&quot;url&quot;:&quot;https:\\\/\\\/www.uta.cl\\\/wp-content\\\/uploads\\\/2018\\\/12\\\/patron_bg-01.png&quot;,&quot;id&quot;:3119},&quot;background_background&quot;:&quot;classic&quot;,&quot;background_image_tablet&quot;:{&quot;url&quot;:&quot;&quot;,&quot;id&quot;:&quot;&quot;},&quot;background_image_mobile&quot;:{&quot;url&quot;:&quot;&quot;,&quot;id&quot;:&quot;&quot;}}\">\n\t\t\t\t\t\t\t<div class=\"elementor-background-overlay\"><\/div>\n\t\t\t\t\t\t\t<div class=\"elementor-container elementor-column-gap-default\">\n\t\t\t\t\t\t\t<div class=\"elementor-row\">\n\t\t\t\t\t<div class=\"elementor-column elementor-col-100 elementor-top-column elementor-element elementor-element-36ec41c\" data-id=\"36ec41c\" data-element_type=\"column\">\n\t\t\t<div class=\"elementor-column-wrap elementor-element-populated\">\n\t\t\t\t\t\t\t<div class=\"elementor-widget-wrap\">\n\t\t\t\t\t\t<section class=\"elementor-section elementor-inner-section elementor-element elementor-element-71d00aad elementor-section-height-min-height elementor-section-boxed elementor-section-height-default\" data-id=\"71d00aad\" data-element_type=\"section\" data-settings=\"{&quot;background_background&quot;:&quot;classic&quot;,&quot;background_image&quot;:{&quot;url&quot;:&quot;&quot;,&quot;id&quot;:&quot;&quot;},&quot;background_image_tablet&quot;:{&quot;url&quot;:&quot;&quot;,&quot;id&quot;:&quot;&quot;},&quot;background_image_mobile&quot;:{&quot;url&quot;:&quot;&quot;,&quot;id&quot;:&quot;&quot;}}\">\n\t\t\t\t\t\t\t<div class=\"elementor-background-overlay\"><\/div>\n\t\t\t\t\t\t\t<div class=\"elementor-container elementor-column-gap-default\">\n\t\t\t\t\t\t\t<div class=\"elementor-row\">\n\t\t\t\t\t<div class=\"elementor-column elementor-col-100 elementor-inner-column elementor-element elementor-element-3eaf1bf4\" data-id=\"3eaf1bf4\" data-element_type=\"column\">\n\t\t\t<div class=\"elementor-column-wrap elementor-element-populated\">\n\t\t\t\t\t\t\t<div class=\"elementor-widget-wrap\">\n\t\t\t\t\t\t<div class=\"elementor-element elementor-element-131e3906 elementor-widget elementor-widget-heading\" data-id=\"131e3906\" data-element_type=\"widget\" data-widget_type=\"heading.default\">\n\t\t\t\t<div class=\"elementor-widget-container\">\n\t\t\t<h2 class=\"elementor-heading-title elementor-size-default\">UTarapac\u00e1 <b>en Im\u00e1genes<\/b><\/h2>\t\t<\/div>\n\t\t\t\t<\/div>\n\t\t\t\t\t\t<\/div>\n\t\t\t\t\t<\/div>\n\t\t<\/div>\n\t\t\t\t\t\t\t\t<\/div>\n\t\t\t\t\t<\/div>\n\t\t<\/section>\n\t\t\t\t<section class=\"elementor-section elementor-top-section elementor-element elementor-element-6009f1f elementor-section-height-min-height elementor-section-boxed elementor-section-height-default elementor-section-items-middle\" data-id=\"6009f1f\" data-element_type=\"section\" data-settings=\"{&quot;background_background&quot;:&quot;classic&quot;,&quot;sticky&quot;:&quot;top&quot;,&quot;background_image&quot;:{&quot;url&quot;:&quot;&quot;,&quot;id&quot;:&quot;&quot;},&quot;background_image_tablet&quot;:{&quot;url&quot;:&quot;&quot;,&quot;id&quot;:&quot;&quot;},&quot;background_image_mobile&quot;:{&quot;url&quot;:&quot;&quot;,&quot;id&quot;:&quot;&quot;},&quot;sticky_on&quot;:[&quot;desktop&quot;,&quot;tablet&quot;,&quot;mobile&quot;],&quot;sticky_offset&quot;:0,&quot;sticky_effects_offset&quot;:0}\">\n\t\t\t\t\t\t<div class=\"elementor-container elementor-column-gap-default\">\n\t\t\t\t\t\t\t<div class=\"elementor-row\">\n\t\t\t\t\t<div class=\"elementor-column elementor-col-100 elementor-top-column elementor-element elementor-element-5aa97011\" data-id=\"5aa97011\" data-element_type=\"column\">\n\t\t\t<div class=\"elementor-column-wrap elementor-element-populated\">\n\t\t\t\t\t\t\t<div class=\"elementor-widget-wrap\">\n\t\t\t\t\t\t<div class=\"elementor-element elementor-element-6f4fcfe7 elementor-align-right elementor-mobile-align-right elementor-widget elementor-widget-button\" data-id=\"6f4fcfe7\" data-element_type=\"widget\" data-widget_type=\"button.default\">\n\t\t\t\t<div class=\"elementor-widget-container\">\n\t\t\t\t\t<div class=\"elementor-button-wrapper\">\n\t\t\t<a href=\"https:\/\/www.uta.cl\/\" class=\"elementor-button-link elementor-button elementor-size-sm\" role=\"button\">\n\t\t\t\t\t\t<span class=\"elementor-button-content-wrapper\">\n\t\t\t\t\t\t<span class=\"elementor-button-icon elementor-align-icon-left\">\n\t\t\t\t\t\t\t\t\t<i class=\"fa fa-angle-left\" aria-hidden=\"true\"><\/i>\n\t\t\t\t\t\t\t<\/span>\n\t\t\t\t\t\t<span class=\"elementor-button-text\">Volver<\/span>\n\t\t<\/span>\n\t\t\t\t\t<\/a>\n\t\t<\/div>\n\t\t\t\t<\/div>\n\t\t\t\t<\/div>\n\t\t\t\t\t\t<\/div>\n\t\t\t\t\t<\/div>\n\t\t<\/div>\n\t\t\t\t\t\t\t\t<\/div>\n\t\t\t\t\t<\/div>\n\t\t<\/section>\n\t\t\t\t\t\t<\/div>\n\t\t\t\t\t<\/div>\n\t\t<\/div>\n\t\t\t\t\t\t\t\t<\/div>\n\t\t\t\t\t<\/div>\n\t\t<\/section>\n\t\t\t\t<section class=\"elementor-section elementor-top-section elementor-element elementor-element-356f923 elementor-section-boxed elementor-section-height-default elementor-section-height-default\" data-id=\"356f923\" data-element_type=\"section\" data-settings=\"{&quot;background_background&quot;:&quot;classic&quot;,&quot;background_image&quot;:{&quot;url&quot;:&quot;https:\\\/\\\/www.uta.cl\\\/wp-content\\\/uploads\\\/2018\\\/12\\\/patron_bg-01.png&quot;,&quot;id&quot;:3119},&quot;background_image_tablet&quot;:{&quot;url&quot;:&quot;&quot;,&quot;id&quot;:&quot;&quot;},&quot;background_image_mobile&quot;:{&quot;url&quot;:&quot;&quot;,&quot;id&quot;:&quot;&quot;}}\">\n\t\t\t\t\t\t\t<div class=\"elementor-background-overlay\"><\/div>\n\t\t\t\t\t\t\t<div class=\"elementor-container elementor-column-gap-default\">\n\t\t\t\t\t\t\t<div class=\"elementor-row\">\n\t\t\t\t\t<div class=\"elementor-column elementor-col-100 elementor-top-column elementor-element elementor-element-2f886053\" data-id=\"2f886053\" data-element_type=\"column\">\n\t\t\t<div class=\"elementor-column-wrap\">\n\t\t\t\t\t\t\t<div class=\"elementor-widget-wrap\">\n\t\t\t\t\t\t\t\t<\/div>\n\t\t\t\t\t<\/div>\n\t\t<\/div>\n\t\t\t\t\t\t\t\t<\/div>\n\t\t\t\t\t<\/div>\n\t\t<\/section>\n\t\t\t\t<section class=\"elementor-section elementor-top-section elementor-element elementor-element-307d40b1 elementor-section-boxed elementor-section-height-default elementor-section-height-default\" data-id=\"307d40b1\" data-element_type=\"section\" data-settings=\"{&quot;background_background&quot;:&quot;classic&quot;,&quot;background_image&quot;:{&quot;url&quot;:&quot;https:\\\/\\\/www.uta.cl\\\/wp-content\\\/uploads\\\/2018\\\/12\\\/patron_bg-01.png&quot;,&quot;id&quot;:3119},&quot;background_image_tablet&quot;:{&quot;url&quot;:&quot;&quot;,&quot;id&quot;:&quot;&quot;},&quot;background_image_mobile&quot;:{&quot;url&quot;:&quot;&quot;,&quot;id&quot;:&quot;&quot;}}\">\n\t\t\t\t\t\t\t<div class=\"elementor-background-overlay\"><\/div>\n\t\t\t\t\t\t\t<div class=\"elementor-container elementor-column-gap-default\">\n\t\t\t\t\t\t\t<div class=\"elementor-row\">\n\t\t\t\t\t<div class=\"elementor-column elementor-col-50 elementor-top-column elementor-element elementor-element-61137354\" data-id=\"61137354\" data-element_type=\"column\">\n\t\t\t<div class=\"elementor-column-wrap elementor-element-populated\">\n\t\t\t\t\t\t\t<div class=\"elementor-widget-wrap\">\n\t\t\t\t\t\t<div class=\"elementor-element elementor-element-7db7caf elementor-grid-2 elementor-posts--align-left elementor-grid-tablet-2 elementor-grid-mobile-1 elementor-posts--thumbnail-top elementor-posts__hover-gradient elementor-widget elementor-widget-posts\" data-id=\"7db7caf\" data-element_type=\"widget\" data-settings=\"{&quot;cards_row_gap&quot;:{&quot;unit&quot;:&quot;px&quot;,&quot;size&quot;:30,&quot;sizes&quot;:[]},&quot;cards_columns&quot;:&quot;2&quot;,&quot;cards_columns_tablet&quot;:&quot;2&quot;,&quot;cards_columns_mobile&quot;:&quot;1&quot;}\" data-widget_type=\"posts.cards\">\n\t\t\t\t<div class=\"elementor-widget-container\">\n\t\t\t\t\t<div class=\"elementor-posts-container elementor-posts elementor-posts--skin-cards elementor-grid\">\n\t\t\t\t<article class=\"elementor-post elementor-grid-item post-72980 post type-post status-publish format-standard has-post-thumbnail hentry category-utarapaca-en-imagenes entry has-media\">\n\t\t\t<div class=\"elementor-post__card\">\n\t\t\t\t<a class=\"elementor-post__thumbnail__link\" href=\"https:\/\/www.uta.cl\/index.php\/2026\/04\/29\/vicerrectora-academica-de-la-uta-se-reunio-con-alcalde-de-arica-para-generar-acciones-conjuntas-en-beneficio-de-la-comunidad-de-arica\/\" >\n\t\t\t<div class=\"elementor-post__thumbnail\"><img width=\"300\" height=\"225\" src=\"https:\/\/www.uta.cl\/wp-content\/uploads\/2026\/04\/foto-central-3-300x225.jpeg\" class=\"attachment-medium size-medium\" alt=\"\" loading=\"lazy\" srcset=\"https:\/\/www.uta.cl\/wp-content\/uploads\/2026\/04\/foto-central-3-300x225.jpeg 300w, https:\/\/www.uta.cl\/wp-content\/uploads\/2026\/04\/foto-central-3-1024x768.jpeg 1024w, https:\/\/www.uta.cl\/wp-content\/uploads\/2026\/04\/foto-central-3-768x576.jpeg 768w, https:\/\/www.uta.cl\/wp-content\/uploads\/2026\/04\/foto-central-3.jpeg 1280w\" sizes=\"(max-width: 300px) 100vw, 300px\" \/><\/div>\n\t\t<\/a>\n\t\t\t\t<div class=\"elementor-post__text\">\n\t\t\t\t<h3 class=\"elementor-post__title\">\n\t\t\t<a href=\"https:\/\/www.uta.cl\/index.php\/2026\/04\/29\/vicerrectora-academica-de-la-uta-se-reunio-con-alcalde-de-arica-para-generar-acciones-conjuntas-en-beneficio-de-la-comunidad-de-arica\/\" >\n\t\t\t\tVicerrectora Acad\u00e9mica de la UTA se reuni\u00f3 con Alcalde de Arica para generar acciones conjuntas en beneficio de la comunidad de Arica\t\t\t<\/a>\n\t\t<\/h3>\n\t\t\t\t<\/div>\n\t\t\t\t\t<\/div>\n\t\t<\/article>\n\t\t\t\t<article class=\"elementor-post elementor-grid-item post-72941 post type-post status-publish format-standard has-post-thumbnail hentry category-utarapaca-en-imagenes entry has-media\">\n\t\t\t<div class=\"elementor-post__card\">\n\t\t\t\t<a class=\"elementor-post__thumbnail__link\" href=\"https:\/\/www.uta.cl\/index.php\/2026\/04\/29\/universidad-de-tarapaca-fue-sede-del-encuentro-nacional-antue-2026\/\" >\n\t\t\t<div class=\"elementor-post__thumbnail\"><img width=\"300\" height=\"225\" src=\"https:\/\/www.uta.cl\/wp-content\/uploads\/2026\/04\/FOTO-CENTRAL-2-300x225.jpeg\" class=\"attachment-medium size-medium\" alt=\"\" loading=\"lazy\" srcset=\"https:\/\/www.uta.cl\/wp-content\/uploads\/2026\/04\/FOTO-CENTRAL-2-300x225.jpeg 300w, https:\/\/www.uta.cl\/wp-content\/uploads\/2026\/04\/FOTO-CENTRAL-2-1024x768.jpeg 1024w, https:\/\/www.uta.cl\/wp-content\/uploads\/2026\/04\/FOTO-CENTRAL-2-768x576.jpeg 768w, https:\/\/www.uta.cl\/wp-content\/uploads\/2026\/04\/FOTO-CENTRAL-2.jpeg 1280w\" sizes=\"(max-width: 300px) 100vw, 300px\" \/><\/div>\n\t\t<\/a>\n\t\t\t\t<div class=\"elementor-post__text\">\n\t\t\t\t<h3 class=\"elementor-post__title\">\n\t\t\t<a href=\"https:\/\/www.uta.cl\/index.php\/2026\/04\/29\/universidad-de-tarapaca-fue-sede-del-encuentro-nacional-antue-2026\/\" >\n\t\t\t\tUniversidad de Tarapac\u00e1 fue sede del Encuentro Nacional ANTUE 2026\t\t\t<\/a>\n\t\t<\/h3>\n\t\t\t\t<\/div>\n\t\t\t\t\t<\/div>\n\t\t<\/article>\n\t\t\t\t<article class=\"elementor-post elementor-grid-item post-72601 post type-post status-publish format-standard has-post-thumbnail hentry category-utarapaca-en-imagenes entry has-media\">\n\t\t\t<div class=\"elementor-post__card\">\n\t\t\t\t<a class=\"elementor-post__thumbnail__link\" href=\"https:\/\/www.uta.cl\/index.php\/2026\/04\/02\/estudiantes-de-la-uta-asesoran-a-contribuyentes-durante-todo-abril-en-la-operacion-renta-2026\/\" >\n\t\t\t<div class=\"elementor-post__thumbnail\"><img width=\"300\" height=\"225\" src=\"https:\/\/www.uta.cl\/wp-content\/uploads\/2026\/04\/foto-central-1-300x225.jpeg\" class=\"attachment-medium size-medium\" alt=\"\" loading=\"lazy\" srcset=\"https:\/\/www.uta.cl\/wp-content\/uploads\/2026\/04\/foto-central-1-300x225.jpeg 300w, https:\/\/www.uta.cl\/wp-content\/uploads\/2026\/04\/foto-central-1-1024x768.jpeg 1024w, https:\/\/www.uta.cl\/wp-content\/uploads\/2026\/04\/foto-central-1-768x576.jpeg 768w, https:\/\/www.uta.cl\/wp-content\/uploads\/2026\/04\/foto-central-1.jpeg 1280w\" sizes=\"(max-width: 300px) 100vw, 300px\" \/><\/div>\n\t\t<\/a>\n\t\t\t\t<div class=\"elementor-post__text\">\n\t\t\t\t<h3 class=\"elementor-post__title\">\n\t\t\t<a href=\"https:\/\/www.uta.cl\/index.php\/2026\/04\/02\/estudiantes-de-la-uta-asesoran-a-contribuyentes-durante-todo-abril-en-la-operacion-renta-2026\/\" >\n\t\t\t\tEstudiantes de la UTA asesoran a contribuyentes durante todo abril en la Operaci\u00f3n Renta 2026\t\t\t<\/a>\n\t\t<\/h3>\n\t\t\t\t<\/div>\n\t\t\t\t\t<\/div>\n\t\t<\/article>\n\t\t\t\t<article class=\"elementor-post elementor-grid-item post-72095 post type-post status-publish format-standard has-post-thumbnail hentry category-utarapaca-en-imagenes entry has-media\">\n\t\t\t<div class=\"elementor-post__card\">\n\t\t\t\t<a class=\"elementor-post__thumbnail__link\" href=\"https:\/\/www.uta.cl\/index.php\/2026\/01\/23\/seremi-ctci-visita-el-laboratorio-de-nanotecnologia-y-materiales-funcionales-de-la-uta\/\" >\n\t\t\t<div class=\"elementor-post__thumbnail\"><img width=\"300\" height=\"225\" src=\"https:\/\/www.uta.cl\/wp-content\/uploads\/2026\/01\/WhatsApp-Image-2026-01-22-at-11.59.29-300x225.jpeg\" class=\"attachment-medium size-medium\" alt=\"\" loading=\"lazy\" srcset=\"https:\/\/www.uta.cl\/wp-content\/uploads\/2026\/01\/WhatsApp-Image-2026-01-22-at-11.59.29-300x225.jpeg 300w, https:\/\/www.uta.cl\/wp-content\/uploads\/2026\/01\/WhatsApp-Image-2026-01-22-at-11.59.29-1024x768.jpeg 1024w, https:\/\/www.uta.cl\/wp-content\/uploads\/2026\/01\/WhatsApp-Image-2026-01-22-at-11.59.29-768x576.jpeg 768w, https:\/\/www.uta.cl\/wp-content\/uploads\/2026\/01\/WhatsApp-Image-2026-01-22-at-11.59.29-1536x1152.jpeg 1536w, https:\/\/www.uta.cl\/wp-content\/uploads\/2026\/01\/WhatsApp-Image-2026-01-22-at-11.59.29.jpeg 1600w\" sizes=\"(max-width: 300px) 100vw, 300px\" \/><\/div>\n\t\t<\/a>\n\t\t\t\t<div class=\"elementor-post__text\">\n\t\t\t\t<h3 class=\"elementor-post__title\">\n\t\t\t<a href=\"https:\/\/www.uta.cl\/index.php\/2026\/01\/23\/seremi-ctci-visita-el-laboratorio-de-nanotecnologia-y-materiales-funcionales-de-la-uta\/\" >\n\t\t\t\tSeremi CTCI visita el Laboratorio de Nanotecnolog\u00eda y Materiales Funcionales de la UTA\t\t\t<\/a>\n\t\t<\/h3>\n\t\t\t\t<\/div>\n\t\t\t\t\t<\/div>\n\t\t<\/article>\n\t\t\t\t<article class=\"elementor-post elementor-grid-item post-71953 post type-post status-publish format-standard has-post-thumbnail hentry category-equidad category-utarapaca-en-imagenes entry has-media\">\n\t\t\t<div class=\"elementor-post__card\">\n\t\t\t\t<a class=\"elementor-post__thumbnail__link\" href=\"https:\/\/www.uta.cl\/index.php\/2026\/01\/13\/universidad-de-tarapaca-certifica-a-participantes-del-programa-mujer-participacion-politica-y-social-2025\/\" >\n\t\t\t<div class=\"elementor-post__thumbnail\"><img width=\"300\" height=\"225\" src=\"https:\/\/www.uta.cl\/wp-content\/uploads\/2026\/01\/WhatsApp-Image-2025-12-23-at-12.41.03-300x225.jpeg\" class=\"attachment-medium size-medium\" alt=\"\" loading=\"lazy\" srcset=\"https:\/\/www.uta.cl\/wp-content\/uploads\/2026\/01\/WhatsApp-Image-2025-12-23-at-12.41.03-300x225.jpeg 300w, https:\/\/www.uta.cl\/wp-content\/uploads\/2026\/01\/WhatsApp-Image-2025-12-23-at-12.41.03-1024x768.jpeg 1024w, https:\/\/www.uta.cl\/wp-content\/uploads\/2026\/01\/WhatsApp-Image-2025-12-23-at-12.41.03-768x576.jpeg 768w, https:\/\/www.uta.cl\/wp-content\/uploads\/2026\/01\/WhatsApp-Image-2025-12-23-at-12.41.03-1536x1152.jpeg 1536w, https:\/\/www.uta.cl\/wp-content\/uploads\/2026\/01\/WhatsApp-Image-2025-12-23-at-12.41.03.jpeg 1600w\" sizes=\"(max-width: 300px) 100vw, 300px\" \/><\/div>\n\t\t<\/a>\n\t\t\t\t<div class=\"elementor-post__text\">\n\t\t\t\t<h3 class=\"elementor-post__title\">\n\t\t\t<a href=\"https:\/\/www.uta.cl\/index.php\/2026\/01\/13\/universidad-de-tarapaca-certifica-a-participantes-del-programa-mujer-participacion-politica-y-social-2025\/\" >\n\t\t\t\tUniversidad de Tarapac\u00e1 certifica a participantes del programa \u201cMujer, Participaci\u00f3n Pol\u00edtica y Social 2025\u201d\t\t\t<\/a>\n\t\t<\/h3>\n\t\t\t\t<\/div>\n\t\t\t\t\t<\/div>\n\t\t<\/article>\n\t\t\t\t<article class=\"elementor-post elementor-grid-item post-71901 post type-post status-publish format-standard has-post-thumbnail hentry category-utarapaca-en-imagenes entry has-media\">\n\t\t\t<div class=\"elementor-post__card\">\n\t\t\t\t<a class=\"elementor-post__thumbnail__link\" href=\"https:\/\/www.uta.cl\/index.php\/2026\/01\/12\/programa-yo-si-de-la-utarapaca-cumple-cinco-anos-movilizando-sistemas-de-cuidado-para-la-proteccion-de-infancias-y-adolescencias\/\" >\n\t\t\t<div class=\"elementor-post__thumbnail\"><img width=\"300\" height=\"275\" src=\"https:\/\/www.uta.cl\/wp-content\/uploads\/2026\/01\/captur1a-300x275.png\" class=\"attachment-medium size-medium\" alt=\"\" loading=\"lazy\" srcset=\"https:\/\/www.uta.cl\/wp-content\/uploads\/2026\/01\/captur1a-300x275.png 300w, https:\/\/www.uta.cl\/wp-content\/uploads\/2026\/01\/captur1a-1024x937.png 1024w, https:\/\/www.uta.cl\/wp-content\/uploads\/2026\/01\/captur1a-768x703.png 768w, https:\/\/www.uta.cl\/wp-content\/uploads\/2026\/01\/captur1a-1536x1406.png 1536w, https:\/\/www.uta.cl\/wp-content\/uploads\/2026\/01\/captur1a.png 1752w\" sizes=\"(max-width: 300px) 100vw, 300px\" \/><\/div>\n\t\t<\/a>\n\t\t\t\t<div class=\"elementor-post__text\">\n\t\t\t\t<h3 class=\"elementor-post__title\">\n\t\t\t<a href=\"https:\/\/www.uta.cl\/index.php\/2026\/01\/12\/programa-yo-si-de-la-utarapaca-cumple-cinco-anos-movilizando-sistemas-de-cuidado-para-la-proteccion-de-infancias-y-adolescencias\/\" >\n\t\t\t\tPrograma \u201cYo S\u00ed\u201d de la UTarapac\u00e1 cumple cinco a\u00f1os movilizando sistemas de cuidado para la protecci\u00f3n de infancias y adolescencias\t\t\t<\/a>\n\t\t<\/h3>\n\t\t\t\t<\/div>\n\t\t\t\t\t<\/div>\n\t\t<\/article>\n\t\t\t\t<article class=\"elementor-post elementor-grid-item post-71704 post type-post status-publish format-standard has-post-thumbnail hentry category-utarapaca-en-imagenes entry has-media\">\n\t\t\t<div class=\"elementor-post__card\">\n\t\t\t\t<a class=\"elementor-post__thumbnail__link\" href=\"https:\/\/www.uta.cl\/index.php\/2025\/12\/23\/ceremonia-solemne-del-44-aniversario-uta-en-la-sede-iquique\/\" >\n\t\t\t<div class=\"elementor-post__thumbnail\"><img width=\"300\" height=\"196\" src=\"https:\/\/www.uta.cl\/wp-content\/uploads\/2025\/12\/WhatsApp-Image-2025-12-16-at-16.40.33-300x196.jpeg\" class=\"attachment-medium size-medium\" alt=\"\" loading=\"lazy\" srcset=\"https:\/\/www.uta.cl\/wp-content\/uploads\/2025\/12\/WhatsApp-Image-2025-12-16-at-16.40.33-300x196.jpeg 300w, https:\/\/www.uta.cl\/wp-content\/uploads\/2025\/12\/WhatsApp-Image-2025-12-16-at-16.40.33-1024x669.jpeg 1024w, https:\/\/www.uta.cl\/wp-content\/uploads\/2025\/12\/WhatsApp-Image-2025-12-16-at-16.40.33-768x501.jpeg 768w, https:\/\/www.uta.cl\/wp-content\/uploads\/2025\/12\/WhatsApp-Image-2025-12-16-at-16.40.33.jpeg 1432w\" sizes=\"(max-width: 300px) 100vw, 300px\" \/><\/div>\n\t\t<\/a>\n\t\t\t\t<div class=\"elementor-post__text\">\n\t\t\t\t<h3 class=\"elementor-post__title\">\n\t\t\t<a href=\"https:\/\/www.uta.cl\/index.php\/2025\/12\/23\/ceremonia-solemne-del-44-aniversario-uta-en-la-sede-iquique\/\" >\n\t\t\t\tCeremonia Solemne del 44\u00b0 Aniversario UTA en la Sede Iquique\t\t\t<\/a>\n\t\t<\/h3>\n\t\t\t\t<\/div>\n\t\t\t\t\t<\/div>\n\t\t<\/article>\n\t\t\t\t<article class=\"elementor-post elementor-grid-item post-71497 post type-post status-publish format-standard has-post-thumbnail hentry category-utarapaca-en-imagenes entry has-media\">\n\t\t\t<div class=\"elementor-post__card\">\n\t\t\t\t<a class=\"elementor-post__thumbnail__link\" href=\"https:\/\/www.uta.cl\/index.php\/2025\/12\/09\/actividad-de-cierre-de-la-primera-fase-de-proyecto-de-redes-de-formacion-docente-territorial\/\" >\n\t\t\t<div class=\"elementor-post__thumbnail\"><img width=\"300\" height=\"225\" src=\"https:\/\/www.uta.cl\/wp-content\/uploads\/2025\/12\/IMG_20251203_170106-300x225.jpg\" class=\"attachment-medium size-medium\" alt=\"\" loading=\"lazy\" srcset=\"https:\/\/www.uta.cl\/wp-content\/uploads\/2025\/12\/IMG_20251203_170106-300x225.jpg 300w, https:\/\/www.uta.cl\/wp-content\/uploads\/2025\/12\/IMG_20251203_170106-1024x768.jpg 1024w, https:\/\/www.uta.cl\/wp-content\/uploads\/2025\/12\/IMG_20251203_170106-768x576.jpg 768w, https:\/\/www.uta.cl\/wp-content\/uploads\/2025\/12\/IMG_20251203_170106-1536x1152.jpg 1536w, https:\/\/www.uta.cl\/wp-content\/uploads\/2025\/12\/IMG_20251203_170106.jpg 2048w\" sizes=\"(max-width: 300px) 100vw, 300px\" \/><\/div>\n\t\t<\/a>\n\t\t\t\t<div class=\"elementor-post__text\">\n\t\t\t\t<h3 class=\"elementor-post__title\">\n\t\t\t<a href=\"https:\/\/www.uta.cl\/index.php\/2025\/12\/09\/actividad-de-cierre-de-la-primera-fase-de-proyecto-de-redes-de-formacion-docente-territorial\/\" >\n\t\t\t\tActividad de cierre de la primera fase de proyecto de Redes de Formaci\u00f3n Docente Territorial\t\t\t<\/a>\n\t\t<\/h3>\n\t\t\t\t<\/div>\n\t\t\t\t\t<\/div>\n\t\t<\/article>\n\t\t\t\t<\/div>\n\t\t\t\t<nav class=\"elementor-pagination\" role=\"navigation\" aria-label=\"Paginaci\u00f3n\">\n\t\t\t<span aria-current=\"page\" class=\"page-numbers current\"><span class=\"elementor-screen-only\">P\u00e1gina<\/span>1<\/span>\n<a class=\"page-numbers\" href=\"https:\/\/www.uta.cl\/index.php\/wp-json\/wp\/v2\/pages\/47394\/page\/2\/\"><span class=\"elementor-screen-only\">P\u00e1gina<\/span>2<\/a>\n<a class=\"page-numbers\" href=\"https:\/\/www.uta.cl\/index.php\/wp-json\/wp\/v2\/pages\/47394\/page\/3\/\"><span class=\"elementor-screen-only\">P\u00e1gina<\/span>3<\/a>\n<span class=\"page-numbers dots\">&hellip;<\/span>\n<a class=\"page-numbers\" href=\"https:\/\/www.uta.cl\/index.php\/wp-json\/wp\/v2\/pages\/47394\/page\/14\/\"><span class=\"elementor-screen-only\">P\u00e1gina<\/span>14<\/a>\t\t<\/nav>\n\t\t\t\t<\/div>\n\t\t\t\t<\/div>\n\t\t\t\t\t\t<\/div>\n\t\t\t\t\t<\/div>\n\t\t<\/div>\n\t\t\t\t<div class=\"elementor-column elementor-col-50 elementor-top-column elementor-element elementor-element-161ae495\" data-id=\"161ae495\" data-element_type=\"column\" data-settings=\"{&quot;background_background&quot;:&quot;classic&quot;}\">\n\t\t\t<div class=\"elementor-column-wrap elementor-element-populated\">\n\t\t\t\t\t\t\t<div class=\"elementor-widget-wrap\">\n\t\t\t\t\t\t<div class=\"elementor-element elementor-element-764f2af9 elementor-widget elementor-widget-heading\" data-id=\"764f2af9\" data-element_type=\"widget\" data-widget_type=\"heading.default\">\n\t\t\t\t<div class=\"elementor-widget-container\">\n\t\t\t<h2 class=\"elementor-heading-title elementor-size-default\">Actualidad <b>UTA<\/b><\/h2>\t\t<\/div>\n\t\t\t\t<\/div>\n\t\t\t\t<div class=\"elementor-element elementor-element-3308c375 elementor-widget-divider--view-line elementor-invisible elementor-widget elementor-widget-divider\" data-id=\"3308c375\" data-element_type=\"widget\" data-settings=\"{&quot;_animation&quot;:&quot;fadeInUp&quot;}\" data-widget_type=\"divider.default\">\n\t\t\t\t<div class=\"elementor-widget-container\">\n\t\t\t\t\t<div class=\"elementor-divider\">\n\t\t\t<span class=\"elementor-divider-separator\">\n\t\t\t\t\t\t<\/span>\n\t\t<\/div>\n\t\t\t\t<\/div>\n\t\t\t\t<\/div>\n\t\t\t\t<div class=\"elementor-element elementor-element-b648af1 elementor-widget elementor-widget-jet-blog-smart-listing\" data-id=\"b648af1\" data-element_type=\"widget\" data-widget_type=\"jet-blog-smart-listing.default\">\n\t\t\t\t<div class=\"elementor-widget-container\">\n\t\t\t<div class=\"elementor-jet-blog-smart-listing jet-blog\"><div class=\"jet-smart-listing-wrap\" data-settings='{&quot;block_title&quot;:&quot;&quot;,&quot;title_tag&quot;:&quot;h2&quot;,&quot;featured_post&quot;:&quot;&quot;,&quot;featured_position&quot;:&quot;top&quot;,&quot;featured_width&quot;:{&quot;unit&quot;:&quot;%&quot;,&quot;size&quot;:50,&quot;sizes&quot;:[]},&quot;featured_layout&quot;:&quot;boxed&quot;,&quot;featured_image_size&quot;:&quot;medium&quot;,&quot;featured_image_position&quot;:&quot;top&quot;,&quot;featured_image_width&quot;:{&quot;unit&quot;:&quot;%&quot;,&quot;size&quot;:50,&quot;sizes&quot;:[]},&quot;featured_excerpt_length&quot;:20,&quot;featured_excerpt_trimmed_ending&quot;:&quot;...&quot;,&quot;featured_read_more&quot;:&quot;yes&quot;,&quot;featured_read_more_text&quot;:&quot;Read More&quot;,&quot;featured_show_meta&quot;:&quot;&quot;,&quot;featured_show_author&quot;:&quot;yes&quot;,&quot;featured_show_author_icon&quot;:false,&quot;selected_featured_show_author_icon&quot;:{&quot;value&quot;:&quot;fas fa-user&quot;,&quot;library&quot;:&quot;fa-solid&quot;},&quot;featured_show_date&quot;:&quot;yes&quot;,&quot;featured_show_date_icon&quot;:false,&quot;selected_featured_show_date_icon&quot;:{&quot;value&quot;:&quot;fas fa-calendar-alt&quot;,&quot;library&quot;:&quot;fa-solid&quot;},&quot;featured_show_comments&quot;:&quot;yes&quot;,&quot;featured_show_comments_icon&quot;:false,&quot;selected_featured_show_comments_icon&quot;:{&quot;value&quot;:&quot;fas fa-comments&quot;,&quot;library&quot;:&quot;fa-solid&quot;},&quot;posts_columns&quot;:1,&quot;posts_rows&quot;:&quot;6&quot;,&quot;image_size&quot;:&quot;thumbnail&quot;,&quot;image_position&quot;:&quot;left&quot;,&quot;image_width&quot;:{&quot;unit&quot;:&quot;%&quot;,&quot;size&quot;:27,&quot;sizes&quot;:[]},&quot;excerpt_length&quot;:5,&quot;excerpt_trimmed_ending&quot;:&quot;...&quot;,&quot;read_more&quot;:&quot;&quot;,&quot;read_more_text&quot;:&quot;Read More&quot;,&quot;show_meta&quot;:&quot;&quot;,&quot;show_author&quot;:&quot;&quot;,&quot;show_author_icon&quot;:false,&quot;selected_show_author_icon&quot;:{&quot;value&quot;:&quot;fas fa-user&quot;,&quot;library&quot;:&quot;fa-solid&quot;},&quot;show_date&quot;:&quot;yes&quot;,&quot;show_date_icon&quot;:false,&quot;selected_show_date_icon&quot;:{&quot;value&quot;:&quot;fas fa-calendar-alt&quot;,&quot;library&quot;:&quot;fa-solid&quot;},&quot;show_comments&quot;:&quot;&quot;,&quot;show_comments_icon&quot;:false,&quot;selected_show_comments_icon&quot;:{&quot;value&quot;:&quot;fas fa-comments&quot;,&quot;library&quot;:&quot;fa-solid&quot;},&quot;query_by&quot;:&quot;category&quot;,&quot;category_ids&quot;:[&quot;316&quot;],&quot;post_tag_ids&quot;:&quot;&quot;,&quot;include_ids&quot;:&quot;&quot;,&quot;exclude_ids&quot;:&quot;&quot;,&quot;meta_query&quot;:&quot;&quot;,&quot;meta_key&quot;:&quot;&quot;,&quot;meta_value&quot;:&quot;&quot;,&quot;show_filter&quot;:&quot;&quot;,&quot;filter_by&quot;:&quot;category&quot;,&quot;show_all_btn&quot;:&quot;yes&quot;,&quot;all_btn_label&quot;:&quot;All&quot;,&quot;more_terms_icon&quot;:false,&quot;selected_more_terms_icon&quot;:{&quot;value&quot;:&quot;fas fa-ellipsis-h&quot;,&quot;library&quot;:&quot;fa-solid&quot;},&quot;show_arrows&quot;:&quot;&quot;,&quot;arrow_type&quot;:&quot;fa fa-angle-left&quot;,&quot;show_featured_terms&quot;:&quot;&quot;,&quot;show_featured_terms_tax&quot;:&quot;category&quot;,&quot;show_terms&quot;:&quot;&quot;,&quot;show_terms_tax&quot;:&quot;category&quot;,&quot;featured_meta_position&quot;:&quot;after&quot;,&quot;meta_position&quot;:&quot;after&quot;,&quot;show_image&quot;:&quot;yes&quot;,&quot;post_type&quot;:&quot;post&quot;,&quot;post_ids&quot;:&quot;&quot;,&quot;content_related_meta&quot;:[{&quot;meta_label&quot;:&quot;Label&quot;,&quot;_id&quot;:&quot;b2766cc&quot;,&quot;meta_key&quot;:&quot;&quot;,&quot;meta_format&quot;:&quot;%s&quot;,&quot;meta_callback&quot;:&quot;&quot;,&quot;date_format&quot;:&quot;F j, Y&quot;}],&quot;show_content_related_meta&quot;:&quot;&quot;,&quot;meta_content_related_position&quot;:&quot;before&quot;,&quot;title_related_meta&quot;:[{&quot;meta_label&quot;:&quot;Label&quot;,&quot;_id&quot;:&quot;62f92ed&quot;,&quot;meta_key&quot;:&quot;&quot;,&quot;meta_format&quot;:&quot;%s&quot;,&quot;meta_callback&quot;:&quot;&quot;,&quot;date_format&quot;:&quot;F j, Y&quot;}],&quot;show_title_related_meta&quot;:&quot;&quot;,&quot;meta_title_related_position&quot;:&quot;before&quot;,&quot;featured_title_length&quot;:0,&quot;title_length&quot;:0,&quot;add_button_icon&quot;:&quot;&quot;,&quot;button_icon&quot;:false,&quot;selected_button_icon&quot;:{&quot;value&quot;:&quot;&quot;,&quot;library&quot;:&quot;&quot;},&quot;post_add_button_icon&quot;:&quot;&quot;,&quot;post_button_icon&quot;:false,&quot;selected_post_button_icon&quot;:{&quot;value&quot;:&quot;&quot;,&quot;library&quot;:&quot;&quot;},&quot;use_custom_query&quot;:&quot;&quot;,&quot;custom_query&quot;:&quot;&quot;}' data-page=\"1\" data-term=\"0\">\n\t<div class=\"jet-smart-listing__heading\"><span class=\"jet-smart-listing__title-placeholder\"><\/span><\/div>\n\t<div class=\"jet-smart-listing columns-1 rows-6 no-featured\"><div class=\"jet-smart-listing__posts\">\n\t\t\t\t<div class=\"jet-smart-listing__post-wrapper\">\n\t\t\t\t<div class=\"jet-smart-listing__post has-post-thumb has-thumb-postion-left\">\n\t\t\t\t\t\t\t\t\t\t<div class=\"jet-smart-listing__post-thumbnail post-thumbnail-simple\"><a href=\"https:\/\/www.uta.cl\/index.php\/2026\/04\/30\/rector-en-inauguracion-del-ano-academico-2026-esta-es-una-institucion-que-crea-riqueza-academica-pero-tambien-genera-un-aumento-patrimonial-para-el-estado-de-chile\/\"><img width=\"150\" height=\"150\" src=\"https:\/\/www.uta.cl\/wp-content\/uploads\/2026\/05\/IMG_20260430_113807_1-150x150.jpg\" class=\"jet-smart-listing__post-thumbnail-img post-thumbnail-img-simple wp-post-image\" alt=\"Rector en Inauguraci\u00f3n del A\u00f1o Acad\u00e9mico 2026: \u201cEsta es una instituci\u00f3n que crea riqueza acad\u00e9mica, pero tambi\u00e9n genera un aumento patrimonial para el Estado de Chile\u201d\" loading=\"lazy\" title=\"Rector en Inauguraci\u00f3n del A\u00f1o Acad\u00e9mico 2026: \u201cEsta es una instituci\u00f3n que crea riqueza acad\u00e9mica, pero tambi\u00e9n genera un aumento patrimonial para el Estado de Chile\u201d\" \/><\/a><\/div>\t\t\t\t\t<div class=\"jet-smart-listing__post-content\"><div class=\"jet-smart-listing__post-title post-title-simple\"><a href=\"https:\/\/www.uta.cl\/index.php\/2026\/04\/30\/rector-en-inauguracion-del-ano-academico-2026-esta-es-una-institucion-que-crea-riqueza-academica-pero-tambien-genera-un-aumento-patrimonial-para-el-estado-de-chile\/\">Rector en Inauguraci\u00f3n del A\u00f1o Acad\u00e9mico 2026: \u201cEsta es una instituci\u00f3n que crea riqueza acad\u00e9mica, pero tambi\u00e9n genera un aumento patrimonial para el Estado de Chile\u201d<\/a><\/div><div class=\"jet-smart-listing__post-excerpt post-excerpt-simple\">La ceremonia tambi\u00e9n tuvo un...<\/div><\/div>\n\t\t\t\t<\/div>\n\t\t\t<\/div>\n\t\t\t\t\t\t<div class=\"jet-smart-listing__post-wrapper\">\n\t\t\t\t<div class=\"jet-smart-listing__post has-post-thumb has-thumb-postion-left\">\n\t\t\t\t\t\t\t\t\t\t<div class=\"jet-smart-listing__post-thumbnail post-thumbnail-simple\"><a href=\"https:\/\/www.uta.cl\/index.php\/2026\/04\/29\/facultad-de-medicina-y-autoridades-universitarias-sostuvieron-reunion-con-ministra-de-salud-may-chomali\/\"><img width=\"150\" height=\"150\" src=\"https:\/\/www.uta.cl\/wp-content\/uploads\/2026\/04\/Ministrasalud20264-150x150.jpg\" class=\"jet-smart-listing__post-thumbnail-img post-thumbnail-img-simple wp-post-image\" alt=\"Facultad de Medicina y autoridades universitarias sostuvieron reuni\u00f3n con ministra de Salud May Chomali\" loading=\"lazy\" title=\"Facultad de Medicina y autoridades universitarias sostuvieron reuni\u00f3n con ministra de Salud May Chomali\" \/><\/a><\/div>\t\t\t\t\t<div class=\"jet-smart-listing__post-content\"><div class=\"jet-smart-listing__post-title post-title-simple\"><a href=\"https:\/\/www.uta.cl\/index.php\/2026\/04\/29\/facultad-de-medicina-y-autoridades-universitarias-sostuvieron-reunion-con-ministra-de-salud-may-chomali\/\">Facultad de Medicina y autoridades universitarias sostuvieron reuni\u00f3n con ministra de Salud May Chomali<\/a><\/div><div class=\"jet-smart-listing__post-excerpt post-excerpt-simple\">Respecto a la visita, la...<\/div><\/div>\n\t\t\t\t<\/div>\n\t\t\t<\/div>\n\t\t\t\t\t\t<div class=\"jet-smart-listing__post-wrapper\">\n\t\t\t\t<div class=\"jet-smart-listing__post has-post-thumb has-thumb-postion-left\">\n\t\t\t\t\t\t\t\t\t\t<div class=\"jet-smart-listing__post-thumbnail post-thumbnail-simple\"><a href=\"https:\/\/www.uta.cl\/index.php\/2026\/04\/29\/diplomado-para-fortalecer-el-liderazgo-educativo-en-el-territorio-fue-inaugurado-en-la-utarapaca\/\"><img width=\"150\" height=\"150\" src=\"https:\/\/www.uta.cl\/wp-content\/uploads\/2026\/04\/IMG_20260424_093132-150x150.jpg\" class=\"jet-smart-listing__post-thumbnail-img post-thumbnail-img-simple wp-post-image\" alt=\"Diplomado para fortalecer el liderazgo educativo en el territorio fue inaugurado en la UTarapac\u00e1\" loading=\"lazy\" title=\"Diplomado para fortalecer el liderazgo educativo en el territorio fue inaugurado en la UTarapac\u00e1\" \/><\/a><\/div>\t\t\t\t\t<div class=\"jet-smart-listing__post-content\"><div class=\"jet-smart-listing__post-title post-title-simple\"><a href=\"https:\/\/www.uta.cl\/index.php\/2026\/04\/29\/diplomado-para-fortalecer-el-liderazgo-educativo-en-el-territorio-fue-inaugurado-en-la-utarapaca\/\">Diplomado para fortalecer el liderazgo educativo en el territorio fue inaugurado en la UTarapac\u00e1<\/a><\/div><div class=\"jet-smart-listing__post-excerpt post-excerpt-simple\">El programa es una iniciativa...<\/div><\/div>\n\t\t\t\t<\/div>\n\t\t\t<\/div>\n\t\t\t\t\t\t<div class=\"jet-smart-listing__post-wrapper\">\n\t\t\t\t<div class=\"jet-smart-listing__post has-post-thumb has-thumb-postion-left\">\n\t\t\t\t\t\t\t\t\t\t<div class=\"jet-smart-listing__post-thumbnail post-thumbnail-simple\"><a href=\"https:\/\/www.uta.cl\/index.php\/2026\/04\/28\/utarapaca-fue-sede-de-jornada-de-investigacion-interuniversitaria-sobre-violencia-de-genero-digital\/\"><img width=\"150\" height=\"150\" src=\"https:\/\/www.uta.cl\/wp-content\/uploads\/2026\/04\/IMG_20260328_203747-150x150.jpg\" class=\"jet-smart-listing__post-thumbnail-img post-thumbnail-img-simple wp-post-image\" alt=\"UTarapac\u00e1 fue sede de jornada de investigaci\u00f3n interuniversitaria sobre violencia de g\u00e9nero digital\" loading=\"lazy\" title=\"UTarapac\u00e1 fue sede de jornada de investigaci\u00f3n interuniversitaria sobre violencia de g\u00e9nero digital\" \/><\/a><\/div>\t\t\t\t\t<div class=\"jet-smart-listing__post-content\"><div class=\"jet-smart-listing__post-title post-title-simple\"><a href=\"https:\/\/www.uta.cl\/index.php\/2026\/04\/28\/utarapaca-fue-sede-de-jornada-de-investigacion-interuniversitaria-sobre-violencia-de-genero-digital\/\">UTarapac\u00e1 fue sede de jornada de investigaci\u00f3n interuniversitaria sobre violencia de g\u00e9nero digital<\/a><\/div><div class=\"jet-smart-listing__post-excerpt post-excerpt-simple\">La iniciativa permiti\u00f3 generar espacios...<\/div><\/div>\n\t\t\t\t<\/div>\n\t\t\t<\/div>\n\t\t\t\t\t\t<div class=\"jet-smart-listing__post-wrapper\">\n\t\t\t\t<div class=\"jet-smart-listing__post has-post-thumb has-thumb-postion-left\">\n\t\t\t\t\t\t\t\t\t\t<div class=\"jet-smart-listing__post-thumbnail post-thumbnail-simple\"><a href=\"https:\/\/www.uta.cl\/index.php\/2026\/04\/27\/cruch-acuerda-agenda-de-colaboracion-con-el-mineduc-tras-sesion-plenaria-en-nuble\/\"><img width=\"150\" height=\"150\" src=\"https:\/\/www.uta.cl\/wp-content\/uploads\/2026\/04\/DSC08800-150x150.jpg\" class=\"jet-smart-listing__post-thumbnail-img post-thumbnail-img-simple wp-post-image\" alt=\"CRUCH acuerda agenda de colaboraci\u00f3n con el Mineduc tras sesi\u00f3n plenaria en \u00d1uble\" loading=\"lazy\" title=\"CRUCH acuerda agenda de colaboraci\u00f3n con el Mineduc tras sesi\u00f3n plenaria en \u00d1uble\" \/><\/a><\/div>\t\t\t\t\t<div class=\"jet-smart-listing__post-content\"><div class=\"jet-smart-listing__post-title post-title-simple\"><a href=\"https:\/\/www.uta.cl\/index.php\/2026\/04\/27\/cruch-acuerda-agenda-de-colaboracion-con-el-mineduc-tras-sesion-plenaria-en-nuble\/\">CRUCH acuerda agenda de colaboraci\u00f3n con el Mineduc tras sesi\u00f3n plenaria en \u00d1uble<\/a><\/div><div class=\"jet-smart-listing__post-excerpt post-excerpt-simple\">En el marco de una...<\/div><\/div>\n\t\t\t\t<\/div>\n\t\t\t<\/div>\n\t\t\t\t\t\t<div class=\"jet-smart-listing__post-wrapper\">\n\t\t\t\t<div class=\"jet-smart-listing__post has-post-thumb has-thumb-postion-left\">\n\t\t\t\t\t\t\t\t\t\t<div class=\"jet-smart-listing__post-thumbnail post-thumbnail-simple\"><a href=\"https:\/\/www.uta.cl\/index.php\/2026\/04\/23\/investigador-del-iai-uta-es-nombrado-editor-asociado-de-una-de-las-revistas-mas-prestigiosas-de-matematicas-a-nivel-mundial\/\"><img width=\"150\" height=\"150\" src=\"https:\/\/www.uta.cl\/wp-content\/uploads\/2026\/04\/FLara-Amberes-Belgica-150x150.jpg\" class=\"jet-smart-listing__post-thumbnail-img post-thumbnail-img-simple wp-post-image\" alt=\"Investigador del IAI-UTA es nombrado Editor Asociado de una de las revistas m\u00e1s prestigiosas de matem\u00e1ticas a nivel mundial\" loading=\"lazy\" title=\"Investigador del IAI-UTA es nombrado Editor Asociado de una de las revistas m\u00e1s prestigiosas de matem\u00e1ticas a nivel mundial\" \/><\/a><\/div>\t\t\t\t\t<div class=\"jet-smart-listing__post-content\"><div class=\"jet-smart-listing__post-title post-title-simple\"><a href=\"https:\/\/www.uta.cl\/index.php\/2026\/04\/23\/investigador-del-iai-uta-es-nombrado-editor-asociado-de-una-de-las-revistas-mas-prestigiosas-de-matematicas-a-nivel-mundial\/\">Investigador del IAI-UTA es nombrado Editor Asociado de una de las revistas m\u00e1s prestigiosas de matem\u00e1ticas a nivel mundial<\/a><\/div><div class=\"jet-smart-listing__post-excerpt post-excerpt-simple\">El Dr. Felipe Lara Obreque,...<\/div><\/div>\n\t\t\t\t<\/div>\n\t\t\t<\/div>\n\t\t\t<\/div>\n<\/div>\n\t<\/div>\n<div class=\"jet-smart-listing-loading\"><\/div><\/div>\t\t<\/div>\n\t\t\t\t<\/div>\n\t\t\t\t\t\t<\/div>\n\t\t\t\t\t<\/div>\n\t\t<\/div>\n\t\t\t\t\t\t\t\t<\/div>\n\t\t\t\t\t<\/div>\n\t\t<\/section>\n\t\t\t\t\t\t<\/div>\n\t\t\t\t\t\t<\/div>\n\t\t\t\t\t<\/div>\n\t\t","protected":false},"excerpt":{"rendered":"<p>UTarapac\u00e1 en Im\u00e1genes Volver Actualidad UTA Rodrigo Alda, Presidente de las Universidades Regionales: \u201cNo hay certezas del nuevo modelo de financiamiento\u201dEn conversaci\u00f3n con BioBioChile, Rodrigo&#8230;<\/p>\n","protected":false},"author":13,"featured_media":0,"parent":0,"menu_order":0,"comment_status":"closed","ping_status":"closed","template":"elementor_header_footer","meta":[],"_links":{"self":[{"href":"https:\/\/www.uta.cl\/index.php\/wp-json\/wp\/v2\/pages\/47394"}],"collection":[{"href":"https:\/\/www.uta.cl\/index.php\/wp-json\/wp\/v2\/pages"}],"about":[{"href":"https:\/\/www.uta.cl\/index.php\/wp-json\/wp\/v2\/types\/page"}],"author":[{"embeddable":true,"href":"https:\/\/www.uta.cl\/index.php\/wp-json\/wp\/v2\/users\/13"}],"replies":[{"embeddable":true,"href":"https:\/\/www.uta.cl\/index.php\/wp-json\/wp\/v2\/comments?post=47394"}],"version-history":[{"count":28,"href":"https:\/\/www.uta.cl\/index.php\/wp-json\/wp\/v2\/pages\/47394\/revisions"}],"predecessor-version":[{"id":47900,"href":"https:\/\/www.uta.cl\/index.php\/wp-json\/wp\/v2\/pages\/47394\/revisions\/47900"}],"wp:attachment":[{"href":"https:\/\/www.uta.cl\/index.php\/wp-json\/wp\/v2\/media?parent=47394"}],"curies":[{"name":"wp","href":"https:\/\/api.w.org\/{rel}","templated":true}]}}