{"id":30817,"date":"2021-06-16T18:35:38","date_gmt":"2021-06-16T18:35:38","guid":{"rendered":"https:\/\/www.uta.cl\/?page_id=30817"},"modified":"2021-06-16T18:47:33","modified_gmt":"2021-06-16T18:47:33","slug":"programa-hpv2","status":"publish","type":"page","link":"https:\/\/www.uta.cl\/index.php\/programa-hpv2\/","title":{"rendered":"Programa HPV2"},"content":{"rendered":"\t\t<div data-elementor-type=\"wp-post\" data-elementor-id=\"30817\" class=\"elementor elementor-30817\" data-elementor-settings=\"[]\">\n\t\t\t\t\t\t<div class=\"elementor-inner\">\n\t\t\t\t\t\t\t<div class=\"elementor-section-wrap\">\n\t\t\t\t\t\t\t<section class=\"elementor-section elementor-top-section elementor-element elementor-element-67863e9 elementor-section-full_width elementor-section-height-default elementor-section-height-default\" data-id=\"67863e9\" data-element_type=\"section\" data-settings=\"{&quot;background_image&quot;:{&quot;url&quot;:&quot;https:\\\/\\\/www.uta.cl\\\/wp-content\\\/uploads\\\/2018\\\/12\\\/patron_bg-01.png&quot;,&quot;id&quot;:3119},&quot;background_background&quot;:&quot;classic&quot;,&quot;background_image_tablet&quot;:{&quot;url&quot;:&quot;&quot;,&quot;id&quot;:&quot;&quot;},&quot;background_image_mobile&quot;:{&quot;url&quot;:&quot;&quot;,&quot;id&quot;:&quot;&quot;}}\">\n\t\t\t\t\t\t\t<div class=\"elementor-background-overlay\"><\/div>\n\t\t\t\t\t\t\t<div class=\"elementor-container elementor-column-gap-default\">\n\t\t\t\t\t\t\t<div class=\"elementor-row\">\n\t\t\t\t\t<div class=\"elementor-column elementor-col-100 elementor-top-column elementor-element elementor-element-9de91e6\" data-id=\"9de91e6\" data-element_type=\"column\">\n\t\t\t<div class=\"elementor-column-wrap elementor-element-populated\">\n\t\t\t\t\t\t\t<div class=\"elementor-widget-wrap\">\n\t\t\t\t\t\t<section class=\"elementor-section elementor-inner-section elementor-element elementor-element-9829820 elementor-section-height-min-height elementor-section-boxed elementor-section-height-default\" data-id=\"9829820\" data-element_type=\"section\" data-settings=\"{&quot;background_background&quot;:&quot;classic&quot;,&quot;background_image&quot;:{&quot;url&quot;:&quot;&quot;,&quot;id&quot;:&quot;&quot;},&quot;background_image_tablet&quot;:{&quot;url&quot;:&quot;&quot;,&quot;id&quot;:&quot;&quot;},&quot;background_image_mobile&quot;:{&quot;url&quot;:&quot;&quot;,&quot;id&quot;:&quot;&quot;}}\">\n\t\t\t\t\t\t\t<div class=\"elementor-background-overlay\"><\/div>\n\t\t\t\t\t\t\t<div class=\"elementor-container elementor-column-gap-default\">\n\t\t\t\t\t\t\t<div class=\"elementor-row\">\n\t\t\t\t\t<div class=\"elementor-column elementor-col-100 elementor-inner-column elementor-element elementor-element-d4463d4\" data-id=\"d4463d4\" data-element_type=\"column\">\n\t\t\t<div class=\"elementor-column-wrap elementor-element-populated\">\n\t\t\t\t\t\t\t<div class=\"elementor-widget-wrap\">\n\t\t\t\t\t\t<div class=\"elementor-element elementor-element-55fbf00 elementor-widget elementor-widget-heading\" data-id=\"55fbf00\" data-element_type=\"widget\" data-widget_type=\"heading.default\">\n\t\t\t\t<div class=\"elementor-widget-container\">\n\t\t\t<h2 class=\"elementor-heading-title elementor-size-default\">Programa<br\/><b>Habilidades para la Vida II (HPV2)<\/b><\/h2>\t\t<\/div>\n\t\t\t\t<\/div>\n\t\t\t\t\t\t<\/div>\n\t\t\t\t\t<\/div>\n\t\t<\/div>\n\t\t\t\t\t\t\t\t<\/div>\n\t\t\t\t\t<\/div>\n\t\t<\/section>\n\t\t\t\t\t\t<\/div>\n\t\t\t\t\t<\/div>\n\t\t<\/div>\n\t\t\t\t\t\t\t\t<\/div>\n\t\t\t\t\t<\/div>\n\t\t<\/section>\n\t\t\t\t<section class=\"elementor-section elementor-top-section elementor-element elementor-element-1905e14 elementor-section-boxed elementor-section-height-default elementor-section-height-default\" data-id=\"1905e14\" data-element_type=\"section\" id=\"contacto_investigacion\" data-settings=\"{&quot;background_background&quot;:&quot;gradient&quot;}\">\n\t\t\t\t\t\t<div class=\"elementor-container elementor-column-gap-default\">\n\t\t\t\t\t\t\t<div class=\"elementor-row\">\n\t\t\t\t\t<div class=\"elementor-column elementor-col-100 elementor-top-column elementor-element elementor-element-3ae2c9b\" data-id=\"3ae2c9b\" data-element_type=\"column\">\n\t\t\t<div class=\"elementor-column-wrap elementor-element-populated\">\n\t\t\t\t\t\t\t<div class=\"elementor-widget-wrap\">\n\t\t\t\t\t\t<section class=\"elementor-section elementor-inner-section elementor-element elementor-element-6bb6862 elementor-section-boxed elementor-section-height-default elementor-section-height-default\" data-id=\"6bb6862\" data-element_type=\"section\" id=\"proposito\" data-settings=\"{&quot;background_background&quot;:&quot;classic&quot;,&quot;background_image&quot;:{&quot;url&quot;:&quot;&quot;,&quot;id&quot;:&quot;&quot;},&quot;background_image_tablet&quot;:{&quot;url&quot;:&quot;&quot;,&quot;id&quot;:&quot;&quot;},&quot;background_image_mobile&quot;:{&quot;url&quot;:&quot;&quot;,&quot;id&quot;:&quot;&quot;}}\">\n\t\t\t\t\t\t<div class=\"elementor-container elementor-column-gap-default\">\n\t\t\t\t\t\t\t<div class=\"elementor-row\">\n\t\t\t\t\t<div class=\"elementor-column elementor-col-50 elementor-inner-column elementor-element elementor-element-7e82301\" data-id=\"7e82301\" data-element_type=\"column\">\n\t\t\t<div class=\"elementor-column-wrap elementor-element-populated\">\n\t\t\t\t\t\t\t<div class=\"elementor-widget-wrap\">\n\t\t\t\t\t\t<div class=\"elementor-element elementor-element-f66aef8 elementor-cta--skin-cover elementor-cta--valign-bottom elementor-widget elementor-widget-call-to-action\" data-id=\"f66aef8\" data-element_type=\"widget\" data-widget_type=\"call-to-action.default\">\n\t\t\t\t<div class=\"elementor-widget-container\">\n\t\t\t\t\t<div  class=\"elementor-cta\">\n\t\t\t\t\t<div class=\"elementor-cta__bg-wrapper\">\n\t\t\t\t<div class=\"elementor-cta__bg elementor-bg\" style=\"background-image: url(https:\/\/www.uta.cl\/wp-content\/uploads\/2020\/09\/uta_arica_universidad_de_tarapaca_frontis.jpeg);\"><\/div>\n\t\t\t\t<div class=\"elementor-cta__bg-overlay\"><\/div>\n\t\t\t<\/div>\n\t\t\t\t\t\t\t<div class=\"elementor-cta__content\">\n\t\t\t\t\n\t\t\t\t\t\t\t\t\t<h2 class=\"elementor-cta__title elementor-cta__content-item elementor-content-item\">\n\t\t\t\t\t\t.<br>\t\t\t\t\t<\/h2>\n\t\t\t\t\n\t\t\t\t\n\t\t\t\t\t\t\t<\/div>\n\t\t\t\t\t\t<\/div>\n\t\t\t\t<\/div>\n\t\t\t\t<\/div>\n\t\t\t\t\t\t<\/div>\n\t\t\t\t\t<\/div>\n\t\t<\/div>\n\t\t\t\t<div class=\"elementor-column elementor-col-50 elementor-inner-column elementor-element elementor-element-83d8835\" data-id=\"83d8835\" data-element_type=\"column\" data-settings=\"{&quot;background_background&quot;:&quot;classic&quot;}\">\n\t\t\t<div class=\"elementor-column-wrap elementor-element-populated\">\n\t\t\t\t\t\t\t<div class=\"elementor-widget-wrap\">\n\t\t\t\t\t\t<div class=\"elementor-element elementor-element-b8a517e elementor-icon-list--layout-traditional elementor-list-item-link-full_width elementor-widget elementor-widget-icon-list\" data-id=\"b8a517e\" data-element_type=\"widget\" data-widget_type=\"icon-list.default\">\n\t\t\t\t<div class=\"elementor-widget-container\">\n\t\t\t\t\t<ul class=\"elementor-icon-list-items\">\n\t\t\t\t\t\t\t<li class=\"elementor-icon-list-item\">\n\t\t\t\t\t\t\t\t\t\t\t<span class=\"elementor-icon-list-icon\">\n\t\t\t\t\t\t\t<i aria-hidden=\"true\" class=\"fas fa-angle-right\"><\/i>\t\t\t\t\t\t<\/span>\n\t\t\t\t\t\t\t\t\t\t<span class=\"elementor-icon-list-text\">El Programa Habilidades para la Vida II, est\u00e1 destinado a estudiantes de 5\u00b0 a 8\u00b0 a\u00f1o de Educaci\u00f3n B\u00e1sica, cuyo objetivo general es: \u201cFavorecer el logro de una buena convivencia escolar y bienestar psicosocial en los y las estudiantes de 5\u00ba a 8\u00ba a\u00f1o b\u00e1sico, mediante un programa de intervenci\u00f3n en salud mental escolar para el desarrollo competencias y habilidades sociales, cognitivas y afectivas inserto en las comunidades educativas.\u201d<\/span>\n\t\t\t\t\t\t\t\t\t<\/li>\n\t\t\t\t\t\t<\/ul>\n\t\t\t\t<\/div>\n\t\t\t\t<\/div>\n\t\t\t\t\t\t<\/div>\n\t\t\t\t\t<\/div>\n\t\t<\/div>\n\t\t\t\t\t\t\t\t<\/div>\n\t\t\t\t\t<\/div>\n\t\t<\/section>\n\t\t\t\t\t\t<\/div>\n\t\t\t\t\t<\/div>\n\t\t<\/div>\n\t\t\t\t\t\t\t\t<\/div>\n\t\t\t\t\t<\/div>\n\t\t<\/section>\n\t\t\t\t<section class=\"elementor-section elementor-top-section elementor-element elementor-element-4c2ff60 elementor-section-boxed elementor-section-height-default elementor-section-height-default\" data-id=\"4c2ff60\" data-element_type=\"section\" id=\"misionyvision\" data-settings=\"{&quot;background_background&quot;:&quot;classic&quot;,&quot;background_image&quot;:{&quot;url&quot;:&quot;&quot;,&quot;id&quot;:&quot;&quot;},&quot;background_image_tablet&quot;:{&quot;url&quot;:&quot;&quot;,&quot;id&quot;:&quot;&quot;},&quot;background_image_mobile&quot;:{&quot;url&quot;:&quot;&quot;,&quot;id&quot;:&quot;&quot;}}\">\n\t\t\t\t\t\t<div class=\"elementor-container elementor-column-gap-wider\">\n\t\t\t\t\t\t\t<div class=\"elementor-row\">\n\t\t\t\t\t<div class=\"elementor-column elementor-col-100 elementor-top-column elementor-element elementor-element-d49f565\" data-id=\"d49f565\" data-element_type=\"column\">\n\t\t\t<div class=\"elementor-column-wrap elementor-element-populated\">\n\t\t\t\t\t\t\t<div class=\"elementor-widget-wrap\">\n\t\t\t\t\t\t<div class=\"elementor-element elementor-element-5c4ca9f elementor-widget elementor-widget-text-editor\" data-id=\"5c4ca9f\" data-element_type=\"widget\" data-widget_type=\"text-editor.default\">\n\t\t\t\t<div class=\"elementor-widget-container\">\n\t\t\t\t\t<div class=\"elementor-text-editor elementor-clearfix\"><p align=\"justify\"><span style=\"font-family: Arial, serif;\"><span style=\"font-size: small;\"><span lang=\"es-ES\">El Programa cuenta con una serie de principios que la evidencia cient\u00edfica ha se\u00f1alado como importantes de tener en cuenta en el dise\u00f1o e implementaci\u00f3n de un programa de salud mental escolar. A continuaci\u00f3n, se indican los principios que se constituyen como un marco de acci\u00f3n para el desarrollo del Programa HpV-II: <\/span><\/span><\/span><\/p><ul><li><p align=\"justify\"><span style=\"font-family: Arial, serif;\"><span style=\"font-size: small;\"><span lang=\"es-ES\">La escuela ha demostrado ser un contexto de desarrollo donde la calidad de las interacciones entre sus diferentes actores puede generar condiciones de protecci\u00f3n o de riesgo psicosocial de la salud mental;<\/span><\/span><\/span><\/p><\/li><li><p align=\"justify\"><span style=\"font-family: Arial, serif;\"><span style=\"font-size: small;\"><span lang=\"es-ES\">Durante la etapa adolescente, la convivencia con otra cobra relevancia en la construcci\u00f3n del bienestar y la salud mental, siendo la convivencia que se experimenta en la escuela una de las m\u00e1s significativas en el desarrollo de un individuo;<\/span><\/span><\/span><\/p><\/li><li><p align=\"justify\"><span style=\"font-family: Arial, serif;\"><span style=\"font-size: small;\"><span lang=\"es-ES\">Los adolescentes escolares cumplen un rol principal en el desarrollo de estrategias que protegen el clima y la buena convivencia, y contribuyen a la prevenci\u00f3n de problemas propios de la adolescencia. Este rol se refuerza con mayor participaci\u00f3n de estos escolares en la reflexi\u00f3n respecto de la generaci\u00f3n y soluci\u00f3n de conflictos presentes en cada contexto escolar;<\/span><\/span><\/span><\/p><\/li><li><p align=\"justify\"><span style=\"font-family: Arial, serif;\"><span style=\"font-size: small;\"><span lang=\"es-ES\">La promoci\u00f3n de la salud mental y la prevenci\u00f3n de problemas y\/o trastornos requiere intervenciones espec\u00edficas de tipo universal en las que todos participen, que son complementadas con intervenciones dirigidas a grupos espec\u00edficos de individuos que presentan indicadores o marcadores de mayor riesgo;<\/span><\/span><\/span><\/p><\/li><li><p align=\"justify\"><span style=\"font-family: Arial, serif;\"><span style=\"font-size: small;\"><span lang=\"es-ES\">La detecci\u00f3n del riesgo psicosocial individual contribuye a la generaci\u00f3n de una respuesta basada en la medici\u00f3n universal, la identificaci\u00f3n de los estudiantes con mayor riesgo y la derivaci\u00f3n a las instancias del programa o la red que brinde los mejores apoyos disponibles.<\/span><\/span><\/span><\/p><\/li><li><p align=\"justify\"><span style=\"font-family: Arial, serif;\"><span style=\"font-size: small;\"><span lang=\"es-ES\">El Programa cuenta con una serie de principios que la evidencia cient\u00edfica ha se\u00f1alado como importantes de tener en cuenta en el dise\u00f1o e implementaci\u00f3n de un programa de salud mental escolar. A continuaci\u00f3n, se indican los principios que se constituyen como un marco de acci\u00f3n para el desarrollo del Programa HpV-II: <\/span><\/span><\/span><\/p><\/li><li><p align=\"justify\"><span style=\"font-family: Arial, serif;\"><span style=\"font-size: small;\"><span lang=\"es-ES\">La escuela ha demostrado ser un contexto de desarrollo donde la calidad de las interacciones entre sus diferentes actores puede generar condiciones de protecci\u00f3n o de riesgo psicosocial de la salud mental;<\/span><\/span><\/span><\/p><\/li><li><p align=\"justify\"><span style=\"font-family: Arial, serif;\"><span style=\"font-size: small;\"><span lang=\"es-ES\">Durante la etapa adolescente, la convivencia con otra cobra relevancia en la construcci\u00f3n del bienestar y la salud mental, siendo la convivencia que se experimenta en la escuela una de las m\u00e1s significativas en el desarrollo de un individuo;<\/span><\/span><\/span><\/p><\/li><li><p align=\"justify\"><span style=\"font-family: Arial, serif;\"><span style=\"font-size: small;\"><span lang=\"es-ES\">Los adolescentes escolares cumplen un rol principal en el desarrollo de estrategias que protegen el clima y la buena convivencia, y contribuyen a la prevenci\u00f3n de problemas propios de la adolescencia. Este rol se refuerza con mayor participaci\u00f3n de estos escolares en la reflexi\u00f3n respecto de la generaci\u00f3n y soluci\u00f3n de conflictos presentes en cada contexto escolar;<\/span><\/span><\/span><\/p><\/li><li><p align=\"justify\"><span style=\"font-family: Arial, serif;\"><span style=\"font-size: small;\"><span lang=\"es-ES\">La promoci\u00f3n de la salud mental y la prevenci\u00f3n de problemas y\/o trastornos requiere intervenciones espec\u00edficas de tipo universal en las que todos participen, que son complementadas con intervenciones dirigidas a grupos espec\u00edficos de individuos que presentan indicadores o marcadores de mayor riesgo;<\/span><\/span><\/span><\/p><\/li><li><p align=\"justify\"><span style=\"font-family: Arial, serif;\"><span style=\"font-size: small;\"><span lang=\"es-ES\">La detecci\u00f3n del riesgo psicosocial individual contribuye a la generaci\u00f3n de una respuesta basada en la medici\u00f3n universal, la identificaci\u00f3n de los estudiantes con mayor riesgo y la derivaci\u00f3n a las instancias del programa o la red que brinde los mejores apoyos disponibles.<\/span><\/span><\/span><\/p><\/li><\/ul><\/div>\n\t\t\t\t<\/div>\n\t\t\t\t<\/div>\n\t\t\t\t\t\t<\/div>\n\t\t\t\t\t<\/div>\n\t\t<\/div>\n\t\t\t\t\t\t\t\t<\/div>\n\t\t\t\t\t<\/div>\n\t\t<\/section>\n\t\t\t\t<section class=\"elementor-section elementor-top-section elementor-element elementor-element-967d530 elementor-section-boxed elementor-section-height-default elementor-section-height-default\" data-id=\"967d530\" data-element_type=\"section\" data-settings=\"{&quot;background_background&quot;:&quot;classic&quot;,&quot;background_image&quot;:{&quot;url&quot;:&quot;&quot;,&quot;id&quot;:&quot;&quot;},&quot;background_image_tablet&quot;:{&quot;url&quot;:&quot;&quot;,&quot;id&quot;:&quot;&quot;},&quot;background_image_mobile&quot;:{&quot;url&quot;:&quot;&quot;,&quot;id&quot;:&quot;&quot;}}\">\n\t\t\t\t\t\t<div class=\"elementor-container elementor-column-gap-wider\">\n\t\t\t\t\t\t\t<div class=\"elementor-row\">\n\t\t\t\t\t<div class=\"elementor-column elementor-col-100 elementor-top-column elementor-element elementor-element-cbb374e\" data-id=\"cbb374e\" data-element_type=\"column\">\n\t\t\t<div class=\"elementor-column-wrap elementor-element-populated\">\n\t\t\t\t\t\t\t<div class=\"elementor-widget-wrap\">\n\t\t\t\t\t\t<div class=\"elementor-element elementor-element-baa8acc elementor-widget elementor-widget-heading\" data-id=\"baa8acc\" data-element_type=\"widget\" data-widget_type=\"heading.default\">\n\t\t\t\t<div class=\"elementor-widget-container\">\n\t\t\t<h2 class=\"elementor-heading-title elementor-size-default\">Objetivos Espec\u00edficos<\/h2>\t\t<\/div>\n\t\t\t\t<\/div>\n\t\t\t\t<div class=\"elementor-element elementor-element-a516dee elementor-widget elementor-widget-text-editor\" data-id=\"a516dee\" data-element_type=\"widget\" data-widget_type=\"text-editor.default\">\n\t\t\t\t<div class=\"elementor-widget-container\">\n\t\t\t\t\t<div class=\"elementor-text-editor elementor-clearfix\"><p align=\"justify\"><span style=\"font-family: Arial, serif;\"><span style=\"font-size: small;\">Para el cumplimiento de sus metas el Programa plantea una serie de objetivos espec\u00edficos, que se ordenan de la siguiente manera:<\/span><\/span><\/p><ul><li><p align=\"justify\"><span style=\"font-family: Arial, serif;\"><span style=\"font-size: small;\"><span lang=\"es-ES\">Realizar acciones promotoras del bienestar, la salud mental y el desarrollo psicosocial en la comunidad educativa.<\/span><\/span><\/span><\/p><\/li><li><p align=\"justify\"><span style=\"font-family: Arial, serif;\"><span style=\"font-size: small;\"><span lang=\"es-ES\">Detectar en ni\u00f1os, ni\u00f1as y adolescentes de la comunidad educativa la presencia de problemas psicosociales y de conductas de riesgo<\/span><\/span><\/span><\/p><\/li><li><p align=\"justify\"><span style=\"font-family: Arial, serif;\"><span style=\"font-size: small;\"><span lang=\"es-ES\">Ejecutar acciones preventivas con aquellos ni\u00f1os, ni\u00f1as y adolescentes que han sido identificados con riesgo de desarrollar problemas psicosociales dentro de la comunidad educativa.<\/span><\/span><\/span><\/p><\/li><li><p align=\"justify\"><span style=\"font-family: Arial, serif;\"><span style=\"font-size: small;\"><span lang=\"es-ES\">Derivar hacia la red de salud mental local a ni\u00f1os, ni\u00f1as y adolescentes detectados con mayor riesgo de desarrollar problemas psicosociales y de salud mental.<\/span><\/span><\/span><\/p><\/li><li><p align=\"justify\"><span style=\"font-family: Arial, serif;\"><span style=\"font-size: small;\"><span lang=\"es-ES\">Desarrollar de forma permanente una red de apoyo local para el Programa.<\/span><\/span><\/span><\/p><\/li><\/ul><\/div>\n\t\t\t\t<\/div>\n\t\t\t\t<\/div>\n\t\t\t\t\t\t<\/div>\n\t\t\t\t\t<\/div>\n\t\t<\/div>\n\t\t\t\t\t\t\t\t<\/div>\n\t\t\t\t\t<\/div>\n\t\t<\/section>\n\t\t\t\t<section class=\"elementor-section elementor-top-section elementor-element elementor-element-5e48af9 elementor-section-boxed elementor-section-height-default elementor-section-height-default\" data-id=\"5e48af9\" data-element_type=\"section\" id=\"equipo\" data-settings=\"{&quot;background_background&quot;:&quot;classic&quot;,&quot;background_image&quot;:{&quot;url&quot;:&quot;&quot;,&quot;id&quot;:&quot;&quot;},&quot;background_image_tablet&quot;:{&quot;url&quot;:&quot;&quot;,&quot;id&quot;:&quot;&quot;},&quot;background_image_mobile&quot;:{&quot;url&quot;:&quot;&quot;,&quot;id&quot;:&quot;&quot;}}\">\n\t\t\t\t\t\t\t<div class=\"elementor-background-overlay\"><\/div>\n\t\t\t\t\t\t\t<div class=\"elementor-container elementor-column-gap-default\">\n\t\t\t\t\t\t\t<div class=\"elementor-row\">\n\t\t\t\t\t<div class=\"elementor-column elementor-col-100 elementor-top-column elementor-element elementor-element-fd67162\" data-id=\"fd67162\" data-element_type=\"column\">\n\t\t\t<div class=\"elementor-column-wrap elementor-element-populated\">\n\t\t\t\t\t\t\t<div class=\"elementor-widget-wrap\">\n\t\t\t\t\t\t<div class=\"elementor-element elementor-element-cf2a055 elementor-widget elementor-widget-heading\" data-id=\"cf2a055\" data-element_type=\"widget\" data-widget_type=\"heading.default\">\n\t\t\t\t<div class=\"elementor-widget-container\">\n\t\t\t<h2 class=\"elementor-heading-title elementor-size-default\">Colegios participantes<\/h2>\t\t<\/div>\n\t\t\t\t<\/div>\n\t\t\t\t<div class=\"elementor-element elementor-element-57b26c1 elementor-widget elementor-widget-text-editor\" data-id=\"57b26c1\" data-element_type=\"widget\" data-widget_type=\"text-editor.default\">\n\t\t\t\t<div class=\"elementor-widget-container\">\n\t\t\t\t\t<div class=\"elementor-text-editor elementor-clearfix\"><p align=\"justify\"><span style=\"font-family: Arial, serif;\"><span style=\"font-size: small;\"><span lang=\"es-ES\">Actualmente el Programa Habilidades para la Vida II, ejecutado por la Universidad de Tarapac\u00e1, cuenta con una plaza de 11 Establecimientos Educacionales Particulares Subvencionados, con alto \u00edndice de vulnerabilidad:<\/span><\/span><\/span><\/p><\/div>\n\t\t\t\t<\/div>\n\t\t\t\t<\/div>\n\t\t\t\t<section class=\"elementor-section elementor-inner-section elementor-element elementor-element-218df92 elementor-section-full_width elementor-section-height-default elementor-section-height-default\" data-id=\"218df92\" data-element_type=\"section\">\n\t\t\t\t\t\t<div class=\"elementor-container elementor-column-gap-wider\">\n\t\t\t\t\t\t\t<div class=\"elementor-row\">\n\t\t\t\t\t<div class=\"elementor-column elementor-col-50 elementor-inner-column elementor-element elementor-element-a321829\" data-id=\"a321829\" data-element_type=\"column\" data-settings=\"{&quot;background_background&quot;:&quot;classic&quot;}\">\n\t\t\t<div class=\"elementor-column-wrap elementor-element-populated\">\n\t\t\t\t\t\t\t<div class=\"elementor-widget-wrap\">\n\t\t\t\t\t\t<div class=\"elementor-element elementor-element-5688328 elementor-icon-list--layout-traditional elementor-list-item-link-full_width elementor-widget elementor-widget-icon-list\" data-id=\"5688328\" data-element_type=\"widget\" data-widget_type=\"icon-list.default\">\n\t\t\t\t<div class=\"elementor-widget-container\">\n\t\t\t\t\t<ul class=\"elementor-icon-list-items\">\n\t\t\t\t\t\t\t<li class=\"elementor-icon-list-item\">\n\t\t\t\t\t\t\t\t\t\t\t<span class=\"elementor-icon-list-icon\">\n\t\t\t\t\t\t\t<i aria-hidden=\"true\" class=\"fas fa-angle-right\"><\/i>\t\t\t\t\t\t<\/span>\n\t\t\t\t\t\t\t\t\t\t<span class=\"elementor-icon-list-text\">Colegio Saucache<\/span>\n\t\t\t\t\t\t\t\t\t<\/li>\n\t\t\t\t\t\t\t\t<li class=\"elementor-icon-list-item\">\n\t\t\t\t\t\t\t\t\t\t\t<span class=\"elementor-icon-list-icon\">\n\t\t\t\t\t\t\t<i aria-hidden=\"true\" class=\"fas fa-angle-right\"><\/i>\t\t\t\t\t\t<\/span>\n\t\t\t\t\t\t\t\t\t\t<span class=\"elementor-icon-list-text\">Colegio El Roble<\/span>\n\t\t\t\t\t\t\t\t\t<\/li>\n\t\t\t\t\t\t\t\t<li class=\"elementor-icon-list-item\">\n\t\t\t\t\t\t\t\t\t\t\t<span class=\"elementor-icon-list-icon\">\n\t\t\t\t\t\t\t<i aria-hidden=\"true\" class=\"fas fa-angle-right\"><\/i>\t\t\t\t\t\t<\/span>\n\t\t\t\t\t\t\t\t\t\t<span class=\"elementor-icon-list-text\">Colegio Chile Norte<\/span>\n\t\t\t\t\t\t\t\t\t<\/li>\n\t\t\t\t\t\t\t\t<li class=\"elementor-icon-list-item\">\n\t\t\t\t\t\t\t\t\t\t\t<span class=\"elementor-icon-list-icon\">\n\t\t\t\t\t\t\t<i aria-hidden=\"true\" class=\"fas fa-angle-right\"><\/i>\t\t\t\t\t\t<\/span>\n\t\t\t\t\t\t\t\t\t\t<span class=\"elementor-icon-list-text\">Colegio John Wall<\/span>\n\t\t\t\t\t\t\t\t\t<\/li>\n\t\t\t\t\t\t\t\t<li class=\"elementor-icon-list-item\">\n\t\t\t\t\t\t\t\t\t\t\t<span class=\"elementor-icon-list-icon\">\n\t\t\t\t\t\t\t<i aria-hidden=\"true\" class=\"fas fa-angle-right\"><\/i>\t\t\t\t\t\t<\/span>\n\t\t\t\t\t\t\t\t\t\t<span class=\"elementor-icon-list-text\">Colegio Cardenal Ra\u00fal Silva Henr\u00edquez <\/span>\n\t\t\t\t\t\t\t\t\t<\/li>\n\t\t\t\t\t\t\t\t<li class=\"elementor-icon-list-item\">\n\t\t\t\t\t\t\t\t\t\t\t<span class=\"elementor-icon-list-icon\">\n\t\t\t\t\t\t\t<i aria-hidden=\"true\" class=\"fas fa-angle-right\"><\/i>\t\t\t\t\t\t<\/span>\n\t\t\t\t\t\t\t\t\t\t<span class=\"elementor-icon-list-text\">Colegio Mar\u00eda Montessori<\/span>\n\t\t\t\t\t\t\t\t\t<\/li>\n\t\t\t\t\t\t<\/ul>\n\t\t\t\t<\/div>\n\t\t\t\t<\/div>\n\t\t\t\t\t\t<\/div>\n\t\t\t\t\t<\/div>\n\t\t<\/div>\n\t\t\t\t<div class=\"elementor-column elementor-col-50 elementor-inner-column elementor-element elementor-element-9952857\" data-id=\"9952857\" data-element_type=\"column\" data-settings=\"{&quot;background_background&quot;:&quot;classic&quot;}\">\n\t\t\t<div class=\"elementor-column-wrap elementor-element-populated\">\n\t\t\t\t\t\t\t<div class=\"elementor-widget-wrap\">\n\t\t\t\t\t\t<div class=\"elementor-element elementor-element-2ef2447 elementor-icon-list--layout-traditional elementor-list-item-link-full_width elementor-widget elementor-widget-icon-list\" data-id=\"2ef2447\" data-element_type=\"widget\" data-widget_type=\"icon-list.default\">\n\t\t\t\t<div class=\"elementor-widget-container\">\n\t\t\t\t\t<ul class=\"elementor-icon-list-items\">\n\t\t\t\t\t\t\t<li class=\"elementor-icon-list-item\">\n\t\t\t\t\t\t\t\t\t\t\t<span class=\"elementor-icon-list-icon\">\n\t\t\t\t\t\t\t<i aria-hidden=\"true\" class=\"fas fa-angle-right\"><\/i>\t\t\t\t\t\t<\/span>\n\t\t\t\t\t\t\t\t\t\t<span class=\"elementor-icon-list-text\">Colegio TISA<\/span>\n\t\t\t\t\t\t\t\t\t<\/li>\n\t\t\t\t\t\t\t\t<li class=\"elementor-icon-list-item\">\n\t\t\t\t\t\t\t\t\t\t\t<span class=\"elementor-icon-list-icon\">\n\t\t\t\t\t\t\t<i aria-hidden=\"true\" class=\"fas fa-angle-right\"><\/i>\t\t\t\t\t\t<\/span>\n\t\t\t\t\t\t\t\t\t\t<span class=\"elementor-icon-list-text\">Colegio San Juan de la Blachere<\/span>\n\t\t\t\t\t\t\t\t\t<\/li>\n\t\t\t\t\t\t\t\t<li class=\"elementor-icon-list-item\">\n\t\t\t\t\t\t\t\t\t\t\t<span class=\"elementor-icon-list-icon\">\n\t\t\t\t\t\t\t<i aria-hidden=\"true\" class=\"fas fa-angle-right\"><\/i>\t\t\t\t\t\t<\/span>\n\t\t\t\t\t\t\t\t\t\t<span class=\"elementor-icon-list-text\">Colegio Miramar<\/span>\n\t\t\t\t\t\t\t\t\t<\/li>\n\t\t\t\t\t\t\t\t<li class=\"elementor-icon-list-item\">\n\t\t\t\t\t\t\t\t\t\t\t<span class=\"elementor-icon-list-icon\">\n\t\t\t\t\t\t\t<i aria-hidden=\"true\" class=\"fas fa-angle-right\"><\/i>\t\t\t\t\t\t<\/span>\n\t\t\t\t\t\t\t\t\t\t<span class=\"elementor-icon-list-text\">Colegio Juan Pablo II<\/span>\n\t\t\t\t\t\t\t\t\t<\/li>\n\t\t\t\t\t\t\t\t<li class=\"elementor-icon-list-item\">\n\t\t\t\t\t\t\t\t\t\t\t<span class=\"elementor-icon-list-icon\">\n\t\t\t\t\t\t\t<i aria-hidden=\"true\" class=\"fas fa-angle-right\"><\/i>\t\t\t\t\t\t<\/span>\n\t\t\t\t\t\t\t\t\t\t<span class=\"elementor-icon-list-text\">Colegio Adventista<\/span>\n\t\t\t\t\t\t\t\t\t<\/li>\n\t\t\t\t\t\t<\/ul>\n\t\t\t\t<\/div>\n\t\t\t\t<\/div>\n\t\t\t\t\t\t<\/div>\n\t\t\t\t\t<\/div>\n\t\t<\/div>\n\t\t\t\t\t\t\t\t<\/div>\n\t\t\t\t\t<\/div>\n\t\t<\/section>\n\t\t\t\t<div class=\"elementor-element elementor-element-3045507 elementor-widget elementor-widget-heading\" data-id=\"3045507\" data-element_type=\"widget\" data-widget_type=\"heading.default\">\n\t\t\t\t<div class=\"elementor-widget-container\">\n\t\t\t<h2 class=\"elementor-heading-title elementor-size-default\">Equipo de profesionales<\/h2>\t\t<\/div>\n\t\t\t\t<\/div>\n\t\t\t\t<section class=\"elementor-section elementor-inner-section elementor-element elementor-element-36615af elementor-section-full_width elementor-section-height-default elementor-section-height-default\" data-id=\"36615af\" data-element_type=\"section\">\n\t\t\t\t\t\t<div class=\"elementor-container elementor-column-gap-wider\">\n\t\t\t\t\t\t\t<div class=\"elementor-row\">\n\t\t\t\t\t<div class=\"elementor-column elementor-col-50 elementor-inner-column elementor-element elementor-element-b562521\" data-id=\"b562521\" data-element_type=\"column\" data-settings=\"{&quot;background_background&quot;:&quot;classic&quot;}\">\n\t\t\t<div class=\"elementor-column-wrap elementor-element-populated\">\n\t\t\t\t\t\t\t<div class=\"elementor-widget-wrap\">\n\t\t\t\t\t\t<div class=\"elementor-element elementor-element-f292767 elementor-icon-list--layout-traditional elementor-list-item-link-full_width elementor-widget elementor-widget-icon-list\" data-id=\"f292767\" data-element_type=\"widget\" data-widget_type=\"icon-list.default\">\n\t\t\t\t<div class=\"elementor-widget-container\">\n\t\t\t\t\t<ul class=\"elementor-icon-list-items\">\n\t\t\t\t\t\t\t<li class=\"elementor-icon-list-item\">\n\t\t\t\t\t\t\t\t\t\t\t<span class=\"elementor-icon-list-icon\">\n\t\t\t\t\t\t\t<i aria-hidden=\"true\" class=\"fas fa-angle-right\"><\/i>\t\t\t\t\t\t<\/span>\n\t\t\t\t\t\t\t\t\t\t<span class=\"elementor-icon-list-text\"><b>Camila Chamorro Valdivia<\/b><br\/>Psic\u00f3loga, coordinadora del programa. Encargada de planificar, coordinar y supervisar el desarrollo de las acciones realizadas en los diferentes establecimientos, as\u00ed como de ser responsable de las acciones administrativas y financieras del proyecto ante la Universidad de Tarapac\u00e1 y JUNAEB. Adem\u00e1s colabora en la ejecuci\u00f3n de actividades, especialmente las relacionadas con acciones de promoci\u00f3n\/prevenci\u00f3n de salud mental.<\/span>\n\t\t\t\t\t\t\t\t\t<\/li>\n\t\t\t\t\t\t\t\t<li class=\"elementor-icon-list-item\">\n\t\t\t\t\t\t\t\t\t\t\t<span class=\"elementor-icon-list-icon\">\n\t\t\t\t\t\t\t<i aria-hidden=\"true\" class=\"fas fa-angle-right\"><\/i>\t\t\t\t\t\t<\/span>\n\t\t\t\t\t\t\t\t\t\t<span class=\"elementor-icon-list-text\"><b>Cristobal Rivera Guti\u00e9rrez<\/b><br\/>Psic\u00f3logo, ejecutor del programa. Encargado de la organizaci\u00f3n y ejecuci\u00f3n de actividades en cuatro establecimientos educacional (Colegio Adventista, Colegio Cardenal Ra\u00fal Silva Henr\u00edquez, Colegio Juan Pablo II  y Colegio Montessori). Organiza talleres para padres en el \u00e1rea de promoci\u00f3n.<\/span>\n\t\t\t\t\t\t\t\t\t<\/li>\n\t\t\t\t\t\t\t\t<li class=\"elementor-icon-list-item\">\n\t\t\t\t\t\t\t\t\t\t\t<span class=\"elementor-icon-list-icon\">\n\t\t\t\t\t\t\t<i aria-hidden=\"true\" class=\"fas fa-angle-right\"><\/i>\t\t\t\t\t\t<\/span>\n\t\t\t\t\t\t\t\t\t\t<span class=\"elementor-icon-list-text\"><b>Nohemi Meza Loayza<\/b><br\/>Trabajadora Social, ejecutora del programa. Encargada de generar estrategias de abordaje para casos SENAME, seguimiento de los mismos y trabajo con redes de apoyo.<\/span>\n\t\t\t\t\t\t\t\t\t<\/li>\n\t\t\t\t\t\t<\/ul>\n\t\t\t\t<\/div>\n\t\t\t\t<\/div>\n\t\t\t\t\t\t<\/div>\n\t\t\t\t\t<\/div>\n\t\t<\/div>\n\t\t\t\t<div class=\"elementor-column elementor-col-50 elementor-inner-column elementor-element elementor-element-2c040ed\" data-id=\"2c040ed\" data-element_type=\"column\" data-settings=\"{&quot;background_background&quot;:&quot;classic&quot;}\">\n\t\t\t<div class=\"elementor-column-wrap elementor-element-populated\">\n\t\t\t\t\t\t\t<div class=\"elementor-widget-wrap\">\n\t\t\t\t\t\t<div class=\"elementor-element elementor-element-73b9314 elementor-icon-list--layout-traditional elementor-list-item-link-full_width elementor-widget elementor-widget-icon-list\" data-id=\"73b9314\" data-element_type=\"widget\" data-widget_type=\"icon-list.default\">\n\t\t\t\t<div class=\"elementor-widget-container\">\n\t\t\t\t\t<ul class=\"elementor-icon-list-items\">\n\t\t\t\t\t\t\t<li class=\"elementor-icon-list-item\">\n\t\t\t\t\t\t\t\t\t\t\t<span class=\"elementor-icon-list-icon\">\n\t\t\t\t\t\t\t<i aria-hidden=\"true\" class=\"fas fa-angle-right\"><\/i>\t\t\t\t\t\t<\/span>\n\t\t\t\t\t\t\t\t\t\t<span class=\"elementor-icon-list-text\"><b>Victoria Hern\u00e1ndez Valenzuela<\/b><br\/>Psic\u00f3loga, ejecutora del programa. Encargada de la organizaci\u00f3n y ejecuci\u00f3n de actividades en cuatro establecimientos educacionales (Colegio Miramar, Colegio Chile Norte, Colegio San Juan de la Blachere y Colegio John Wall). Conjuntamente organiza actividades de aplicaci\u00f3n y digitaci\u00f3n de instrumentos, junto con la supervisi\u00f3n de los mismos.<\/span>\n\t\t\t\t\t\t\t\t\t<\/li>\n\t\t\t\t\t\t\t\t<li class=\"elementor-icon-list-item\">\n\t\t\t\t\t\t\t\t\t\t\t<span class=\"elementor-icon-list-icon\">\n\t\t\t\t\t\t\t<i aria-hidden=\"true\" class=\"fas fa-angle-right\"><\/i>\t\t\t\t\t\t<\/span>\n\t\t\t\t\t\t\t\t\t\t<span class=\"elementor-icon-list-text\"><b>Marcela Rojo Williamson<\/b><br\/>Trabajadora social, ejecutora del programa. Encargada de la organizaci\u00f3n y ejecuci\u00f3n de actividades en tres establecimientos educacionales (Colegio Saucache, Colegio TISA y Colegio El Roble). Paralelamente, integra el \u00e1rea de coordinaci\u00f3n de redes y derivaci\u00f3n \/seguimiento de casos.<\/span>\n\t\t\t\t\t\t\t\t\t<\/li>\n\t\t\t\t\t\t<\/ul>\n\t\t\t\t<\/div>\n\t\t\t\t<\/div>\n\t\t\t\t\t\t<\/div>\n\t\t\t\t\t<\/div>\n\t\t<\/div>\n\t\t\t\t\t\t\t\t<\/div>\n\t\t\t\t\t<\/div>\n\t\t<\/section>\n\t\t\t\t\t\t<\/div>\n\t\t\t\t\t<\/div>\n\t\t<\/div>\n\t\t\t\t\t\t\t\t<\/div>\n\t\t\t\t\t<\/div>\n\t\t<\/section>\n\t\t\t\t<section class=\"elementor-section elementor-top-section elementor-element elementor-element-b0fb692 elementor-section-boxed elementor-section-height-default elementor-section-height-default\" data-id=\"b0fb692\" data-element_type=\"section\" id=\"horario\" data-settings=\"{&quot;background_background&quot;:&quot;classic&quot;,&quot;background_image&quot;:{&quot;url&quot;:&quot;&quot;,&quot;id&quot;:&quot;&quot;},&quot;background_image_tablet&quot;:{&quot;url&quot;:&quot;&quot;,&quot;id&quot;:&quot;&quot;},&quot;background_image_mobile&quot;:{&quot;url&quot;:&quot;&quot;,&quot;id&quot;:&quot;&quot;}}\">\n\t\t\t\t\t\t<div class=\"elementor-container elementor-column-gap-wider\">\n\t\t\t\t\t\t\t<div class=\"elementor-row\">\n\t\t\t\t\t<div class=\"elementor-column elementor-col-100 elementor-top-column elementor-element elementor-element-eef3fde\" data-id=\"eef3fde\" data-element_type=\"column\">\n\t\t\t<div class=\"elementor-column-wrap elementor-element-populated\">\n\t\t\t\t\t\t\t<div class=\"elementor-widget-wrap\">\n\t\t\t\t\t\t<div class=\"elementor-element elementor-element-0f2d9fd elementor-widget elementor-widget-text-editor\" data-id=\"0f2d9fd\" data-element_type=\"widget\" data-widget_type=\"text-editor.default\">\n\t\t\t\t<div class=\"elementor-widget-container\">\n\t\t\t\t\t<div class=\"elementor-text-editor elementor-clearfix\"><p align=\"justify\"><span style=\"font-family: Arial, serif;\"><span style=\"font-size: small;\"><span lang=\"es-ES\">El Programa Habilidades para la vida se estructura sobre la base de seis Unidades, que se desarrollan en forma continua, progresiva y recurrente en los establecimientos educacionales. Se incorporan en cada una de ellas estrategias y actividad espec\u00edficas, que resultan complementarias y permiten el logro de los objetivos del Programa. <\/span><\/span><\/span><\/p><p align=\"justify\"><span style=\"font-family: Arial, serif;\"><span style=\"font-size: small;\"><span lang=\"es-ES\">Para el ciclo Habilidades para la Vida II, las Unidades del Programa son las siguientes:<\/span><\/span><\/span><\/p><ul><li><p align=\"justify\"><span style=\"font-family: Arial, serif;\"><span style=\"font-size: small;\"><span lang=\"es-ES\"><b>Unidad de Promoci\u00f3n:<\/b><\/span><\/span><\/span><span style=\"font-family: Arial, serif;\"><span style=\"font-size: small;\"><span lang=\"es-ES\"> Enfocada en la realizaci\u00f3n de acciones promotoras de la salud mental, del bienestar psicosocial y de una buena convivencia escolar en la comunidad educativa.<\/span><\/span><\/span><\/p><\/li><li><p align=\"justify\"><span style=\"font-family: Arial, serif;\"><span style=\"font-size: small;\"><span lang=\"es-ES\"><b>Unidad de Detecci\u00f3n:<\/b><\/span><\/span><\/span><span style=\"font-family: Arial, serif;\"><span style=\"font-size: small;\"><span lang=\"es-ES\"> Orientada a la implementaci\u00f3n de un sistema estandarizado de detecci\u00f3n de problemas psicosociales y de conductas de riesgo en estudiantes de la comunidad educativa.<\/span><\/span><\/span><\/p><\/li><li><p align=\"justify\"><span style=\"font-family: Arial, serif;\"><span style=\"font-size: small;\"><span lang=\"es-ES\"><b>Unidad de Prevenci\u00f3n:<\/b><\/span><\/span><\/span><span style=\"font-family: Arial, serif;\"><span style=\"font-size: small;\"><span lang=\"es-ES\"> Dirigida a la ejecuci\u00f3n de acciones preventivas con aquellos estudiantes que han sido identificados con riesgo de desarrollar problemas psicosociales y de salud mental de la comunidad educativa.<\/span><\/span><\/span><\/p><\/li><li><p align=\"justify\"><span style=\"font-family: Arial, serif;\"><span style=\"font-size: small;\"><span lang=\"es-ES\"><b>Unidad de Derivaci\u00f3n:<\/b><\/span><\/span><\/span><span style=\"font-family: Arial, serif;\"><span style=\"font-size: small;\"><span lang=\"es-ES\"> Enfocada en ejecutar la referencia hacia la red de salud mental local de los estudiantes detectados con mayor riesgo; y en realizar el seguimiento de la atenci\u00f3n especializada.<\/span><\/span><\/span><\/p><\/li><li><p align=\"justify\"><span style=\"font-family: Arial, serif;\"><span style=\"font-size: small;\"><span lang=\"es-ES\"><b>Unidad de Red:<\/b><\/span><\/span><\/span><span style=\"font-family: Arial, serif;\"><span style=\"font-size: small;\"><span lang=\"es-ES\"> Orientada al desarrollo permanente y seguimiento de una Red de Apoyo Local para el Programa. <\/span><\/span><\/span><\/p><\/li><li><p align=\"justify\"><span style=\"font-family: Arial, serif;\"><span style=\"font-size: small;\"><span lang=\"es-ES\"><b>Unidad de Evaluaci\u00f3n y Seguimiento:<\/b><\/span><\/span><\/span><span style=\"font-family: Arial, serif;\"><span style=\"font-size: small;\"><span lang=\"es-ES\"> Dirigida a la puesta en pr\u00e1ctica de acciones transversales que eval\u00faan y monitorean la ejecuci\u00f3n y resultados del Programa.<\/span><\/span><\/span><\/p><\/li><\/ul><\/div>\n\t\t\t\t<\/div>\n\t\t\t\t<\/div>\n\t\t\t\t\t\t<\/div>\n\t\t\t\t\t<\/div>\n\t\t<\/div>\n\t\t\t\t\t\t\t\t<\/div>\n\t\t\t\t\t<\/div>\n\t\t<\/section>\n\t\t\t\t<section class=\"elementor-section elementor-top-section elementor-element elementor-element-5f0a65f elementor-section-boxed elementor-section-height-default elementor-section-height-default\" data-id=\"5f0a65f\" data-element_type=\"section\" id=\"aranceles\" data-settings=\"{&quot;background_background&quot;:&quot;classic&quot;,&quot;background_image&quot;:{&quot;url&quot;:&quot;&quot;,&quot;id&quot;:&quot;&quot;},&quot;background_image_tablet&quot;:{&quot;url&quot;:&quot;&quot;,&quot;id&quot;:&quot;&quot;},&quot;background_image_mobile&quot;:{&quot;url&quot;:&quot;&quot;,&quot;id&quot;:&quot;&quot;}}\">\n\t\t\t\t\t\t\t<div class=\"elementor-background-overlay\"><\/div>\n\t\t\t\t\t\t\t<div class=\"elementor-container elementor-column-gap-default\">\n\t\t\t\t\t\t\t<div class=\"elementor-row\">\n\t\t\t\t\t<div class=\"elementor-column elementor-col-100 elementor-top-column elementor-element elementor-element-35d5ada\" data-id=\"35d5ada\" data-element_type=\"column\">\n\t\t\t<div class=\"elementor-column-wrap elementor-element-populated\">\n\t\t\t\t\t\t\t<div class=\"elementor-widget-wrap\">\n\t\t\t\t\t\t<div class=\"elementor-element elementor-element-d60b620 elementor-widget elementor-widget-heading\" data-id=\"d60b620\" data-element_type=\"widget\" data-widget_type=\"heading.default\">\n\t\t\t\t<div class=\"elementor-widget-container\">\n\t\t\t<h2 class=\"elementor-heading-title elementor-size-default\">LOGROS 2019<\/h2>\t\t<\/div>\n\t\t\t\t<\/div>\n\t\t\t\t<div class=\"elementor-element elementor-element-07168a7 elementor-widget elementor-widget-text-editor\" data-id=\"07168a7\" data-element_type=\"widget\" data-widget_type=\"text-editor.default\">\n\t\t\t\t<div class=\"elementor-widget-container\">\n\t\t\t\t\t<div class=\"elementor-text-editor elementor-clearfix\"><p align=\"justify\"><span style=\"font-family: Arial, serif;\"><span style=\"font-size: small;\">&#8211; El programa HPV II ha validado su participaci\u00f3n en los diferentes establecimientos educacionales en los que est\u00e1 inserto, posicion\u00e1ndose en la mayor\u00eda de los colegios y siendo parte de la planificaci\u00f3n de actividades anuales de los mismos, sobre todo, a partir del \u00e1rea de promoci\u00f3n con padres\/apoderados y estudiantes, dando cuenta que en estos \u00faltimos se pueden generar estrategias de trabajo en convivencia positiva en aula. <\/span><\/span><\/p><p align=\"justify\"><span style=\"font-family: Arial, serif;\"><span style=\"font-size: small;\">&#8211; Se percibe cohesi\u00f3n dentro del equipo de trabajo, existiendo constante retroalimentaci\u00f3n y apoyo en el proceso de planificaci\u00f3n y ejecuci\u00f3n de las actividades.<\/span><\/span><\/p><p align=\"justify\"><span style=\"font-family: Arial, serif;\"><span style=\"font-size: small;\">&#8211; En algunos establecimientos educacionales se logr\u00f3 un avance respecto al trabajo de autocuidado con el EGE, dando espacios que antes no se ten\u00edan presentes para el HPV II. <\/span><\/span><\/p><p align=\"justify\"><span style=\"font-family: Arial, serif;\"><span style=\"font-size: small;\">&#8211; Se puede observar un gran inter\u00e9s por parte de los estudiantes y profesores jefe de 5\u00ba a 8\u00ba, para\/con los talleres de promoci\u00f3n de convivencia positiva, lo que se evidencia en la alta participaci\u00f3n en los mismos y petici\u00f3n de m\u00e1s talleres por parte del equipo HPV II. <\/span><\/span><\/p><p align=\"justify\"><span style=\"font-family: Arial, serif;\"><span style=\"font-size: small;\">&#8211; La metodolog\u00eda de trabajo de acompa\u00f1amiento para trabajo en aula con docentes, ha producido que los mismos se sientan m\u00e1s a gusto con el trabajo realizado en dichos espacios, valor\u00e1ndolos como una instancia de intercambio de estrategias, fortalecimiento de competencias y generaci\u00f3n de pautas de acci\u00f3n, pese a los tiempos limitados. <\/span><\/span><\/p><p align=\"justify\"><span style=\"font-family: Arial, serif;\"><span style=\"font-size: small;\">&#8211; En el \u00e1rea de prevenci\u00f3n, el equipo HPV II, ha sido capaz de flexibilizar en torno a las tem\u00e1ticas que se trabajaron en los talleres preventivos, acomod\u00e1ndolas de acuerdo a las necesidades del grupo. <\/span><\/span><\/p><p align=\"justify\"><span style=\"font-family: Arial, serif;\"><span style=\"font-size: small;\">&#8211; En el \u00e1rea de red local y difusi\u00f3n, existe la consolidaci\u00f3n de las alianzas de trabajo que se han realizado con las redes de salud, como lo son las Comisiones Mixtas de Salud y Educaci\u00f3n (COMSE), en las que durante el presente a\u00f1o se han ejecutado presentaciones de diferentes tem\u00e1ticas de acuerdo a las redes que participan en la COMSE, a partir de lo mencionado, dichas comisiones de trabajo se han tornado m\u00e1s participativas y se ve un mayor compromiso con la instancia. Por otra parte, es importante destacar que se ha logrado potenciar las actividades del HPV a trav\u00e9s de la participaci\u00f3n en ferias comunitarias de los establecimientos educacionales adheridos al programa.<\/span><\/span><\/p><p align=\"justify\"><span style=\"font-family: Arial, serif;\"><span style=\"font-size: small;\">&#8211; La encuesta de convivencia escolar fue un instrumento relevante, en tanto que permiti\u00f3 generar insumos para el trabajo en las diversas \u00e1reas de promoci\u00f3n del programa. De igual forma, las acciones basadas en evidencia motivan a los establecimientos educacionales a generar espacios que fomenten la salud mental y validen al programa como un agente de apoyo en esta \u00e1rea.<\/span><\/span><\/p><\/div>\n\t\t\t\t<\/div>\n\t\t\t\t<\/div>\n\t\t\t\t<div class=\"elementor-element elementor-element-58cb3dc elementor-widget elementor-widget-heading\" data-id=\"58cb3dc\" data-element_type=\"widget\" data-widget_type=\"heading.default\">\n\t\t\t\t<div class=\"elementor-widget-container\">\n\t\t\t<h2 class=\"elementor-heading-title elementor-size-default\">LOGROS 2020<\/h2>\t\t<\/div>\n\t\t\t\t<\/div>\n\t\t\t\t<div class=\"elementor-element elementor-element-bce0fc4 elementor-widget elementor-widget-text-editor\" data-id=\"bce0fc4\" data-element_type=\"widget\" data-widget_type=\"text-editor.default\">\n\t\t\t\t<div class=\"elementor-widget-container\">\n\t\t\t\t\t<div class=\"elementor-text-editor elementor-clearfix\"><table width=\"100%\" cellspacing=\"0\" cellpadding=\"2\">\n<tbody>\n<tr>\n<td style=\"background: #333;\" bgcolor=\"#333\" width=\"17%\">\n<p align=\"center\"><span style=\"font-family: Calibri, serif;\"><span style=\"font-size: xx-small;\"><span lang=\"es-ES\"><b>UNIDAD<\/b><\/span><\/span><\/span><\/p>\n<\/td>\n<td style=\"background: #333;\" bgcolor=\"#333\" width=\"41%\">\n<p align=\"center\"><span style=\"font-family: Calibri, serif;\"><span style=\"font-size: xx-small;\"><span lang=\"es-ES\"><b>LOGROS O RESULTADOS ANUALES PROGRAMADOS 2020<\/b><\/span><\/span><\/span><\/p>\n<\/td>\n<td style=\"background: #333;\" bgcolor=\"#333\" width=\"41%\">\n<p align=\"center\"><span style=\"font-family: Calibri, serif;\"><span style=\"font-size: xx-small;\"><span lang=\"es-ES\"><b>LOGROS O RESULTADOS ALCANZADOS A LA FECHA<\/b><\/span><\/span><\/span><\/p>\n<\/td>\n<\/tr>\n<tr>\n<td width=\"17%\" height=\"11\">\n<ol>\n \t<li><span style=\"font-family: Lato, serif;\"><span style=\"font-size: xx-small;\"><span lang=\"es-ES\">PROMOCI\u00d3N <\/span><\/span><\/span><\/li>\n<\/ol>\n<\/td>\n<td width=\"41%\">\n<p align=\"justify\"><span style=\"font-family: Calibri, serif;\"><span style=\"font-size: small;\"><span lang=\"es-ES\">-Promoci\u00f3n convivencia entre pares: se espera realizar la entrega de material promocional de frecuencia quincenal desde el mes de inicio de actividades en modalidad remota establecido por el equipo ejecutor en conjunto con el establecimiento, alcanzando un est\u00e1ndar m\u00ednimo de una publicaci\u00f3n quincenal con 16 sesiones programadas. <\/span><\/span><\/span><\/p>\n<p align=\"justify\"><span style=\"font-family: Calibri, serif;\"><span style=\"font-size: small;\"><span lang=\"es-ES\">-Autocuidado bienestar profesor\/equipos de gesti\u00f3n: Se espera realizar un taller mensual con los equipos docentes y de gesti\u00f3n desde el inicio de la modalidad remota de actividades. Contando con 8 talleres para docentes y 8 talleres para equipo EGE.<\/span><\/span><\/span><\/p>\n<p align=\"justify\"><span style=\"font-family: Calibri, serif;\"><span style=\"font-size: small;\"><span lang=\"es-ES\">-Acompa\u00f1amiento profesor para trabajo en aula (modalidad virtual) y reuni\u00f3n de apoderados (modalidad virtual): Se esperaba realizar una reuni\u00f3n virtual mensual con los profesores jefes con el fin de entregar y socializar material de acuerdo a las necesidades docentes y de comunidad escolar. Se programa un total de 8 sesiones programadas. Por otro lado, se debe tener al menos un contacto individual mensual con los profesores jefes.<\/span><\/span><\/span><\/p>\n<\/td>\n<td width=\"41%\">\n<p align=\"justify\"><span style=\"font-family: Calibri, serif;\"><span style=\"font-size: small;\">-Se cumple con un total de 19<\/span><\/span><span style=\"font-family: Calibri, serif;\"><span style=\"font-size: small;\"><span lang=\"es-ES\"> sesiones de entrega de material de promoci\u00f3n de convivencia entre pares hasta<\/span><\/span><\/span><span style=\"font-family: Calibri, serif;\"><span style=\"font-size: small;\"> la fecha, contando con un 100<\/span><\/span><span style=\"font-family: Calibri, serif;\"><span style=\"font-size: small;\"><span lang=\"es-ES\">% de las sesiones programadas. Se cumple <\/span><\/span><\/span><span style=\"font-family: Calibri, serif;\"><span style=\"font-size: small;\">con el objetivo dado que el <\/span><\/span><span style=\"font-family: Calibri, serif;\"><span style=\"font-size: small;\"><span lang=\"es-ES\">material y la forma en la que este es difundido por los establecimientos escolares para sus comunidades de alumnos y apoderados<\/span><\/span><\/span><span style=\"font-family: Calibri, serif;\"><span style=\"font-size: small;\"> contin\u00faa siendo de utilidad<\/span><\/span><span style=\"font-family: Calibri, serif;\"><span style=\"font-size: small;\"><span lang=\"es-ES\">. Se Percibe como logro la recepci\u00f3n efectiva y el uso del material entregado a los equipos docentes y directivos de los establecimientos en sus p\u00e1ginas web y durante distintas instancias (reuniones de equipo, instancias de contacto con apoderados, horarios correspondientes a jefatura de curso donde se pueda abordar tem\u00e1ticas referentes a promoci\u00f3n de convivencia entre pares, entre otras)<\/span><\/span><\/span><\/p>\n<p align=\"justify\"><span style=\"font-family: Calibri, serif;\"><span style=\"font-size: small;\"><span lang=\"es-ES\">-Dentro de los aut<\/span><\/span><\/span><span style=\"font-family: Calibri, serif;\"><span style=\"font-size: small;\">ocuidados se ha completado un 76<\/span><\/span><span style=\"font-family: Calibri, serif;\"><span style=\"font-size: small;\"><span lang=\"es-ES\">% de las sesiones propuestas <\/span><\/span><\/span><span style=\"font-family: Calibri, serif;\"><span style=\"font-size: small;\">con docentes <\/span><\/span><span style=\"font-family: Calibri, serif;\"><span style=\"font-size: small;\"><span lang=\"es-ES\">en el cronograma del equipo ejecutor<\/span><\/span><\/span><span style=\"font-family: Calibri, serif;\"><span style=\"font-size: small;\"> y un 40% de las sesiones por reuni\u00f3n virtual con EGE siendo el resto de estas ejecutadas a trav\u00e9s de c\u00e1psulas promocionales. L<\/span><\/span><span style=\"font-family: Calibri, serif;\"><span style=\"font-size: small;\"><span lang=\"es-ES\">a recepci\u00f3n de los establecimientos ha sido positiva ante el impacto psicosocial del programa en los equipos docentes y directivos, brindando espacios de contenci\u00f3n y promoci\u00f3n de salud mental. Procurando la continuidad ininterrumpida de los talleres durante el semestre. La realizaci\u00f3n de talleres de autocuidado mediante la modalidad remota utilizando plataformas electr\u00f3nicas como Zoom o Meet ha permitido mantener la adherencia y disponibilidad positiva por parte de los establecimientos hacia el programa (tanto de parte de equipos docentes como EGE). Dentro de los logros destacables en el presente proceso se encuentra la aplicaci\u00f3n de los aprendizajes generados durante las instancias de taller en otros contextos de teletrabajo y convivencia remota para los equipos, donde pueden realizar gestiones de apoyo y contenci\u00f3n emocional citando las tem\u00e1ticas y momentos compartidos durante las sesiones. <\/span><\/span><\/span><\/p>\n<p align=\"justify\"><span style=\"font-family: Calibri, serif;\"><span style=\"font-size: small;\"><span lang=\"es-ES\">-Dentro de las sesiones de acompa\u00f1amiento a profesores para trabajo en aula y reuniones de<\/span><\/span><\/span><span style=\"font-family: Calibri, serif;\"><span style=\"font-size: small;\"> apoderado no se ha alcanzado la totalidad <\/span><\/span><span style=\"font-family: Calibri, serif;\"><span style=\"font-size: small;\"><span lang=\"es-ES\">de las intervenciones propuestas en esta \u00e1rea, ya que fue muy dif\u00edcil que los colegios otorgaran dos espacios para el trabajo con docentes (autocuidado y acompa\u00f1amiento), as\u00ed como tambi\u00e9n que entregaran el contacto de profesores y profesoras. Sin embargo, se considera un alcance positivo cualitativamente, dado la recepci\u00f3n positiva del equipo docente y comunidad de apoderados en los establecimientos educacionales ante el material y c\u00e1psulas informativas, que fue la manera de subsanar la falta de reuniones virtuales mensuales. Dentro del proceso abarcado hasta el momento se refiere el agradecimiento de parte de profesores jefes hacia el equipo ejecutor, ya que el material socializado con los equipos docentes permite generar puentes informativos entre profesores y apoderados que solicitan apoyo y asesor\u00eda sobre tem\u00e1ticas de alta demanda psicosocial para las comunidades escolares.<\/span><\/span><\/span><\/p>\n<\/td>\n<\/tr>\n<tr>\n<td width=\"17%\" height=\"11\">\n<ol start=\"2\">\n \t<li><span style=\"font-family: Lato, serif;\"><span style=\"font-size: xx-small;\"><span lang=\"es-ES\">DETECCI\u00d3N: 6\u00ba EB &#8211; 8\u00ba EB<\/span><\/span><\/span><\/li>\n<\/ol>\n<\/td>\n<td width=\"41%\"><span style=\"font-family: Calibri, serif;\"><span style=\"font-size: small;\"><span lang=\"es-ES\">Se esperaba que el 60% de los estudiantes respondieran el cuestionario PSC-Y. <\/span><\/span><\/span><\/td>\n<td width=\"41%\">\n<p align=\"justify\"><span style=\"font-family: Calibri, serif;\"><span style=\"font-size: small;\"><span lang=\"es-ES\">-El 78% de los estudiantes de 6to b\u00e1sico han respondido el cuestionario, cumpliendo con el m\u00ednimo requerido. <\/span><\/span><\/span><\/p>\n<p align=\"justify\"><span style=\"font-family: Calibri, serif;\"><span style=\"font-size: small;\"><span lang=\"es-ES\">-El 79,7% de los estudiantes de 8vo b\u00e1sico han respondido el cuestionario, cumpliendo con el m\u00ednimo requerido.<\/span><\/span><\/span><\/p>\n<\/td>\n<\/tr>\n<tr>\n<td width=\"17%\" height=\"11\">\n<ol start=\"3\">\n \t<li><span style=\"font-family: Lato, serif;\"><span style=\"font-size: xx-small;\"><span lang=\"es-ES\">PREVENCI\u00d3N <\/span><\/span><\/span><\/li>\n<\/ol>\n<\/td>\n<td width=\"41%\">\n<p align=\"justify\"><span style=\"font-family: Calibri, serif;\"><span style=\"font-size: small;\"><span lang=\"es-ES\">Se espera realizar intervenci\u00f3n de talleres preventivos con los grupos de estudiantes detectados durante el a\u00f1o pasado. Se espera llevar a cabo un m\u00ednimo de cuatro sesiones con estudiantes por modalidad virtual, 2 llamadas de contacto e informaci\u00f3n con apoderados de alumnos TP, 3 llamadas con profesores jefes de estudiantes para informar sobre avances del proceso de taller y 2 llamadas con equipo EGE con prop\u00f3sito informativo.<\/span><\/span><\/span><\/p>\n<\/td>\n<td width=\"41%\">\n<p lang=\"es-ES\" align=\"justify\">\n\n<\/p>\n<p align=\"justify\"><span style=\"font-family: Calibri, serif;\"><span style=\"font-size: small;\">&#8211; Se realiza intervenci\u00f3n con 21 de los 36 estudiantes que salieron con perfil para taller preventivo, ya que con los otros no se logra establecer contacto o no quieren participar del proceso de taller preventivo, de los 21 estudiantes que dicen que si quieren participar del taller, se logra hacer seguimiento con el 100%, as\u00ed como con sus padres, madres y apoderados y tambi\u00e9n con los y las docentes. Cabe mencionar que como fortalecimiento del proceso de talleres se decidi\u00f3, por parte del equipo ejecutor, realizar sesiones adicionales a las programadas por los t\u00e9rminos de referencia, con el fin de estrechar lazos de seguridad y reforzar las habilidades de desarrollo personal de los participantes en profundidad.<\/span><\/span><\/p>\n<p align=\"justify\"><span style=\"font-family: Calibri, serif;\"><span style=\"font-size: small;\"><span lang=\"es-ES\">-Dentro de los logros observables en el \u00e1rea de prevenci\u00f3n, se encuentra la posibilidad<\/span><\/span><\/span><span style=\"font-family: Calibri, serif;\"><span style=\"font-size: small;\"> de percibir el vivenciar <\/span><\/span><span style=\"font-family: Calibri, serif;\"><span style=\"font-size: small;\"><span lang=\"es-ES\">de los distintos grupos de alumnos cuyos perfiles requieren intervenci\u00f3n acorde a los t\u00e9rminos de referencia<\/span><\/span><\/span><span style=\"font-family: Calibri, serif;\"><span style=\"font-size: small;\"> dentro del trabajo preventivo, como tambi\u00e9n el acompa\u00f1amiento de los participantes en todas las dificultades y momentos gratos que se dieran durante la pandemia y periodo de cuarentena vivenciado durante el ciclo de su ejecuci\u00f3n.<\/span><\/span><\/p>\n<p align=\"justify\"><span style=\"font-family: Calibri, serif;\"><span style=\"font-size: small;\">-El proceso de taller preventivo funcion\u00f3 como un espacio de reinvenci\u00f3n y cuidado de la salud biopsicosocial. <\/span><\/span><span style=\"font-family: Calibri, serif;\"><span style=\"font-size: small;\"><span lang=\"es-ES\">La recepci\u00f3n de los profesores jefe, equipos EGE y apoderados de los estudiantes facilita el contacto con los mismos y a largo plazo la \u00f3ptima realizaci\u00f3n de las sesiones de taller. Se obtiene constante retroalimentaci\u00f3n por parte de los y las j\u00f3venes en cada sesi\u00f3n, adem\u00e1s de comunicaci\u00f3n constante con los apoderados.<\/span><\/span><\/span><\/p>\n<\/td>\n<\/tr>\n<tr>\n<td style=\"background: transparent;\" width=\"17%\" height=\"11\">\n<ol start=\"4\">\n \t<li><span style=\"font-family: Lato, serif;\"><span style=\"font-size: xx-small;\"><span lang=\"es-ES\">DERIVACI\u00d3N ATENCI\u00d3N<\/span><\/span><\/span><\/li>\n<\/ol>\n<\/td>\n<td style=\"background: transparent;\" width=\"41%\">\n<p align=\"justify\"><span style=\"font-size: small;\">A la fecha se la logrado contactar al, derivando a un caso debido que el resto refiere no necesitar la derivaci\u00f3n. Se espera tomar contacto con el 90% de los apoderados<\/span><\/p>\n<\/td>\n<td style=\"background: transparent;\" width=\"41%\">\n<p align=\"justify\"><span style=\"font-size: small;\">No ha sido posible contactar al 100% de los casos. <\/span><\/p>\n<p align=\"justify\"><span style=\"font-size: small;\">A la fecha se ha tomado contacto con un porcentaje menor debido que muchos n\u00fameros de contacto aparecen apagados o inexistentes. Adem\u00e1s no se ha podido acceder a todos los contactos a trav\u00e9s de los establecimientos educacionales. <\/span><\/p>\n<\/td>\n<\/tr>\n<tr>\n<td width=\"17%\" height=\"11\">\n<ol start=\"5\">\n \t<li><span style=\"font-family: Lato, serif;\"><span style=\"font-size: xx-small;\"><span lang=\"es-ES\">DESARROLLO RED LOCAL <\/span><\/span><\/span><\/li>\n<\/ol>\n<\/td>\n<td width=\"41%\">\n<p align=\"justify\"><span style=\"font-size: small;\">&#8211; Una entrevista mensual cada tres meses para aplicar el diagn\u00f3stico situacional en los establecimientos educacionales. <\/span><\/p>\n<p align=\"justify\"><span style=\"font-family: Calibri, serif;\"><span style=\"font-size: small;\">&#8211; Reuniones EGE: Se espera tener dos reuniones mensuales, de manera quincenal. <\/span><\/span><\/p>\n<p align=\"justify\"><span style=\"font-family: Calibri, serif;\"><span style=\"font-size: small;\">&#8211; Reuniones con Equipos de convivencia: Se espera tener dos reuniones mensuales, una cada quince d\u00edas. <\/span><\/span><\/p>\n<p lang=\"es-ES\" align=\"justify\">\n\n<\/p>\n<\/td>\n<td width=\"41%\">\n<p align=\"justify\"><span style=\"font-size: small;\">En cuanto al \u00e1rea de red local, se logr\u00f3 aplicar un 100% de diagn\u00f3stico situacional, que corresponde a la totalidad de Colegios adheridos al Programa HPV, por lo cual, se mantuvo una comunicaci\u00f3n constante, que permiti\u00f3 mantener de forma actualizada la informaci\u00f3n y escenarios de cada establecimiento educacional. Sin embargo, en el proceso se presentaron dificultades para concretar fechas de reuniones, debido a la carga laboral que sostuvo la comunidad educativa por el contexto de pandemia.<\/span><\/p>\n<p align=\"justify\"><span style=\"font-family: Calibri, serif;\"><span style=\"font-size: small;\">&#8211; Reuniones EGE: Se ha dado cumplimiento a la coordinaci\u00f3n de reuniones peri\u00f3dicas (quincenales), con los equipos o parte de los equipos de gesti\u00f3n de los colegios insertos en el programa.<\/span><\/span><\/p>\n<p align=\"justify\"><span style=\"font-family: Calibri, serif;\"><span style=\"font-size: small;\">&#8211; Reuniones con Equipos de convivencia: Se ha dado cumplimiento a la coordinaci\u00f3n de reuniones<\/span><\/span><\/p>\n<p align=\"justify\"><span style=\"font-size: small;\">-Se reanuda y mantiene contacto constante con el \u00e1rea de salud correspondiente a los tres CESFAM del radio urbano. <\/span><\/p>\n<p align=\"justify\"><span style=\"font-size: small;\">-Se logra impulsar y mantener activas las redes sociales del Programa HPV.<\/span><\/p>\n<p align=\"justify\"><span style=\"font-size: small;\">-Se generan instancias de difusi\u00f3n y comunicaci\u00f3n en espacios radiales y transmisiones en vivo por plataformas virtuales como Facebook e Instagram. <\/span><\/p>\n<\/td>\n<\/tr>\n<tr>\n<td width=\"17%\" height=\"10\">\n<ol start=\"6\">\n \t<li><span style=\"font-family: Lato, serif;\"><span style=\"font-size: xx-small;\"><span lang=\"es-ES\">EVALUACI\u00d3N<\/span><\/span><\/span><\/li>\n<\/ol>\n<\/td>\n<td width=\"41%\">\n<p align=\"justify\"><span style=\"font-family: Calibri, serif;\"><span style=\"font-size: small;\"><span lang=\"es-ES\">-Reprogramaci\u00f3n de acciones: se esperaba enviarla dentro de los plazos estipulados por JUNAEB.<\/span><\/span><\/span><\/p>\n<p align=\"justify\"><span style=\"font-family: Calibri, serif;\"><span style=\"font-size: small;\"><span lang=\"es-ES\">&#8211; Registro y sistematizaci\u00f3n: se han utilizado formatos indicados por JUNAEB y se ha ingresado la informaci\u00f3n cuantitativa en plataforma. El equipo cuenta adem\u00e1s con medios propios de verificaci\u00f3n.<\/span><\/span><\/span><\/p>\n<p align=\"justify\"><span style=\"font-family: Calibri, serif;\"><span style=\"font-size: small;\"><span lang=\"es-ES\">&#8211; Reuniones de equipo: se estipula 1 semanal o quincenal.<\/span><\/span><\/span><\/p>\n<p align=\"justify\"><span style=\"font-family: Calibri, serif;\"><span style=\"font-size: small;\"><span lang=\"es-ES\">&#8211; Autocuidado de Equipo Ejecutor: 1 autocuidado durante el periodo especial.<\/span><\/span><\/span><\/p>\n<\/td>\n<td width=\"41%\">\n<p align=\"justify\"><span style=\"font-family: Calibri, serif;\"><span style=\"font-size: small;\"><span lang=\"es-ES\">Existe un nivel de logro del 100%. Por otro lado, los formatos de registros, permiten llevar un control de las acciones generadas y revisar constantemente el cumplimiento de objetivos. El cronograma de acciones se ha cumplido de manera medianamente adecuada, acorde a los tiempos y actividades que propician los establecimientos educacionales, utiliz\u00e1ndose como pauta de retroalimentaci\u00f3n en las reuniones con los actores claves.<\/span><\/span><\/span><\/p>\n<p align=\"justify\"><span style=\"font-family: Calibri, serif;\"><span style=\"font-size: small;\"><span lang=\"es-ES\">El autocuidado programado para el equipo ejecutor se ejecut\u00f3 de manera adecuada y se realizan de una a dos reuniones de equipo de manera semanal. <\/span><\/span><\/span><\/p>\n<\/td>\n<\/tr>\n<\/tbody>\n<\/table>\n<p align=\"justify\">\n\n<\/p><\/div>\n\t\t\t\t<\/div>\n\t\t\t\t<\/div>\n\t\t\t\t\t\t<\/div>\n\t\t\t\t\t<\/div>\n\t\t<\/div>\n\t\t\t\t\t\t\t\t<\/div>\n\t\t\t\t\t<\/div>\n\t\t<\/section>\n\t\t\t\t<section class=\"elementor-section elementor-top-section elementor-element elementor-element-caa2d25 elementor-section-boxed elementor-section-height-default elementor-section-height-default\" data-id=\"caa2d25\" data-element_type=\"section\" id=\"atencion\" data-settings=\"{&quot;background_background&quot;:&quot;classic&quot;,&quot;background_image&quot;:{&quot;url&quot;:&quot;&quot;,&quot;id&quot;:&quot;&quot;},&quot;background_image_tablet&quot;:{&quot;url&quot;:&quot;&quot;,&quot;id&quot;:&quot;&quot;},&quot;background_image_mobile&quot;:{&quot;url&quot;:&quot;&quot;,&quot;id&quot;:&quot;&quot;}}\">\n\t\t\t\t\t\t<div class=\"elementor-container elementor-column-gap-wider\">\n\t\t\t\t\t\t\t<div class=\"elementor-row\">\n\t\t\t\t\t<div class=\"elementor-column elementor-col-100 elementor-top-column elementor-element elementor-element-cd46289\" data-id=\"cd46289\" data-element_type=\"column\">\n\t\t\t<div class=\"elementor-column-wrap elementor-element-populated\">\n\t\t\t\t\t\t\t<div class=\"elementor-widget-wrap\">\n\t\t\t\t\t\t<div class=\"elementor-element elementor-element-f58b965 elementor-widget elementor-widget-text-editor\" data-id=\"f58b965\" data-element_type=\"widget\" data-widget_type=\"text-editor.default\">\n\t\t\t\t<div class=\"elementor-widget-container\">\n\t\t\t\t\t<div class=\"elementor-text-editor elementor-clearfix\"><p align=\"justify\"><span style=\"font-family: Arial, serif;\"><span style=\"font-size: small;\">Para formar parte del Programa u obtener mayor informaci\u00f3n, contactarse con la Coordinadora Regional HPV JUNAEB<\/span><\/span><\/p><p align=\"justify\"><span style=\"font-family: Arial, serif;\"><span style=\"font-size: small;\">Srta. Michelle Ibergaray P\u00e9rez<\/span><\/span><\/p><p align=\"justify\"><span style=\"font-family: Arial, serif;\"><span style=\"font-size: small;\">Correo: <\/span><\/span><span style=\"color: #0563c1;\"><u><a href=\"mailto:Michelle.ibergaray@junaeb.cl\"><span style=\"font-family: Arial, serif;\"><span style=\"font-size: small;\">Michelle.ibergaray@junaeb.cl<\/span><\/span><\/a><\/u><\/span><span style=\"font-family: Arial, serif;\"><span style=\"font-size: small;\"> ; <\/span><\/span><span style=\"color: #0563c1;\"><u><a href=\"mailto:oficinapartes.aricayparinacota@junaeb.cl\"><span style=\"font-family: Arial, serif;\"><span style=\"font-size: small;\">oficinapartes.aricayparinacota@junaeb.cl<\/span><\/span><\/a><\/u><\/span><\/p><p align=\"justify\"><br \/><br \/><\/p><\/div>\n\t\t\t\t<\/div>\n\t\t\t\t<\/div>\n\t\t\t\t\t\t<\/div>\n\t\t\t\t\t<\/div>\n\t\t<\/div>\n\t\t\t\t\t\t\t\t<\/div>\n\t\t\t\t\t<\/div>\n\t\t<\/section>\n\t\t\t\t<section class=\"elementor-section elementor-top-section elementor-element elementor-element-31212ab elementor-section-boxed elementor-section-height-default elementor-section-height-default\" data-id=\"31212ab\" data-element_type=\"section\">\n\t\t\t\t\t\t<div class=\"elementor-container elementor-column-gap-default\">\n\t\t\t\t\t\t\t<div class=\"elementor-row\">\n\t\t\t\t\t<div class=\"elementor-column elementor-col-100 elementor-top-column elementor-element elementor-element-466b674\" data-id=\"466b674\" data-element_type=\"column\">\n\t\t\t<div class=\"elementor-column-wrap elementor-element-populated\">\n\t\t\t\t\t\t\t<div class=\"elementor-widget-wrap\">\n\t\t\t\t\t\t<div class=\"elementor-element elementor-element-c6a47a7 elementor-widget elementor-widget-text-editor\" data-id=\"c6a47a7\" data-element_type=\"widget\" data-widget_type=\"text-editor.default\">\n\t\t\t\t<div class=\"elementor-widget-container\">\n\t\t\t\t\t<div class=\"elementor-text-editor elementor-clearfix\"><p>\u00a0<\/p><p>\u00a0<\/p><p>\u00a0<\/p><p>\u00a0<\/p><\/div>\n\t\t\t\t<\/div>\n\t\t\t\t<\/div>\n\t\t\t\t\t\t<\/div>\n\t\t\t\t\t<\/div>\n\t\t<\/div>\n\t\t\t\t\t\t\t\t<\/div>\n\t\t\t\t\t<\/div>\n\t\t<\/section>\n\t\t\t\t\t\t<\/div>\n\t\t\t\t\t\t<\/div>\n\t\t\t\t\t<\/div>\n\t\t","protected":false},"excerpt":{"rendered":"<p>ProgramaHabilidades para la Vida II (HPV2) . El Programa Habilidades para la Vida II, est\u00e1 destinado a estudiantes de 5\u00b0 a 8\u00b0 a\u00f1o de Educaci\u00f3n B\u00e1sica, cuyo objetivo general es: \u201cFavorecer el logro de una buena convivencia escolar y bienestar psicosocial en los y las estudiantes de 5\u00ba a 8\u00ba a\u00f1o b\u00e1sico, mediante un programa [&hellip;]<\/p>\n","protected":false},"author":1,"featured_media":0,"parent":0,"menu_order":0,"comment_status":"closed","ping_status":"closed","template":"elementor_header_footer","meta":[],"_links":{"self":[{"href":"https:\/\/www.uta.cl\/index.php\/wp-json\/wp\/v2\/pages\/30817"}],"collection":[{"href":"https:\/\/www.uta.cl\/index.php\/wp-json\/wp\/v2\/pages"}],"about":[{"href":"https:\/\/www.uta.cl\/index.php\/wp-json\/wp\/v2\/types\/page"}],"author":[{"embeddable":true,"href":"https:\/\/www.uta.cl\/index.php\/wp-json\/wp\/v2\/users\/1"}],"replies":[{"embeddable":true,"href":"https:\/\/www.uta.cl\/index.php\/wp-json\/wp\/v2\/comments?post=30817"}],"version-history":[{"count":4,"href":"https:\/\/www.uta.cl\/index.php\/wp-json\/wp\/v2\/pages\/30817\/revisions"}],"predecessor-version":[{"id":30822,"href":"https:\/\/www.uta.cl\/index.php\/wp-json\/wp\/v2\/pages\/30817\/revisions\/30822"}],"wp:attachment":[{"href":"https:\/\/www.uta.cl\/index.php\/wp-json\/wp\/v2\/media?parent=30817"}],"curies":[{"name":"wp","href":"https:\/\/api.w.org\/{rel}","templated":true}]}}